{"id":27485,"date":"2026-06-26T19:14:07","date_gmt":"2026-06-26T17:14:07","guid":{"rendered":"https:\/\/caravanrepair.eu\/caravan-camper-schade-emmen\/"},"modified":"2026-06-29T14:34:48","modified_gmt":"2026-06-29T12:34:48","slug":"caravana-camper-danos-emmen","status":"publish","type":"page","link":"https:\/\/caravanrepair.eu\/es\/caravan-camper-schade-emmen\/","title":{"rendered":"Evaluaci\u00f3n de da\u00f1os en caravanas y autocaravanas en la zona de Emmen"},"content":{"rendered":"<div data-elementor-type=\"wp-page\" data-elementor-id=\"27485\" class=\"elementor elementor-27485 elementor-bc-flex-widget\" data-elementor-post-type=\"page\">\n\t\t\t\t<div class=\"elementor-element elementor-element-6df53e23 e-flex e-con-boxed e-con e-parent\" data-id=\"6df53e23\" data-element_type=\"container\" data-e-type=\"container\" data-settings=\"{&quot;background_background&quot;:&quot;classic&quot;,&quot;shape_divider_bottom&quot;:&quot;waves&quot;}\">\n\t\t\t\t\t<div class=\"e-con-inner\">\n\t\t\t\t<div class=\"elementor-shape elementor-shape-bottom\" aria-hidden=\"true\" data-negative=\"false\">\n\t\t\t<svg xmlns=\"http:\/\/www.w3.org\/2000\/svg\" viewbox=\"0 0 1000 100\" preserveaspectratio=\"none\">\n\t<path class=\"elementor-shape-fill\" d=\"M421.9,6.5c22.6-2.5,51.5,0.4,75.5,5.3c23.6,4.9,70.9,23.5,100.5,35.7c75.8,32.2,133.7,44.5,192.6,49.7\tc23.6,2.1,48.7,3.5,103.4-2.5c54.7-6,106.2-25.6,106.2-25.6V0H0v30.3c0,0,72,32.6,158.4,30.5c39.2-0.7,92.8-6.7,134-22.4\tc21.2-8.1,52.2-18.2,79.7-24.2C399.3,7.9,411.6,7.5,421.9,6.5z\"\/>\n<\/svg>\t\t<\/div>\n\t\t<div class=\"elementor-element elementor-element-50b6d74e e-con-full e-flex e-con e-child\" data-id=\"50b6d74e\" data-element_type=\"container\" data-e-type=\"container\">\n\t\t\t\t<div class=\"elementor-element elementor-element-72bd201d elementor-widget__width-auto backdrop-blur elementor-icon-list--layout-traditional elementor-list-item-link-full_width elementor-widget elementor-widget-icon-list\" data-id=\"72bd201d\" data-element_type=\"widget\" data-e-type=\"widget\" data-widget_type=\"icon-list.default\">\n\t\t\t\t<div class=\"elementor-widget-container\">\n\t\t\t\t\t\t\t<ul class=\"elementor-icon-list-items\">\n\t\t\t\t\t\t\t<li class=\"elementor-icon-list-item\">\n\t\t\t\t\t\t\t\t\t\t\t<span class=\"elementor-icon-list-icon\">\n\t\t\t\t\t\t\t<svg aria-hidden=\"true\" class=\"e-font-icon-svg e-fas-check-circle\" viewbox=\"0 0 512 512\" xmlns=\"http:\/\/www.w3.org\/2000\/svg\"><path d=\"M504 256c0 136.967-111.033 248-248 248S8 392.967 8 256 119.033 8 256 8s248 111.033 248 248zM227.314 387.314l184-184c6.248-6.248 6.248-16.379 0-22.627l-22.627-22.627c-6.248-6.249-16.379-6.249-22.628 0L216 308.118l-70.059-70.059c-6.248-6.248-16.379-6.248-22.628 0l-22.627 22.627c-6.248 6.248-6.248 16.379 0 22.627l104 104c6.249 6.249 16.379 6.249 22.628.001z\"><\/path><\/svg>\t\t\t\t\t\t<\/span>\n\t\t\t\t\t\t\t\t\t\t<span class=\"elementor-icon-list-text\">Emmen y el sureste de Drenthe<\/span>\n\t\t\t\t\t\t\t\t\t<\/li>\n\t\t\t\t\t\t<\/ul>\n\t\t\t\t\t\t<\/div>\n\t\t\t\t<\/div>\n\t\t\t\t<div class=\"elementor-element elementor-element-6789fef1 elementor-widget elementor-widget-heading\" data-id=\"6789fef1\" data-element_type=\"widget\" data-e-type=\"widget\" data-widget_type=\"heading.default\">\n\t\t\t\t<div class=\"elementor-widget-container\">\n\t\t\t\t\t<h1 class=\"elementor-heading-title elementor-size-default\">Evaluaci\u00f3n de da\u00f1os en caravanas y autocaravanas en la zona de Emmen<\/h1>\t\t\t\t<\/div>\n\t\t\t\t<\/div>\n\t\t\t\t<div class=\"elementor-element elementor-element-7ebe2232 elementor-widget__width-initial elementor-widget elementor-widget-text-editor\" data-id=\"7ebe2232\" data-element_type=\"widget\" data-e-type=\"widget\" data-widget_type=\"text-editor.default\">\n\t\t\t\t<div class=\"elementor-widget-container\">\n\t\t\t\t\t\t\t\t\t\u00bfTiene da\u00f1os en su caravana o autocaravana en Emmen o en los alrededores? Rellene el formulario de da\u00f1os y adjunte fotos del conjunto, los detalles y el interior. CaravanRepair\u00ae revisa su notificaci\u00f3n y la vincula con un concesionario asociado en la regi\u00f3n. El concesionario comprueba qu\u00e9 paso siguiente corresponde: inspecci\u00f3n, indicaci\u00f3n de precio, presupuesto o reparaci\u00f3n seg\u00fan el m\u00e9todo de CaravanRepair\u00ae.\t\t\t\t\t\t\t\t<\/div>\n\t\t\t\t<\/div>\n\t\t<div class=\"elementor-element elementor-element-56f25313 e-con-full e-flex e-con e-child\" data-id=\"56f25313\" data-element_type=\"container\" data-e-type=\"container\">\n\t\t\t\t<\/div>\n\t\t\t\t<\/div>\n\t\t<div class=\"elementor-element elementor-element-49f4682e e-con-full e-flex e-con e-child\" data-id=\"49f4682e\" data-element_type=\"container\" data-e-type=\"container\">\n\t\t\t\t<div class=\"elementor-element elementor-element-387052d1 elementor-widget elementor-widget-shortcode\" data-id=\"387052d1\" data-element_type=\"widget\" data-e-type=\"widget\" id=\"schade-melden\" data-widget_type=\"shortcode.default\">\n\t\t\t\t<div class=\"elementor-widget-container\">\n\t\t\t\t\t\t\t<div class=\"elementor-shortcode\">\t\t<div data-elementor-type=\"container\" data-elementor-id=\"25032\" class=\"elementor elementor-25032\" data-elementor-post-type=\"elementor_library\">\n\t\t\t\t<div class=\"elementor-element elementor-element-1a854c38 e-con-full e-flex e-con e-child\" data-id=\"1a854c38\" data-element_type=\"container\" data-e-type=\"container\">\n\t\t<div class=\"elementor-element elementor-element-2cd1ed88 e-con-full overflow_hidden animated-fast e-flex e-con e-child\" data-id=\"2cd1ed88\" data-element_type=\"container\" data-e-type=\"container\" data-settings=\"{&quot;background_background&quot;:&quot;classic&quot;,&quot;animation&quot;:&quot;none&quot;}\">\n\t\t\t\t<div class=\"elementor-element elementor-element-3d939271 elementor-widget-divider--view-line elementor-widget elementor-widget-divider\" data-id=\"3d939271\" data-element_type=\"widget\" data-e-type=\"widget\" data-widget_type=\"divider.default\">\n\t\t\t\t<div class=\"elementor-widget-container\">\n\t\t\t\t\t\t\t<div class=\"elementor-divider\">\n\t\t\t<span class=\"elementor-divider-separator\">\n\t\t\t\t\t\t<\/span>\n\t\t<\/div>\n\t\t\t\t\t\t<\/div>\n\t\t\t\t<\/div>\n\t\t\t\t<div class=\"elementor-element elementor-element-23abe5fb elementor-widget elementor-widget-shortcode\" data-id=\"23abe5fb\" data-element_type=\"widget\" data-e-type=\"widget\" data-widget_type=\"shortcode.default\">\n\t\t\t\t<div class=\"elementor-widget-container\">\n\t\t\t\t\t\t\t<div class=\"elementor-shortcode\"><h6 class=\"elementor-heading-title elementor-size-default\" data-no-translation>COMUNIQUE UN DA\u00d1O SIN COMPROMISO<\/h6><\/div>\n\t\t\t\t\t\t<\/div>\n\t\t\t\t<\/div>\n\t\t\t\t<div class=\"elementor-element elementor-element-655f6d37 elementor-widget elementor-widget-shortcode\" data-id=\"655f6d37\" data-element_type=\"widget\" data-e-type=\"widget\" data-widget_type=\"shortcode.default\">\n\t\t\t\t<div class=\"elementor-widget-container\">\n\t\t\t\t\t\t\t<div class=\"elementor-shortcode\"><div class=\"elementor-heading-title elementor-size-default\" data-no-translation>Rellene este formulario de declaraci\u00f3n de da\u00f1os <strong>sin compromiso<\/strong><br>(util\u00edcelo tambi\u00e9n para da\u00f1os ya comunicados)<\/div><\/div>\n\t\t\t\t\t\t<\/div>\n\t\t\t\t<\/div>\n\t\t\t\t<div class=\"elementor-element elementor-element-cr08b8286 elementor-widget elementor-widget-shortcode\" data-id=\"cr08b8286\" data-element_type=\"widget\" data-e-type=\"widget\" data-widget_type=\"shortcode.default\">\n\t\t\t\t<div class=\"elementor-widget-container\">\n\t\t\t\t\t\t\t<div class=\"elementor-shortcode\">    <form class=\"cr-damage-form cr-damage-form--compact\" data-no-translation novalidate action=\"\">\n        <input type=\"text\" name=\"website\" class=\"cr-damage-form__honeypot\" tabindex=\"-1\" autocomplete=\"off\">\n        <input type=\"hidden\" name=\"source_page\" value=\"https:\/\/caravanrepair.eu\/es\/es\/wp-json\/wp\/v2\/pages\/27485\">\n        <input type=\"hidden\" name=\"crdfm_language\" value=\"es\">\n\n        <div class=\"cr-damage-form__panel is-active\" data-step-panel=\"1\">\n            <div class=\"cr-damage-form__grid\">\n                    <label class=\"cr-damage-form__field cr-damage-form__field--full\">\n        <span>nombre *<\/span>\n        <input type=\"text\" name=\"name\" required autocomplete=\"name\" placeholder=\"Su nombre\">\n    <\/label>\n                        <label class=\"cr-damage-form__field\">\n        <span>c\u00f3digo postal *<\/span>\n        <input type=\"text\" name=\"postcode\" required autocomplete=\"postal-code\" placeholder=\"c\u00f3digo postal\">\n    <\/label>\n                        <label class=\"cr-damage-form__field\">\n        <span>localidad *<\/span>\n        <input type=\"text\" name=\"place\" required autocomplete=\"address-level2\" placeholder=\"localidad\">\n    <\/label>\n                        <label class=\"cr-damage-form__field\">\n        <span>n\u00famero de tel\u00e9fono *<\/span>\n        <input type=\"tel\" name=\"phone\" required autocomplete=\"tel\" placeholder=\"n\u00famero de tel\u00e9fono\">\n    <\/label>\n                        <label class=\"cr-damage-form__field\">\n        <span>direcci\u00f3n de e-mail *<\/span>\n        <input type=\"email\" name=\"email\" required autocomplete=\"email\" placeholder=\"direcci\u00f3n de e-mail\">\n    <\/label>\n                <\/div>\n        <\/div>\n\n        <div class=\"cr-damage-form__panel\" data-step-panel=\"2\">\n            <div class=\"cr-damage-form__grid\">\n                <label class=\"cr-damage-form__field\">\n                    <span>caravana o autocaravana *<\/span>\n                    <select name=\"vehicle_type\" required>\n                        <option value=\"\">Seleccione una opci\u00f3n<\/option>\n                        <option value=\"Caravan\">Caravana<\/option>\n                        <option value=\"Camper\">Autocaravana<\/option>\n                    <\/select>\n                <\/label>\n                    <label class=\"cr-damage-form__field\">\n        <span>marca *<\/span>\n        <input type=\"text\" name=\"brand\" required placeholder=\"marca\">\n    <\/label>\n                        <label class=\"cr-damage-form__field\">\n        <span>modelo \/ tipo *<\/span>\n        <input type=\"text\" name=\"model_type\" required placeholder=\"modelo \/ tipo\">\n    <\/label>\n                        <label class=\"cr-damage-form__field\">\n        <span>a\u00f1o de fabricaci\u00f3n *<\/span>\n        <input type=\"number\" name=\"build_year\" required placeholder=\"a\u00f1o de fabricaci\u00f3n\" min=\"2002\" max=\"2027\" inputmode=\"numeric\" data-minimum-build-year=\"2002\">\n    <\/label>\n                    <p class=\"cr-damage-form__build-year-note cr-damage-form__field--full\" data-build-year-message>Los veh\u00edculos de 25 a\u00f1os o m\u00e1s no se pueden comunicar mediante este formulario.<\/p>\n                <label class=\"cr-damage-form__field cr-damage-form__field--full\">\n                    <span>descripci\u00f3n del da\u00f1o *<\/span>\n                    <textarea name=\"damage_description\" rows=\"5\" required placeholder=\"Describa el da\u00f1o con la mayor claridad posible\"><\/textarea>\n                <\/label>\n            <\/div>\n        <\/div>\n\n        <div class=\"cr-damage-form__panel\" data-step-panel=\"3\">\n            <div class=\"cr-damage-form__upload\">\n                <label class=\"cr-damage-form__field cr-damage-form__field--full\">\n                    <span>A\u00f1adir fotos<\/span>\n                    <input type=\"file\" name=\"photos\" accept=\"image\/*\" multiple>\n                <\/label>\n                <p class=\"cr-damage-form__help\">Para evaluar los da\u00f1os necesitamos fotograf\u00edas. Solo puede omitirlas si se trata de una consulta o de da\u00f1os ya comunicados.<\/p>\n                <p class=\"cr-damage-form__files\" data-file-summary>A\u00fan no se han seleccionado fotos<\/p>\n                <div class=\"cr-damage-form__preview\" data-preview><\/div>\n                <label class=\"cr-damage-form__photo-skip\">\n                    <input type=\"checkbox\" name=\"photos_waived\" value=\"1\" data-photo-waiver>\n                    <span>No adjunto fotograf\u00edas y entiendo que son necesarias para evaluar los da\u00f1os.<\/span>\n                <\/label>\n            <\/div>\n        <\/div>\n\n        <div class=\"cr-damage-form__steps\" aria-label=\"Pasos del formulario\">\n            <div class=\"cr-damage-form__step is-active\" data-step-indicator=\"1\"><span>1<\/span><strong>Datos<\/strong><\/div>\n            <div class=\"cr-damage-form__step\" data-step-indicator=\"2\"><span>2<\/span><strong>Veh\u00edculo<\/strong><\/div>\n            <div class=\"cr-damage-form__step\" data-step-indicator=\"3\"><span>3<\/span><strong>Fotos<\/strong><\/div>\n        <\/div>\n\n        <div class=\"cr-damage-form__status\" data-status aria-live=\"polite\"><\/div>\n\n        <div class=\"cr-damage-form__actions cr-damage-form__actions--single\" data-actions>\n            <button type=\"button\" class=\"cr-damage-form__button cr-damage-form__button--ghost\" data-prev-step hidden>Anterior<\/button>\n            <button type=\"button\" class=\"cr-damage-form__button cr-damage-form__button--primary\" data-next-step>Siguiente<\/button>\n            <button type=\"submit\" class=\"cr-damage-form__button cr-damage-form__button--primary\" data-submit-button hidden>Enviar<\/button>\n        <\/div>\n    <input type=\"hidden\" name=\"trp-form-language\" value=\"es\"\/><\/form>\n    <\/div>\n\t\t\t\t\t\t<\/div>\n\t\t\t\t<\/div>\n\t\t\t\t<div class=\"elementor-element elementor-element-130121d8 elementor-icon-list--layout-inline elementor-align-center elementor-list-item-link-full_width elementor-widget elementor-widget-icon-list\" data-id=\"130121d8\" data-element_type=\"widget\" data-e-type=\"widget\" data-widget_type=\"icon-list.default\">\n\t\t\t\t<div class=\"elementor-widget-container\">\n\t\t\t\t\t\t\t<ul class=\"elementor-icon-list-items elementor-inline-items\">\n\t\t\t\t\t\t\t<li class=\"elementor-icon-list-item elementor-inline-item\">\n\t\t\t\t\t\t\t\t\t\t\t<span class=\"elementor-icon-list-icon\">\n\t\t\t\t\t\t\t<svg aria-hidden=\"true\" class=\"e-font-icon-svg e-fas-check-circle\" viewbox=\"0 0 512 512\" xmlns=\"http:\/\/www.w3.org\/2000\/svg\"><path d=\"M504 256c0 136.967-111.033 248-248 248S8 392.967 8 256 119.033 8 256 8s248 111.033 248 248zM227.314 387.314l184-184c6.248-6.248 6.248-16.379 0-22.627l-22.627-22.627c-6.248-6.249-16.379-6.249-22.628 0L216 308.118l-70.059-70.059c-6.248-6.248-16.379-6.248-22.628 0l-22.627 22.627c-6.248 6.248-6.248 16.379 0 22.627l104 104c6.249 6.249 16.379 6.249 22.628.001z\"><\/path><\/svg>\t\t\t\t\t\t<\/span>\n\t\t\t\t\t\t\t\t\t\t<span class=\"elementor-icon-list-text\">Red de concesionarios certificados<\/span>\n\t\t\t\t\t\t\t\t\t<\/li>\n\t\t\t\t\t\t\t\t<li class=\"elementor-icon-list-item elementor-inline-item\">\n\t\t\t\t\t\t\t\t\t\t\t<span class=\"elementor-icon-list-icon\">\n\t\t\t\t\t\t\t<svg aria-hidden=\"true\" class=\"e-font-icon-svg e-fas-check-circle\" viewbox=\"0 0 512 512\" xmlns=\"http:\/\/www.w3.org\/2000\/svg\"><path d=\"M504 256c0 136.967-111.033 248-248 248S8 392.967 8 256 119.033 8 256 8s248 111.033 248 248zM227.314 387.314l184-184c6.248-6.248 6.248-16.379 0-22.627l-22.627-22.627c-6.248-6.249-16.379-6.249-22.628 0L216 308.118l-70.059-70.059c-6.248-6.248-16.379-6.248-22.628 0l-22.627 22.627c-6.248 6.248-6.248 16.379 0 22.627l104 104c6.249 6.249 16.379 6.249 22.628.001z\"><\/path><\/svg>\t\t\t\t\t\t<\/span>\n\t\t\t\t\t\t\t\t\t\t<span class=\"elementor-icon-list-text\">M\u00e1s de 25 a\u00f1os de experiencia<\/span>\n\t\t\t\t\t\t\t\t\t<\/li>\n\t\t\t\t\t\t<\/ul>\n\t\t\t\t\t\t<\/div>\n\t\t\t\t<\/div>\n\t\t\t\t<\/div>\n\t\t\t\t<\/div>\n\t\t\t\t<\/div>\n\t\t<\/div>\n\t\t\t\t\t\t<\/div>\n\t\t\t\t<\/div>\n\t\t\t\t<\/div>\n\t\t\t\t\t<\/div>\n\t\t\t\t<\/div>\n\t\t<section class=\"elementor-element elementor-element-624e645 e-con-full e-flex e-con e-parent\" data-id=\"624e645\" data-element_type=\"container\" data-e-type=\"container\" data-settings=\"{&quot;background_background&quot;:&quot;classic&quot;}\">\n\t\t\t\t<div class=\"elementor-element elementor-element-e284688 elementor-widget elementor-widget-shortcode\" data-id=\"e284688\" data-element_type=\"widget\" data-e-type=\"widget\" data-widget_type=\"shortcode.default\">\n\t\t\t\t<div class=\"elementor-widget-container\">\n\t\t\t\t\t\t\t<div class=\"elementor-shortcode\">\t\t<div data-elementor-type=\"section\" data-elementor-id=\"25766\" class=\"elementor elementor-25766\" data-elementor-post-type=\"elementor_library\">\n\t\t\t<section class=\"elementor-element elementor-element-c11f18f e-con-full e-flex e-con e-parent\" data-id=\"c11f18f\" data-element_type=\"container\" data-e-type=\"container\" data-settings=\"{&quot;background_background&quot;:&quot;classic&quot;}\">\n\t\t<div class=\"elementor-element elementor-element-225d429c e-flex e-con-boxed e-con e-child\" data-id=\"225d429c\" data-element_type=\"container\" data-e-type=\"container\">\n\t\t\t\t\t<div class=\"e-con-inner\">\n\t\t<div class=\"elementor-element elementor-element-39ea0620 e-con-full e-flex e-con e-child\" data-id=\"39ea0620\" data-element_type=\"container\" data-e-type=\"container\">\n\t\t\t\t<div class=\"elementor-element elementor-element-7f34d566 elementor-nav-menu__align-center elementor-nav-menu--dropdown-none elementor-widget elementor-widget-nav-menu\" data-id=\"7f34d566\" data-element_type=\"widget\" data-e-type=\"widget\" data-settings=\"{&quot;layout&quot;:&quot;horizontal&quot;,&quot;submenu_icon&quot;:{&quot;value&quot;:&quot;&lt;svg aria-hidden=\\&quot;true\\&quot; class=\\&quot;e-font-icon-svg e-fas-caret-down\\&quot; viewBox=\\&quot;0 0 320 512\\&quot; xmlns=\\&quot;http:\\\/\\\/www.w3.org\\\/2000\\\/svg\\&quot;&gt;&lt;path d=\\&quot;M31.3 192h257.3c17.8 0 26.7 21.5 14.1 34.1L174.1 354.8c-7.8 7.8-20.5 7.8-28.3 0L17.2 226.1C4.6 213.5 13.5 192 31.3 192z\\&quot;&gt;&lt;\\\/path&gt;&lt;\\\/svg&gt;&quot;,&quot;library&quot;:&quot;fa-solid&quot;}}\" data-widget_type=\"nav-menu.default\">\n\t\t\t\t<div class=\"elementor-widget-container\">\n\t\t\t\t\t\t\t\t<nav aria-label=\"Men\u00fa\" class=\"elementor-nav-menu--main elementor-nav-menu__container elementor-nav-menu--layout-horizontal e--pointer-none\">\n\t\t\t\t<ul id=\"menu-1-7f34d566\" class=\"elementor-nav-menu\"><li class=\"menu-item menu-item-type-post_type menu-item-object-page menu-item-25761\"><a href=\"https:\/\/caravanrepair.eu\/es\/caravan-schade\/\" class=\"elementor-item\">Da\u00f1os en caravanas<\/a><\/li>\n<li class=\"menu-item menu-item-type-post_type menu-item-object-page menu-item-25760\"><a href=\"https:\/\/caravanrepair.eu\/es\/camper-schade\/\" class=\"elementor-item\">Da\u00f1os en autocaravanas<\/a><\/li>\n<li class=\"menu-item menu-item-type-post_type menu-item-object-page menu-item-25725\"><a href=\"https:\/\/caravanrepair.eu\/es\/raamschade\/\" class=\"elementor-item\">da\u00f1os en ventanas<\/a><\/li>\n<li class=\"menu-item menu-item-type-post_type menu-item-object-page menu-item-25726\"><a href=\"https:\/\/caravanrepair.eu\/es\/schade-dak-dakluik\/\" class=\"elementor-item\">Da\u00f1os en el techo<\/a><\/li>\n<li class=\"menu-item menu-item-type-post_type menu-item-object-page menu-item-25728\"><a href=\"https:\/\/caravanrepair.eu\/es\/schade-deuken-hagel\/\" class=\"elementor-item\">da\u00f1os ocasionados por granizo<\/a><\/li>\n<li class=\"menu-item menu-item-type-post_type menu-item-object-page menu-item-25759\"><a href=\"https:\/\/caravanrepair.eu\/es\/schade-vloer\/\" class=\"elementor-item\">Da\u00f1os en el suelo<\/a><\/li>\n<li class=\"menu-item menu-item-type-post_type menu-item-object-page menu-item-26568\"><a href=\"https:\/\/caravanrepair.eu\/es\/stormschade-caravan-camper\/\" class=\"elementor-item\">Da\u00f1os por tormenta<\/a><\/li>\n<li class=\"menu-item menu-item-type-post_type menu-item-object-page menu-item-26569\"><a href=\"https:\/\/caravanrepair.eu\/es\/schade-lekkage-vocht\/\" class=\"elementor-item\">Da\u00f1os por humedad<\/a><\/li>\n<\/ul>\t\t\t<\/nav>\n\t\t\t\t\t\t<nav class=\"elementor-nav-menu--dropdown elementor-nav-menu__container\" aria-hidden=\"true\">\n\t\t\t\t<ul id=\"menu-2-7f34d566\" class=\"elementor-nav-menu\"><li class=\"menu-item menu-item-type-post_type menu-item-object-page menu-item-25761\"><a href=\"https:\/\/caravanrepair.eu\/es\/caravan-schade\/\" class=\"elementor-item\" tabindex=\"-1\">Da\u00f1os en caravanas<\/a><\/li>\n<li class=\"menu-item menu-item-type-post_type menu-item-object-page menu-item-25760\"><a href=\"https:\/\/caravanrepair.eu\/es\/camper-schade\/\" class=\"elementor-item\" tabindex=\"-1\">Da\u00f1os en autocaravanas<\/a><\/li>\n<li class=\"menu-item menu-item-type-post_type menu-item-object-page menu-item-25725\"><a href=\"https:\/\/caravanrepair.eu\/es\/raamschade\/\" class=\"elementor-item\" tabindex=\"-1\">da\u00f1os en ventanas<\/a><\/li>\n<li class=\"menu-item menu-item-type-post_type menu-item-object-page menu-item-25726\"><a href=\"https:\/\/caravanrepair.eu\/es\/schade-dak-dakluik\/\" class=\"elementor-item\" tabindex=\"-1\">Da\u00f1os en el techo<\/a><\/li>\n<li class=\"menu-item menu-item-type-post_type menu-item-object-page menu-item-25728\"><a href=\"https:\/\/caravanrepair.eu\/es\/schade-deuken-hagel\/\" class=\"elementor-item\" tabindex=\"-1\">da\u00f1os ocasionados por granizo<\/a><\/li>\n<li class=\"menu-item menu-item-type-post_type menu-item-object-page menu-item-25759\"><a href=\"https:\/\/caravanrepair.eu\/es\/schade-vloer\/\" class=\"elementor-item\" tabindex=\"-1\">Da\u00f1os en el suelo<\/a><\/li>\n<li class=\"menu-item menu-item-type-post_type menu-item-object-page menu-item-26568\"><a href=\"https:\/\/caravanrepair.eu\/es\/stormschade-caravan-camper\/\" class=\"elementor-item\" tabindex=\"-1\">Da\u00f1os por tormenta<\/a><\/li>\n<li class=\"menu-item menu-item-type-post_type menu-item-object-page menu-item-26569\"><a href=\"https:\/\/caravanrepair.eu\/es\/schade-lekkage-vocht\/\" class=\"elementor-item\" tabindex=\"-1\">Da\u00f1os por humedad<\/a><\/li>\n<\/ul>\t\t\t<\/nav>\n\t\t\t\t\t\t<\/div>\n\t\t\t\t<\/div>\n\t\t\t\t<\/div>\n\t\t\t\t\t<\/div>\n\t\t\t\t<\/div>\n\t\t\t\t<\/section>\n\t\t\t\t<\/div>\n\t\t<\/div>\n\t\t\t\t\t\t<\/div>\n\t\t\t\t<\/div>\n\t\t\t\t<\/section>\n\t\t<div class=\"elementor-element elementor-element-a3ab04d0 e-con-full e-flex e-con e-parent\" data-id=\"a3ab04d0\" data-element_type=\"container\" data-e-type=\"container\">\n\t\t\t\t<div class=\"elementor-element elementor-element-7314b9b6 elementor-widget elementor-widget-shortcode\" data-id=\"7314b9b6\" data-element_type=\"widget\" data-e-type=\"widget\" data-widget_type=\"shortcode.default\">\n\t\t\t\t<div class=\"elementor-widget-container\">\n\t\t\t\t\t\t\t<div class=\"elementor-shortcode\"><\/div>\n\t\t\t\t\t\t<\/div>\n\t\t\t\t<\/div>\n\t\t\t\t<\/div>\n\t\t<section class=\"elementor-element elementor-element-78d239f5 e-flex e-con-boxed e-con e-parent\" data-id=\"78d239f5\" data-element_type=\"container\" data-e-type=\"container\" data-settings=\"{&quot;background_background&quot;:&quot;classic&quot;}\">\n\t\t\t\t\t<div class=\"e-con-inner\">\n\t\t<div class=\"elementor-element elementor-element-4b23057f e-grid e-con-full e-con e-child\" data-id=\"4b23057f\" data-element_type=\"container\" data-e-type=\"container\">\n\t\t<div class=\"elementor-element elementor-element-135beaf8 e-con-full e-flex e-con e-child\" data-id=\"135beaf8\" data-element_type=\"container\" data-e-type=\"container\" data-settings=\"{&quot;background_background&quot;:&quot;classic&quot;}\">\n\t\t<div class=\"elementor-element elementor-element-1320ea51 e-con-boxed e-flex e-con e-child\" data-id=\"1320ea51\" data-element_type=\"container\" data-e-type=\"container\">\n\t\t\t\t\t<div class=\"e-con-inner\">\n\t\t\t\t<div class=\"elementor-element elementor-element-1f9cef78 elementor-widget__width-inherit elementor-widget elementor-widget-heading\" data-id=\"1f9cef78\" data-element_type=\"widget\" data-e-type=\"widget\" data-widget_type=\"heading.default\">\n\t\t\t\t<div class=\"elementor-widget-container\">\n\t\t\t\t\t<h2 class=\"elementor-heading-title elementor-size-default\">\u00bfPor qu\u00e9 CaravanRepair\u00ae en caso de da\u00f1os en caravanas y campers en Emmen?<\/h2>\t\t\t\t<\/div>\n\t\t\t\t<\/div>\n\t\t\t\t<div class=\"elementor-element elementor-element-42ba5831 elementor-widget__width-inherit elementor-widget elementor-widget-heading\" data-id=\"42ba5831\" data-element_type=\"widget\" data-e-type=\"widget\" data-widget_type=\"heading.default\">\n\t\t\t\t<div class=\"elementor-widget-container\">\n\t\t\t\t\t<p class=\"elementor-heading-title elementor-size-default\">\u00bfDa\u00f1os por humedad, agua o por uso cerca de Emmen? Haga que un distribuidor autorizado de CaravanRepair\u00ae eval\u00fae su caravana o camper.<\/p>\t\t\t\t<\/div>\n\t\t\t\t<\/div>\n\t\t\t\t\t<\/div>\n\t\t\t\t<\/div>\n\t\t\t\t<div class=\"elementor-element elementor-element-e696bfa elementor-widget__width-inherit elementor-widget elementor-widget-heading\" data-id=\"e696bfa\" data-element_type=\"widget\" data-e-type=\"widget\" data-widget_type=\"heading.default\">\n\t\t\t\t<div class=\"elementor-widget-container\">\n\t\t\t\t\t<p class=\"elementor-heading-title elementor-size-default\">En la zona de Emmen y el sureste de Drenthe, las caravanas y autocaravanas se utilizan a menudo de forma intensiva para vacaciones dentro y fuera del pa\u00eds. Los da\u00f1os por agua y por humedad se presentan con frecuencia y no deben dejarse mucho tiempo sin atender, ya que el retraso suele provocar da\u00f1os adicionales y costes m\u00e1s elevados. Informe del da\u00f1o con fotos claras de la parte exterior, la parte interior y los puntos de detalle. CaravanRepair\u00ae vincula su solicitud con un concesionario asociado en la zona de Emmen, para que quede claro si es necesaria una inspecci\u00f3n, una estimaci\u00f3n de precio, un presupuesto o la reparaci\u00f3n.<\/p>\t\t\t\t<\/div>\n\t\t\t\t<\/div>\n\t\t<div class=\"elementor-element elementor-element-390079f0 e-con-full e-flex e-con e-child\" data-id=\"390079f0\" data-element_type=\"container\" data-e-type=\"container\">\n\t\t\t\t<div class=\"elementor-element elementor-element-3f57d20 elementor-icon-list--layout-traditional elementor-list-item-link-full_width elementor-widget elementor-widget-icon-list\" data-id=\"3f57d20\" data-element_type=\"widget\" data-e-type=\"widget\" data-widget_type=\"icon-list.default\">\n\t\t\t\t<div class=\"elementor-widget-container\">\n\t\t\t\t\t\t\t<ul class=\"elementor-icon-list-items\">\n\t\t\t\t\t\t\t<li class=\"elementor-icon-list-item\">\n\t\t\t\t\t\t\t\t\t\t\t<span class=\"elementor-icon-list-icon\">\n\t\t\t\t\t\t\t<svg aria-hidden=\"true\" class=\"e-font-icon-svg e-fas-long-arrow-alt-right\" viewbox=\"0 0 448 512\" xmlns=\"http:\/\/www.w3.org\/2000\/svg\"><path d=\"M313.941 216H12c-6.627 0-12 5.373-12 12v56c0 6.627 5.373 12 12 12h301.941v46.059c0 21.382 25.851 32.09 40.971 16.971l86.059-86.059c9.373-9.373 9.373-24.569 0-33.941l-86.059-86.059c-15.119-15.119-40.971-4.411-40.971 16.971V216z\"><\/path><\/svg>\t\t\t\t\t\t<\/span>\n\t\t\t\t\t\t\t\t\t\t<span class=\"elementor-icon-list-text\">\u00bfDa\u00f1os en su caravana o autocaravana en Emmen o en los alrededores? Env\u00edenos fotos claras para su valoraci\u00f3n.<\/span>\n\t\t\t\t\t\t\t\t\t<\/li>\n\t\t\t\t\t\t\t\t<li class=\"elementor-icon-list-item\">\n\t\t\t\t\t\t\t\t\t\t\t<span class=\"elementor-icon-list-icon\">\n\t\t\t\t\t\t\t<svg aria-hidden=\"true\" class=\"e-font-icon-svg e-fas-long-arrow-alt-right\" viewbox=\"0 0 448 512\" xmlns=\"http:\/\/www.w3.org\/2000\/svg\"><path d=\"M313.941 216H12c-6.627 0-12 5.373-12 12v56c0 6.627 5.373 12 12 12h301.941v46.059c0 21.382 25.851 32.09 40.971 16.971l86.059-86.059c9.373-9.373 9.373-24.569 0-33.941l-86.059-86.059c-15.119-15.119-40.971-4.411-40.971 16.971V216z\"><\/path><\/svg>\t\t\t\t\t\t<\/span>\n\t\t\t\t\t\t\t\t\t\t<span class=\"elementor-icon-list-text\">Fotos de vista general, detalle, interior y costuras sospechosas para acompa\u00f1ar.<\/span>\n\t\t\t\t\t\t\t\t\t<\/li>\n\t\t\t\t\t\t\t\t<li class=\"elementor-icon-list-item\">\n\t\t\t\t\t\t\t\t\t\t\t<span class=\"elementor-icon-list-icon\">\n\t\t\t\t\t\t\t<svg aria-hidden=\"true\" class=\"e-font-icon-svg e-fas-long-arrow-alt-right\" viewbox=\"0 0 448 512\" xmlns=\"http:\/\/www.w3.org\/2000\/svg\"><path d=\"M313.941 216H12c-6.627 0-12 5.373-12 12v56c0 6.627 5.373 12 12 12h301.941v46.059c0 21.382 25.851 32.09 40.971 16.971l86.059-86.059c9.373-9.373 9.373-24.569 0-33.941l-86.059-86.059c-15.119-15.119-40.971-4.411-40.971 16.971V216z\"><\/path><\/svg>\t\t\t\t\t\t<\/span>\n\t\t\t\t\t\t\t\t\t\t<span class=\"elementor-icon-list-text\">Rese\u00f1as del concesionario con atenci\u00f3n a la pared, la trampilla del techo y los da\u00f1os por abolladuras.<\/span>\n\t\t\t\t\t\t\t\t\t<\/li>\n\t\t\t\t\t\t<\/ul>\n\t\t\t\t\t\t<\/div>\n\t\t\t\t<\/div>\n\t\t\t\t<\/div>\n\t\t<div class=\"elementor-element elementor-element-586e612a e-grid e-con-full e-con e-child\" data-id=\"586e612a\" data-element_type=\"container\" data-e-type=\"container\">\n\t\t<div class=\"elementor-element elementor-element-4528776e e-con-full e-flex e-con e-child\" data-id=\"4528776e\" data-element_type=\"container\" data-e-type=\"container\" data-settings=\"{&quot;background_background&quot;:&quot;classic&quot;}\">\n\t\t\t\t<div class=\"elementor-element elementor-element-4372e02d elementor-widget elementor-widget-heading\" data-id=\"4372e02d\" data-element_type=\"widget\" data-e-type=\"widget\" data-widget_type=\"heading.default\">\n\t\t\t\t<div class=\"elementor-widget-container\">\n\t\t\t\t\t<h3 class=\"elementor-heading-title elementor-size-default\">Abolladuras<\/h3>\t\t\t\t<\/div>\n\t\t\t\t<\/div>\n\t\t\t\t<div class=\"elementor-element elementor-element-2df49f2b elementor-widget elementor-widget-heading\" data-id=\"2df49f2b\" data-element_type=\"widget\" data-e-type=\"widget\" data-widget_type=\"heading.default\">\n\t\t\t\t<div class=\"elementor-widget-container\">\n\t\t\t\t\t<span class=\"elementor-heading-title elementor-size-default\">Importante para la evaluaci\u00f3n, el precio y la ruta de recuperaci\u00f3n.<\/span>\t\t\t\t<\/div>\n\t\t\t\t<\/div>\n\t\t\t\t<\/div>\n\t\t<div class=\"elementor-element elementor-element-22ac85ca e-con-full e-flex e-con e-child\" data-id=\"22ac85ca\" data-element_type=\"container\" data-e-type=\"container\" data-settings=\"{&quot;background_background&quot;:&quot;classic&quot;}\">\n\t\t\t\t<div class=\"elementor-element elementor-element-4e6aefa elementor-widget elementor-widget-heading\" data-id=\"4e6aefa\" data-element_type=\"widget\" data-e-type=\"widget\" data-widget_type=\"heading.default\">\n\t\t\t\t<div class=\"elementor-widget-container\">\n\t\t\t\t\t<h3 class=\"elementor-heading-title elementor-size-default\">Varita<\/h3>\t\t\t\t<\/div>\n\t\t\t\t<\/div>\n\t\t\t\t<div class=\"elementor-element elementor-element-2d6c58b0 elementor-widget elementor-widget-heading\" data-id=\"2d6c58b0\" data-element_type=\"widget\" data-e-type=\"widget\" data-widget_type=\"heading.default\">\n\t\t\t\t<div class=\"elementor-widget-container\">\n\t\t\t\t\t<span class=\"elementor-heading-title elementor-size-default\">Punto de atenci\u00f3n importante en las notificaciones de Emmen.<\/span>\t\t\t\t<\/div>\n\t\t\t\t<\/div>\n\t\t\t\t<\/div>\n\t\t<div class=\"elementor-element elementor-element-44161bc8 e-con-full e-flex e-con e-child\" data-id=\"44161bc8\" data-element_type=\"container\" data-e-type=\"container\" data-settings=\"{&quot;background_background&quot;:&quot;classic&quot;}\">\n\t\t\t\t<div class=\"elementor-element elementor-element-5884019e elementor-widget elementor-widget-heading\" data-id=\"5884019e\" data-element_type=\"widget\" data-e-type=\"widget\" data-widget_type=\"heading.default\">\n\t\t\t\t<div class=\"elementor-widget-container\">\n\t\t\t\t\t<h3 class=\"elementor-heading-title elementor-size-default\">Trampilla de techo<\/h3>\t\t\t\t<\/div>\n\t\t\t\t<\/div>\n\t\t\t\t<div class=\"elementor-element elementor-element-41664ecf elementor-widget elementor-widget-heading\" data-id=\"41664ecf\" data-element_type=\"widget\" data-e-type=\"widget\" data-widget_type=\"heading.default\">\n\t\t\t\t<div class=\"elementor-widget-container\">\n\t\t\t\t\t<span class=\"elementor-heading-title elementor-size-default\">Revise tambi\u00e9n las costuras adyacentes y el interior.<\/span>\t\t\t\t<\/div>\n\t\t\t\t<\/div>\n\t\t\t\t<\/div>\n\t\t\t\t<\/div>\n\t\t\t\t<\/div>\n\t\t<div class=\"elementor-element elementor-element-59c7831a e-con-full e-flex e-con e-child\" data-id=\"59c7831a\" data-element_type=\"container\" data-e-type=\"container\" data-settings=\"{&quot;background_background&quot;:&quot;classic&quot;}\">\n\t\t\t\t<div class=\"elementor-element elementor-element-412255f6 elementor-widget__width-inherit elementor-widget elementor-widget-image\" data-id=\"412255f6\" data-element_type=\"widget\" data-e-type=\"widget\" data-widget_type=\"image.default\">\n\t\t\t\t<div class=\"elementor-widget-container\">\n\t\t\t\t\t\t\t\t\t\t\t\t\t\t\t<img fetchpriority=\"high\" decoding=\"async\" width=\"1920\" height=\"1434\" src=\"https:\/\/caravanrepair.eu\/wp-content\/uploads\/2026\/03\/raamschade-reparatie.webp\" class=\"attachment-full size-full wp-image-26045\" alt=\"Reparar da\u00f1os en la caravana o autocaravana causados por el cristal\" srcset=\"https:\/\/caravanrepair.eu\/wp-content\/uploads\/2026\/03\/raamschade-reparatie.webp 1920w, https:\/\/caravanrepair.eu\/wp-content\/uploads\/2026\/03\/raamschade-reparatie-300x224.webp 300w, https:\/\/caravanrepair.eu\/wp-content\/uploads\/2026\/03\/raamschade-reparatie-1024x765.webp 1024w, https:\/\/caravanrepair.eu\/wp-content\/uploads\/2026\/03\/raamschade-reparatie-768x574.webp 768w, https:\/\/caravanrepair.eu\/wp-content\/uploads\/2026\/03\/raamschade-reparatie-1536x1147.webp 1536w\" sizes=\"(max-width: 1920px) 100vw, 1920px\" \/>\t\t\t\t\t\t\t\t\t\t\t\t\t\t\t<\/div>\n\t\t\t\t<\/div>\n\t\t<div class=\"elementor-element elementor-element-659bd652 e-con-full e-flex e-con e-child\" data-id=\"659bd652\" data-element_type=\"container\" data-e-type=\"container\">\n\t\t\t\t<div class=\"elementor-element elementor-element-468e78c0 elementor-widget__width-inherit elementor-widget elementor-widget-heading\" data-id=\"468e78c0\" data-element_type=\"widget\" data-e-type=\"widget\" data-widget_type=\"heading.default\">\n\t\t\t\t<div class=\"elementor-widget-container\">\n\t\t\t\t\t<h3 class=\"elementor-heading-title elementor-size-default\">De la reclamaci\u00f3n de da\u00f1os a la valoraci\u00f3n del concesionario en la zona de Emmen<\/h3>\t\t\t\t<\/div>\n\t\t\t\t<\/div>\n\t\t\t\t<div class=\"elementor-element elementor-element-208179ec elementor-widget__width-inherit elementor-widget elementor-widget-heading\" data-id=\"208179ec\" data-element_type=\"widget\" data-e-type=\"widget\" data-widget_type=\"heading.default\">\n\t\t\t\t<div class=\"elementor-widget-container\">\n\t\t\t\t\t<p class=\"elementor-heading-title elementor-size-default\">Un aviso completo desde Emmen o sus alrededores ayuda al concesionario a evaluar correctamente la humedad, las fugas y los da\u00f1os derivados del uso. Env\u00ede fotos generales, fotos de detalle y fotos del interior, especialmente en las trampillas del techo, las juntas de sellado (masilla), los burletes de las ventanas, el suelo, la estructura de las paredes y las manchas de humedad. A continuaci\u00f3n, el concesionario asociado puede indicar si primero se necesita una inspecci\u00f3n, o si ya se puede trabajar hacia una indicaci\u00f3n de precio, una oferta o una cita para la reparaci\u00f3n.<\/p>\t\t\t\t<\/div>\n\t\t\t\t<\/div>\n\t\t\t\t<\/div>\n\t\t\t\t<\/div>\n\t\t\t\t<\/div>\n\t\t\t\t\t<\/div>\n\t\t\t\t<\/section>\n\t\t<div class=\"elementor-element elementor-element-7e73a8a e-flex e-con-boxed e-con e-parent\" data-id=\"7e73a8a\" data-element_type=\"container\" data-e-type=\"container\">\n\t\t\t\t\t<div class=\"e-con-inner\">\n\t\t\t\t<div class=\"elementor-element elementor-element-53db459 elementor-widget elementor-widget-image-gallery\" data-id=\"53db459\" data-element_type=\"widget\" data-e-type=\"widget\" data-widget_type=\"image-gallery.default\">\n\t\t\t\t<div class=\"elementor-widget-container\">\n\t\t\t\t\t\t\t<div class=\"elementor-image-gallery\">\n\t\t\t<div id='gallery-1' class='gallery galleryid-27485 gallery-columns-5 gallery-size-medium'><figure class='gallery-item'>\n\t\t\t<div class='gallery-icon landscape'>\n\t\t\t\t<a data-elementor-open-lightbox=\"yes\" data-elementor-lightbox-slideshow=\"53db459\" data-elementor-lightbox-title=\"CaravanRepair-camper-caravan-schade-herstel (2)\" data-e-action-hash=\"#elementor-action%3Aaction%3Dlightbox%26settings%3DeyJpZCI6MjYzNTksInVybCI6Imh0dHBzOlwvXC9jYXJhdmFucmVwYWlyLmV1XC93cC1jb250ZW50XC91cGxvYWRzXC8yMDI2XC8wNFwvQ2FyYXZhblJlcGFpci1jYW1wZXItY2FyYXZhbi1zY2hhZGUtaGVyc3RlbC0yLndlYnAiLCJzbGlkZXNob3ciOiI1M2RiNDU5In0%3D\" href='https:\/\/caravanrepair.eu\/wp-content\/uploads\/2026\/04\/CaravanRepair-camper-caravan-schade-herstel-2.webp'><img decoding=\"async\" width=\"300\" height=\"164\" src=\"https:\/\/caravanrepair.eu\/wp-content\/uploads\/2026\/04\/CaravanRepair-camper-caravan-schade-herstel-2-300x164.webp\" class=\"attachment-medium size-medium\" alt=\"\" srcset=\"https:\/\/caravanrepair.eu\/wp-content\/uploads\/2026\/04\/CaravanRepair-camper-caravan-schade-herstel-2-300x164.webp 300w, https:\/\/caravanrepair.eu\/wp-content\/uploads\/2026\/04\/CaravanRepair-camper-caravan-schade-herstel-2-768x419.webp 768w, https:\/\/caravanrepair.eu\/wp-content\/uploads\/2026\/04\/CaravanRepair-camper-caravan-schade-herstel-2.webp 1000w\" sizes=\"(max-width: 300px) 100vw, 300px\" \/><\/a>\n\t\t\t<\/div><\/figure><figure class='gallery-item'>\n\t\t\t<div class='gallery-icon landscape'>\n\t\t\t\t<a data-elementor-open-lightbox=\"yes\" data-elementor-lightbox-slideshow=\"53db459\" data-elementor-lightbox-title=\"CaravanRepair-camper-caravan-schade-herstel (3)\" data-e-action-hash=\"#elementor-action%3Aaction%3Dlightbox%26settings%3DeyJpZCI6MjYzNjAsInVybCI6Imh0dHBzOlwvXC9jYXJhdmFucmVwYWlyLmV1XC93cC1jb250ZW50XC91cGxvYWRzXC8yMDI2XC8wNFwvQ2FyYXZhblJlcGFpci1jYW1wZXItY2FyYXZhbi1zY2hhZGUtaGVyc3RlbC0zLndlYnAiLCJzbGlkZXNob3ciOiI1M2RiNDU5In0%3D\" href='https:\/\/caravanrepair.eu\/wp-content\/uploads\/2026\/04\/CaravanRepair-camper-caravan-schade-herstel-3.webp'><img decoding=\"async\" width=\"300\" height=\"164\" src=\"https:\/\/caravanrepair.eu\/wp-content\/uploads\/2026\/04\/CaravanRepair-camper-caravan-schade-herstel-3-300x164.webp\" class=\"attachment-medium size-medium\" alt=\"\" srcset=\"https:\/\/caravanrepair.eu\/wp-content\/uploads\/2026\/04\/CaravanRepair-camper-caravan-schade-herstel-3-300x164.webp 300w, https:\/\/caravanrepair.eu\/wp-content\/uploads\/2026\/04\/CaravanRepair-camper-caravan-schade-herstel-3-768x419.webp 768w, https:\/\/caravanrepair.eu\/wp-content\/uploads\/2026\/04\/CaravanRepair-camper-caravan-schade-herstel-3.webp 1000w\" sizes=\"(max-width: 300px) 100vw, 300px\" \/><\/a>\n\t\t\t<\/div><\/figure><figure class='gallery-item'>\n\t\t\t<div class='gallery-icon landscape'>\n\t\t\t\t<a data-elementor-open-lightbox=\"yes\" data-elementor-lightbox-slideshow=\"53db459\" data-elementor-lightbox-title=\"CaravanRepair-camper-caravan-schade-herstel (4)\" data-e-action-hash=\"#elementor-action%3Aaction%3Dlightbox%26settings%3DeyJpZCI6MjYzNjEsInVybCI6Imh0dHBzOlwvXC9jYXJhdmFucmVwYWlyLmV1XC93cC1jb250ZW50XC91cGxvYWRzXC8yMDI2XC8wNFwvQ2FyYXZhblJlcGFpci1jYW1wZXItY2FyYXZhbi1zY2hhZGUtaGVyc3RlbC00LndlYnAiLCJzbGlkZXNob3ciOiI1M2RiNDU5In0%3D\" href='https:\/\/caravanrepair.eu\/wp-content\/uploads\/2026\/04\/CaravanRepair-camper-caravan-schade-herstel-4.webp'><img loading=\"lazy\" decoding=\"async\" width=\"300\" height=\"164\" src=\"https:\/\/caravanrepair.eu\/wp-content\/uploads\/2026\/04\/CaravanRepair-camper-caravan-schade-herstel-4-300x164.webp\" class=\"attachment-medium size-medium\" alt=\"\" srcset=\"https:\/\/caravanrepair.eu\/wp-content\/uploads\/2026\/04\/CaravanRepair-camper-caravan-schade-herstel-4-300x164.webp 300w, https:\/\/caravanrepair.eu\/wp-content\/uploads\/2026\/04\/CaravanRepair-camper-caravan-schade-herstel-4-768x419.webp 768w, https:\/\/caravanrepair.eu\/wp-content\/uploads\/2026\/04\/CaravanRepair-camper-caravan-schade-herstel-4.webp 1000w\" sizes=\"(max-width: 300px) 100vw, 300px\" \/><\/a>\n\t\t\t<\/div><\/figure><figure class='gallery-item'>\n\t\t\t<div class='gallery-icon landscape'>\n\t\t\t\t<a data-elementor-open-lightbox=\"yes\" data-elementor-lightbox-slideshow=\"53db459\" data-elementor-lightbox-title=\"CaravanRepair-camper-caravan-schade-herstel (5)\" data-e-action-hash=\"#elementor-action%3Aaction%3Dlightbox%26settings%3DeyJpZCI6MjYzNjIsInVybCI6Imh0dHBzOlwvXC9jYXJhdmFucmVwYWlyLmV1XC93cC1jb250ZW50XC91cGxvYWRzXC8yMDI2XC8wNFwvQ2FyYXZhblJlcGFpci1jYW1wZXItY2FyYXZhbi1zY2hhZGUtaGVyc3RlbC01LndlYnAiLCJzbGlkZXNob3ciOiI1M2RiNDU5In0%3D\" href='https:\/\/caravanrepair.eu\/wp-content\/uploads\/2026\/04\/CaravanRepair-camper-caravan-schade-herstel-5.webp'><img loading=\"lazy\" decoding=\"async\" width=\"300\" height=\"164\" src=\"https:\/\/caravanrepair.eu\/wp-content\/uploads\/2026\/04\/CaravanRepair-camper-caravan-schade-herstel-5-300x164.webp\" class=\"attachment-medium size-medium\" alt=\"\" srcset=\"https:\/\/caravanrepair.eu\/wp-content\/uploads\/2026\/04\/CaravanRepair-camper-caravan-schade-herstel-5-300x164.webp 300w, https:\/\/caravanrepair.eu\/wp-content\/uploads\/2026\/04\/CaravanRepair-camper-caravan-schade-herstel-5-768x419.webp 768w, https:\/\/caravanrepair.eu\/wp-content\/uploads\/2026\/04\/CaravanRepair-camper-caravan-schade-herstel-5.webp 1000w\" sizes=\"(max-width: 300px) 100vw, 300px\" \/><\/a>\n\t\t\t<\/div><\/figure><figure class='gallery-item'>\n\t\t\t<div class='gallery-icon landscape'>\n\t\t\t\t<a data-elementor-open-lightbox=\"yes\" data-elementor-lightbox-slideshow=\"53db459\" data-elementor-lightbox-title=\"CaravanRepair-camper-caravan-schade-herstel (6)\" data-e-action-hash=\"#elementor-action%3Aaction%3Dlightbox%26settings%3DeyJpZCI6MjYzNjMsInVybCI6Imh0dHBzOlwvXC9jYXJhdmFucmVwYWlyLmV1XC93cC1jb250ZW50XC91cGxvYWRzXC8yMDI2XC8wNFwvQ2FyYXZhblJlcGFpci1jYW1wZXItY2FyYXZhbi1zY2hhZGUtaGVyc3RlbC02LndlYnAiLCJzbGlkZXNob3ciOiI1M2RiNDU5In0%3D\" href='https:\/\/caravanrepair.eu\/wp-content\/uploads\/2026\/04\/CaravanRepair-camper-caravan-schade-herstel-6.webp'><img loading=\"lazy\" decoding=\"async\" width=\"300\" height=\"164\" src=\"https:\/\/caravanrepair.eu\/wp-content\/uploads\/2026\/04\/CaravanRepair-camper-caravan-schade-herstel-6-300x164.webp\" class=\"attachment-medium size-medium\" alt=\"\" srcset=\"https:\/\/caravanrepair.eu\/wp-content\/uploads\/2026\/04\/CaravanRepair-camper-caravan-schade-herstel-6-300x164.webp 300w, https:\/\/caravanrepair.eu\/wp-content\/uploads\/2026\/04\/CaravanRepair-camper-caravan-schade-herstel-6-768x419.webp 768w, https:\/\/caravanrepair.eu\/wp-content\/uploads\/2026\/04\/CaravanRepair-camper-caravan-schade-herstel-6.webp 1000w\" sizes=\"(max-width: 300px) 100vw, 300px\" \/><\/a>\n\t\t\t<\/div><\/figure>\n\t\t<\/div>\n\t\t<\/div>\n\t\t\t\t\t\t<\/div>\n\t\t\t\t<\/div>\n\t\t\t\t\t<\/div>\n\t\t\t\t<\/div>\n\t\t<section class=\"elementor-element elementor-element-6c4ec75a e-flex e-con-boxed e-con e-parent\" data-id=\"6c4ec75a\" data-element_type=\"container\" data-e-type=\"container\">\n\t\t\t\t\t<div class=\"e-con-inner\">\n\t\t<section class=\"elementor-element elementor-element-33652ecd e-con-full e-flex e-con e-child\" data-id=\"33652ecd\" data-element_type=\"container\" data-e-type=\"container\">\n\t\t<div class=\"elementor-element elementor-element-2a8de5bb e-con-full e-flex e-con e-child\" data-id=\"2a8de5bb\" data-element_type=\"container\" data-e-type=\"container\">\n\t\t<div class=\"elementor-element elementor-element-68087a4c e-con-boxed e-flex e-con e-child\" data-id=\"68087a4c\" data-element_type=\"container\" data-e-type=\"container\">\n\t\t\t\t\t<div class=\"e-con-inner\">\n\t\t\t\t<div class=\"elementor-element elementor-element-18f48901 elementor-widget__width-inherit elementor-widget elementor-widget-heading\" data-id=\"18f48901\" data-element_type=\"widget\" data-e-type=\"widget\" data-widget_type=\"heading.default\">\n\t\t\t\t<div class=\"elementor-widget-container\">\n\t\t\t\t\t<h2 class=\"elementor-heading-title elementor-size-default\">\u00bfQu\u00e9 da\u00f1os puede revisar cerca de Emmen?<\/h2>\t\t\t\t<\/div>\n\t\t\t\t<\/div>\n\t\t\t\t<div class=\"elementor-element elementor-element-5305f20b elementor-widget__width-inherit elementor-widget elementor-widget-heading\" data-id=\"5305f20b\" data-element_type=\"widget\" data-e-type=\"widget\" data-widget_type=\"heading.default\">\n\t\t\t\t<div class=\"elementor-widget-container\">\n\t\t\t\t\t<p class=\"elementor-heading-title elementor-size-default\">Puede informar, entre otras, sobre da\u00f1os por agua, da\u00f1os por humedad, fugas, da\u00f1os en el techo, da\u00f1os en la trampilla del techo, da\u00f1os en la pared, da\u00f1os en el suelo, da\u00f1os en las ventanas, da\u00f1os por granizo, da\u00f1os por tormenta, da\u00f1os por abolladuras y da\u00f1os en la caravana o camper y su pared. A\u00f1ada fotos del panorama general, los detalles y el interior. Un distribuidor CaravanRepair\u00ae asociado en las cercan\u00edas de Emmen evaluar\u00e1 a continuaci\u00f3n qu\u00e9 paso siguiente corresponde.<\/p>\t\t\t\t<\/div>\n\t\t\t\t<\/div>\n\t\t\t\t\t<\/div>\n\t\t\t\t<\/div>\n\t\t<div class=\"elementor-element elementor-element-422bc05 e-con-full e-flex e-con e-child\" data-id=\"422bc05\" data-element_type=\"container\" data-e-type=\"container\">\n\t\t<div class=\"elementor-element elementor-element-5a78281 e-con-full e-flex e-con e-child\" data-id=\"5a78281\" data-element_type=\"container\" data-e-type=\"container\">\n\t\t\t\t<div class=\"elementor-element elementor-element-9e07f13 elementor-widget elementor-widget-shortcode\" data-id=\"9e07f13\" data-element_type=\"widget\" data-e-type=\"widget\" data-widget_type=\"shortcode.default\">\n\t\t\t\t<div class=\"elementor-widget-container\">\n\t\t\t\t\t\t\t<div class=\"elementor-shortcode\">\t\t<div data-elementor-type=\"section\" data-elementor-id=\"25097\" class=\"elementor elementor-25097\" data-elementor-post-type=\"elementor_library\">\n\t\t\t<div class=\"elementor-element elementor-element-73b2a6d1 e-grid e-con-full e-con e-child\" data-id=\"73b2a6d1\" data-element_type=\"container\" data-e-type=\"container\">\n\t\t<div class=\"elementor-element elementor-element-370932ad e-con-full e-flex e-con e-child\" data-id=\"370932ad\" data-element_type=\"container\" data-e-type=\"container\" data-settings=\"{&quot;background_background&quot;:&quot;classic&quot;}\">\n\t\t<div class=\"elementor-element elementor-element-4b949cb e-con-full e-flex e-con e-child\" data-id=\"4b949cb\" data-element_type=\"container\" data-e-type=\"container\">\n\t\t\t\t<div class=\"elementor-element elementor-element-35611cf6 elementor-view-stacked elementor-widget__width-auto elementor-shape-circle elementor-widget elementor-widget-icon\" data-id=\"35611cf6\" data-element_type=\"widget\" data-e-type=\"widget\" data-widget_type=\"icon.default\">\n\t\t\t\t<div class=\"elementor-widget-container\">\n\t\t\t\t\t\t\t<div class=\"elementor-icon-wrapper\">\n\t\t\t<div class=\"elementor-icon\">\n\t\t\t<svg aria-hidden=\"true\" class=\"e-font-icon-svg e-fas-window-maximize\" viewbox=\"0 0 512 512\" xmlns=\"http:\/\/www.w3.org\/2000\/svg\"><path d=\"M464 32H48C21.5 32 0 53.5 0 80v352c0 26.5 21.5 48 48 48h416c26.5 0 48-21.5 48-48V80c0-26.5-21.5-48-48-48zm-16 160H64v-84c0-6.6 5.4-12 12-12h360c6.6 0 12 5.4 12 12v84z\"><\/path><\/svg>\t\t\t<\/div>\n\t\t<\/div>\n\t\t\t\t\t\t<\/div>\n\t\t\t\t<\/div>\n\t\t\t\t<div class=\"elementor-element elementor-element-3244e86f elementor-widget__width-inherit elementor-widget elementor-widget-heading\" data-id=\"3244e86f\" data-element_type=\"widget\" data-e-type=\"widget\" data-widget_type=\"heading.default\">\n\t\t\t\t<div class=\"elementor-widget-container\">\n\t\t\t\t\t<h3 class=\"elementor-heading-title elementor-size-default\">Ramen en rombos<\/h3>\t\t\t\t<\/div>\n\t\t\t\t<\/div>\n\t\t\t\t<\/div>\n\t\t\t\t<div class=\"elementor-element elementor-element-75f87ff5 elementor-widget__width-inherit elementor-widget elementor-widget-heading\" data-id=\"75f87ff5\" data-element_type=\"widget\" data-e-type=\"widget\" data-widget_type=\"heading.default\">\n\t\t\t\t<div class=\"elementor-widget-container\">\n\t\t\t\t\t<p class=\"elementor-heading-title elementor-size-default\">Para da\u00f1os en ventanas, estructuras de ventanas y perfiles de ventanas de caravanas o autocaravanas.<\/p>\t\t\t\t<\/div>\n\t\t\t\t<\/div>\n\t\t\t\t<div class=\"elementor-element elementor-element-22b22892 elementor-widget__width-inherit elementor-align-justify elementor-widget elementor-widget-button\" data-id=\"22b22892\" data-element_type=\"widget\" data-e-type=\"widget\" data-widget_type=\"button.default\">\n\t\t\t\t<div class=\"elementor-widget-container\">\n\t\t\t\t\t\t\t\t\t<div class=\"elementor-button-wrapper\">\n\t\t\t\t\t<a class=\"elementor-button elementor-button-link elementor-size-sm\" href=\"https:\/\/caravanrepair.eu\/es\/dano-en-el-marco\/\">\n\t\t\t\t\t\t<span class=\"elementor-button-content-wrapper\">\n\t\t\t\t\t\t\t\t\t<span class=\"elementor-button-text\">M\u00e1s informaci\u00f3n sobre da\u00f1os en las ventanas<\/span>\n\t\t\t\t\t<\/span>\n\t\t\t\t\t<\/a>\n\t\t\t\t<\/div>\n\t\t\t\t\t\t\t\t<\/div>\n\t\t\t\t<\/div>\n\t\t\t\t<\/div>\n\t\t<div class=\"elementor-element elementor-element-6f554ff5 e-con-full e-flex e-con e-child\" data-id=\"6f554ff5\" data-element_type=\"container\" data-e-type=\"container\" data-settings=\"{&quot;background_background&quot;:&quot;classic&quot;}\">\n\t\t<div class=\"elementor-element elementor-element-f7c9130 e-con-full e-flex e-con e-child\" data-id=\"f7c9130\" data-element_type=\"container\" data-e-type=\"container\">\n\t\t\t\t<div class=\"elementor-element elementor-element-96a7af6 elementor-view-stacked elementor-widget__width-auto elementor-shape-circle elementor-widget elementor-widget-icon\" data-id=\"96a7af6\" data-element_type=\"widget\" data-e-type=\"widget\" data-widget_type=\"icon.default\">\n\t\t\t\t<div class=\"elementor-widget-container\">\n\t\t\t\t\t\t\t<div class=\"elementor-icon-wrapper\">\n\t\t\t<div class=\"elementor-icon\">\n\t\t\t<svg aria-hidden=\"true\" class=\"e-font-icon-svg e-fas-caravan\" viewbox=\"0 0 640 512\" xmlns=\"http:\/\/www.w3.org\/2000\/svg\"><path d=\"M416,208a16,16,0,1,0,16,16A16,16,0,0,0,416,208ZM624,320H576V160A160,160,0,0,0,416,0H64A64,64,0,0,0,0,64V320a64,64,0,0,0,64,64H96a96,96,0,0,0,192,0H624a16,16,0,0,0,16-16V336A16,16,0,0,0,624,320ZM192,432a48,48,0,1,1,48-48A48.05,48.05,0,0,1,192,432Zm64-240a32,32,0,0,1-32,32H96a32,32,0,0,1-32-32V128A32,32,0,0,1,96,96H224a32,32,0,0,1,32,32ZM448,320H320V128a32,32,0,0,1,32-32h64a32,32,0,0,1,32,32Z\"><\/path><\/svg>\t\t\t<\/div>\n\t\t<\/div>\n\t\t\t\t\t\t<\/div>\n\t\t\t\t<\/div>\n\t\t\t\t<div class=\"elementor-element elementor-element-3da0854 elementor-widget__width-inherit elementor-widget elementor-widget-heading\" data-id=\"3da0854\" data-element_type=\"widget\" data-e-type=\"widget\" data-widget_type=\"heading.default\">\n\t\t\t\t<div class=\"elementor-widget-container\">\n\t\t\t\t\t<h3 class=\"elementor-heading-title elementor-size-default\">Techo y tragaluz<\/h3>\t\t\t\t<\/div>\n\t\t\t\t<\/div>\n\t\t\t\t<\/div>\n\t\t\t\t<div class=\"elementor-element elementor-element-1da9f4c7 elementor-widget__width-inherit elementor-widget elementor-widget-heading\" data-id=\"1da9f4c7\" data-element_type=\"widget\" data-e-type=\"widget\" data-widget_type=\"heading.default\">\n\t\t\t\t<div class=\"elementor-widget-container\">\n\t\t\t\t\t<p class=\"elementor-heading-title elementor-size-default\">Para da\u00f1os en el tejado, da\u00f1os alrededor de los tragaluces y fugas procedentes del tejado.<\/p>\t\t\t\t<\/div>\n\t\t\t\t<\/div>\n\t\t\t\t<div class=\"elementor-element elementor-element-3d3f4cf1 elementor-widget__width-inherit elementor-align-justify elementor-widget elementor-widget-button\" data-id=\"3d3f4cf1\" data-element_type=\"widget\" data-e-type=\"widget\" data-widget_type=\"button.default\">\n\t\t\t\t<div class=\"elementor-widget-container\">\n\t\t\t\t\t\t\t\t\t<div class=\"elementor-button-wrapper\">\n\t\t\t\t\t<a class=\"elementor-button elementor-button-link elementor-size-sm\" href=\"https:\/\/caravanrepair.eu\/es\/lastima-techo-trampilla\/\">\n\t\t\t\t\t\t<span class=\"elementor-button-content-wrapper\">\n\t\t\t\t\t\t\t\t\t<span class=\"elementor-button-text\">M\u00e1s sobre da\u00f1os en el tejado<\/span>\n\t\t\t\t\t<\/span>\n\t\t\t\t\t<\/a>\n\t\t\t\t<\/div>\n\t\t\t\t\t\t\t\t<\/div>\n\t\t\t\t<\/div>\n\t\t\t\t<\/div>\n\t\t<div class=\"elementor-element elementor-element-223518b2 e-con-full e-flex e-con e-child\" data-id=\"223518b2\" data-element_type=\"container\" data-e-type=\"container\" data-settings=\"{&quot;background_background&quot;:&quot;classic&quot;}\">\n\t\t<div class=\"elementor-element elementor-element-a21f790 e-con-full e-flex e-con e-child\" data-id=\"a21f790\" data-element_type=\"container\" data-e-type=\"container\">\n\t\t\t\t<div class=\"elementor-element elementor-element-013ef7b elementor-view-stacked elementor-widget__width-auto elementor-shape-circle elementor-widget elementor-widget-icon\" data-id=\"013ef7b\" data-element_type=\"widget\" data-e-type=\"widget\" data-widget_type=\"icon.default\">\n\t\t\t\t<div class=\"elementor-widget-container\">\n\t\t\t\t\t\t\t<div class=\"elementor-icon-wrapper\">\n\t\t\t<div class=\"elementor-icon\">\n\t\t\t<svg aria-hidden=\"true\" class=\"e-font-icon-svg e-fas-water\" viewbox=\"0 0 576 512\" xmlns=\"http:\/\/www.w3.org\/2000\/svg\"><path d=\"M562.1 383.9c-21.5-2.4-42.1-10.5-57.9-22.9-14.1-11.1-34.2-11.3-48.2 0-37.9 30.4-107.2 30.4-145.7-1.5-13.5-11.2-33-9.1-46.7 1.8-38 30.1-106.9 30-145.2-1.7-13.5-11.2-33.3-8.9-47.1 2-15.5 12.2-36 20.1-57.7 22.4-7.9.8-13.6 7.8-13.6 15.7v32.2c0 9.1 7.6 16.8 16.7 16 28.8-2.5 56.1-11.4 79.4-25.9 56.5 34.6 137 34.1 192 0 56.5 34.6 137 34.1 192 0 23.3 14.2 50.9 23.3 79.1 25.8 9.1.8 16.7-6.9 16.7-16v-31.6c.1-8-5.7-15.4-13.8-16.3zm0-144c-21.5-2.4-42.1-10.5-57.9-22.9-14.1-11.1-34.2-11.3-48.2 0-37.9 30.4-107.2 30.4-145.7-1.5-13.5-11.2-33-9.1-46.7 1.8-38 30.1-106.9 30-145.2-1.7-13.5-11.2-33.3-8.9-47.1 2-15.5 12.2-36 20.1-57.7 22.4-7.9.8-13.6 7.8-13.6 15.7v32.2c0 9.1 7.6 16.8 16.7 16 28.8-2.5 56.1-11.4 79.4-25.9 56.5 34.6 137 34.1 192 0 56.5 34.6 137 34.1 192 0 23.3 14.2 50.9 23.3 79.1 25.8 9.1.8 16.7-6.9 16.7-16v-31.6c.1-8-5.7-15.4-13.8-16.3zm0-144C540.6 93.4 520 85.4 504.2 73 490.1 61.9 470 61.7 456 73c-37.9 30.4-107.2 30.4-145.7-1.5-13.5-11.2-33-9.1-46.7 1.8-38 30.1-106.9 30-145.2-1.7-13.5-11.2-33.3-8.9-47.1 2-15.5 12.2-36 20.1-57.7 22.4-7.9.8-13.6 7.8-13.6 15.7v32.2c0 9.1 7.6 16.8 16.7 16 28.8-2.5 56.1-11.4 79.4-25.9 56.5 34.6 137 34.1 192 0 56.5 34.6 137 34.1 192 0 23.3 14.2 50.9 23.3 79.1 25.8 9.1.8 16.7-6.9 16.7-16v-31.6c.1-8-5.7-15.4-13.8-16.3z\"><\/path><\/svg>\t\t\t<\/div>\n\t\t<\/div>\n\t\t\t\t\t\t<\/div>\n\t\t\t\t<\/div>\n\t\t\t\t<div class=\"elementor-element elementor-element-f79272c elementor-widget__width-inherit elementor-widget elementor-widget-heading\" data-id=\"f79272c\" data-element_type=\"widget\" data-e-type=\"widget\" data-widget_type=\"heading.default\">\n\t\t\t\t<div class=\"elementor-widget-container\">\n\t\t\t\t\t<h3 class=\"elementor-heading-title elementor-size-default\">Fugas y humedad<\/h3>\t\t\t\t<\/div>\n\t\t\t\t<\/div>\n\t\t\t\t<\/div>\n\t\t\t\t<div class=\"elementor-element elementor-element-574fd0c8 elementor-widget__width-inherit elementor-widget elementor-widget-heading\" data-id=\"574fd0c8\" data-element_type=\"widget\" data-e-type=\"widget\" data-widget_type=\"heading.default\">\n\t\t\t\t<div class=\"elementor-widget-container\">\n\t\t\t\t\t<p class=\"elementor-heading-title elementor-size-default\">Para fugas, problemas de humedad y da\u00f1os consecuentes en caravanas o autocaravanas.<\/p>\t\t\t\t<\/div>\n\t\t\t\t<\/div>\n\t\t\t\t<div class=\"elementor-element elementor-element-79815a1d elementor-widget__width-inherit elementor-align-justify elementor-widget elementor-widget-button\" data-id=\"79815a1d\" data-element_type=\"widget\" data-e-type=\"widget\" data-widget_type=\"button.default\">\n\t\t\t\t<div class=\"elementor-widget-container\">\n\t\t\t\t\t\t\t\t\t<div class=\"elementor-button-wrapper\">\n\t\t\t\t\t<a class=\"elementor-button elementor-button-link elementor-size-sm\" href=\"https:\/\/caravanrepair.eu\/es\/dano-fuga-humedad\/\">\n\t\t\t\t\t\t<span class=\"elementor-button-content-wrapper\">\n\t\t\t\t\t\t\t\t\t<span class=\"elementor-button-text\">M\u00e1s sobre fugas<\/span>\n\t\t\t\t\t<\/span>\n\t\t\t\t\t<\/a>\n\t\t\t\t<\/div>\n\t\t\t\t\t\t\t\t<\/div>\n\t\t\t\t<\/div>\n\t\t\t\t<\/div>\n\t\t<div class=\"elementor-element elementor-element-3ced7eac e-con-full e-flex e-con e-child\" data-id=\"3ced7eac\" data-element_type=\"container\" data-e-type=\"container\" data-settings=\"{&quot;background_background&quot;:&quot;classic&quot;}\">\n\t\t<div class=\"elementor-element elementor-element-460d7c2 e-con-full e-flex e-con e-child\" data-id=\"460d7c2\" data-element_type=\"container\" data-e-type=\"container\">\n\t\t\t\t<div class=\"elementor-element elementor-element-8c8e22d elementor-view-stacked elementor-widget__width-auto elementor-shape-circle elementor-widget elementor-widget-icon\" data-id=\"8c8e22d\" data-element_type=\"widget\" data-e-type=\"widget\" data-widget_type=\"icon.default\">\n\t\t\t\t<div class=\"elementor-widget-container\">\n\t\t\t\t\t\t\t<div class=\"elementor-icon-wrapper\">\n\t\t\t<div class=\"elementor-icon\">\n\t\t\t<svg aria-hidden=\"true\" class=\"e-font-icon-svg e-fas-poo-storm\" viewbox=\"0 0 448 512\" xmlns=\"http:\/\/www.w3.org\/2000\/svg\"><path d=\"M308 336h-57.7l17.3-64.9c2-7.6-3.7-15.1-11.6-15.1h-68c-6 0-11.1 4.5-11.9 10.4l-16 120c-1 7.2 4.6 13.6 11.9 13.6h59.3l-23 97.2c-1.8 7.6 4 14.8 11.7 14.8 4.2 0 8.2-2.2 10.4-6l88-152c4.6-8-1.2-18-10.4-18zm66.4-111.3c5.9-9.6 9.6-20.6 9.6-32.7 0-35.3-28.7-64-64-64h-5.9c3.6-10.1 5.9-20.7 5.9-32 0-53-43-96-96-96-5.2 0-10.2.7-15.1 1.5C218.3 14.6 224 30.6 224 48c0 44.2-35.8 80-80 80h-16c-35.3 0-64 28.7-64 64 0 12.1 3.7 23.1 9.6 32.7C32.6 228 0 262.2 0 304c0 44 36 80 80 80h48.3c.1-.6 0-1.2 0-1.8l16-120c3-21.8 21.7-38.2 43.7-38.2h68c13.8 0 26.5 6.3 34.9 17.2s11.2 24.8 7.6 38.1l-6.6 24.7h16c15.7 0 30.3 8.4 38.1 22 7.8 13.6 7.8 30.5 0 44l-8.1 14h30c44 0 80-36 80-80 .1-41.8-32.5-76-73.5-79.3z\"><\/path><\/svg>\t\t\t<\/div>\n\t\t<\/div>\n\t\t\t\t\t\t<\/div>\n\t\t\t\t<\/div>\n\t\t\t\t<div class=\"elementor-element elementor-element-534ed41 elementor-widget__width-inherit elementor-widget elementor-widget-heading\" data-id=\"534ed41\" data-element_type=\"widget\" data-e-type=\"widget\" data-widget_type=\"heading.default\">\n\t\t\t\t<div class=\"elementor-widget-container\">\n\t\t\t\t\t<h3 class=\"elementor-heading-title elementor-size-default\">Abolladuras y da\u00f1os por granizo<\/h3>\t\t\t\t<\/div>\n\t\t\t\t<\/div>\n\t\t\t\t<\/div>\n\t\t\t\t<div class=\"elementor-element elementor-element-1bbfc922 elementor-widget__width-inherit elementor-widget elementor-widget-heading\" data-id=\"1bbfc922\" data-element_type=\"widget\" data-e-type=\"widget\" data-widget_type=\"heading.default\">\n\t\t\t\t<div class=\"elementor-widget-container\">\n\t\t\t\t\t<p class=\"elementor-heading-title elementor-size-default\">Para da\u00f1os visibles en el exterior de la caravana o autocaravana.<\/p>\t\t\t\t<\/div>\n\t\t\t\t<\/div>\n\t\t\t\t<div class=\"elementor-element elementor-element-120af36b elementor-widget__width-inherit elementor-align-justify elementor-widget elementor-widget-button\" data-id=\"120af36b\" data-element_type=\"widget\" data-e-type=\"widget\" data-widget_type=\"button.default\">\n\t\t\t\t<div class=\"elementor-widget-container\">\n\t\t\t\t\t\t\t\t\t<div class=\"elementor-button-wrapper\">\n\t\t\t\t\t<a class=\"elementor-button elementor-button-link elementor-size-sm\" href=\"https:\/\/caravanrepair.eu\/es\/dano-golpecitos-granizo\/\">\n\t\t\t\t\t\t<span class=\"elementor-button-content-wrapper\">\n\t\t\t\t\t\t\t\t\t<span class=\"elementor-button-text\">Ver da\u00f1os por granizo<\/span>\n\t\t\t\t\t<\/span>\n\t\t\t\t\t<\/a>\n\t\t\t\t<\/div>\n\t\t\t\t\t\t\t\t<\/div>\n\t\t\t\t<\/div>\n\t\t\t\t<\/div>\n\t\t<div class=\"elementor-element elementor-element-a366435 e-con-full e-flex e-con e-child\" data-id=\"a366435\" data-element_type=\"container\" data-e-type=\"container\" data-settings=\"{&quot;background_background&quot;:&quot;classic&quot;}\">\n\t\t<div class=\"elementor-element elementor-element-4690fe8 e-con-full e-flex e-con e-child\" data-id=\"4690fe8\" data-element_type=\"container\" data-e-type=\"container\">\n\t\t\t\t<div class=\"elementor-element elementor-element-20f710c elementor-view-stacked elementor-widget__width-auto elementor-shape-circle elementor-widget elementor-widget-icon\" data-id=\"20f710c\" data-element_type=\"widget\" data-e-type=\"widget\" data-widget_type=\"icon.default\">\n\t\t\t\t<div class=\"elementor-widget-container\">\n\t\t\t\t\t\t\t<div class=\"elementor-icon-wrapper\">\n\t\t\t<div class=\"elementor-icon\">\n\t\t\t<svg aria-hidden=\"true\" class=\"e-font-icon-svg e-fas-grip-lines\" viewbox=\"0 0 512 512\" xmlns=\"http:\/\/www.w3.org\/2000\/svg\"><path d=\"M496 288H16c-8.8 0-16 7.2-16 16v32c0 8.8 7.2 16 16 16h480c8.8 0 16-7.2 16-16v-32c0-8.8-7.2-16-16-16zm0-128H16c-8.8 0-16 7.2-16 16v32c0 8.8 7.2 16 16 16h480c8.8 0 16-7.2 16-16v-32c0-8.8-7.2-16-16-16z\"><\/path><\/svg>\t\t\t<\/div>\n\t\t<\/div>\n\t\t\t\t\t\t<\/div>\n\t\t\t\t<\/div>\n\t\t\t\t<div class=\"elementor-element elementor-element-3c9a6ab elementor-widget__width-inherit elementor-widget elementor-widget-heading\" data-id=\"3c9a6ab\" data-element_type=\"widget\" data-e-type=\"widget\" data-widget_type=\"heading.default\">\n\t\t\t\t<div class=\"elementor-widget-container\">\n\t\t\t\t\t<h3 class=\"elementor-heading-title elementor-size-default\">Suelo y bajos<\/h3>\t\t\t\t<\/div>\n\t\t\t\t<\/div>\n\t\t\t\t<\/div>\n\t\t\t\t<div class=\"elementor-element elementor-element-1b969121 elementor-widget__width-inherit elementor-widget elementor-widget-heading\" data-id=\"1b969121\" data-element_type=\"widget\" data-e-type=\"widget\" data-widget_type=\"heading.default\">\n\t\t\t\t<div class=\"elementor-widget-container\">\n\t\t\t\t\t<p class=\"elementor-heading-title elementor-size-default\">Para problemas de suelo, tierra y humedad en caravanas o autocaravanas.<\/p>\t\t\t\t<\/div>\n\t\t\t\t<\/div>\n\t\t\t\t<div class=\"elementor-element elementor-element-31dd9c5e elementor-widget__width-inherit elementor-align-justify elementor-widget elementor-widget-button\" data-id=\"31dd9c5e\" data-element_type=\"widget\" data-e-type=\"widget\" data-widget_type=\"button.default\">\n\t\t\t\t<div class=\"elementor-widget-container\">\n\t\t\t\t\t\t\t\t\t<div class=\"elementor-button-wrapper\">\n\t\t\t\t\t<a class=\"elementor-button elementor-button-link elementor-size-sm\" href=\"https:\/\/caravanrepair.eu\/es\/suelo-danado\/\">\n\t\t\t\t\t\t<span class=\"elementor-button-content-wrapper\">\n\t\t\t\t\t\t\t\t\t<span class=\"elementor-button-text\">Ver da\u00f1os en el suelo<\/span>\n\t\t\t\t\t<\/span>\n\t\t\t\t\t<\/a>\n\t\t\t\t<\/div>\n\t\t\t\t\t\t\t\t<\/div>\n\t\t\t\t<\/div>\n\t\t\t\t<\/div>\n\t\t<div class=\"elementor-element elementor-element-5120dcd5 e-con-full e-flex e-con e-child\" data-id=\"5120dcd5\" data-element_type=\"container\" data-e-type=\"container\" data-settings=\"{&quot;background_background&quot;:&quot;classic&quot;}\">\n\t\t<div class=\"elementor-element elementor-element-36073f8 e-con-full e-flex e-con e-child\" data-id=\"36073f8\" data-element_type=\"container\" data-e-type=\"container\">\n\t\t\t\t<div class=\"elementor-element elementor-element-328c51e elementor-view-stacked elementor-widget__width-auto elementor-shape-circle elementor-widget elementor-widget-icon\" data-id=\"328c51e\" data-element_type=\"widget\" data-e-type=\"widget\" data-widget_type=\"icon.default\">\n\t\t\t\t<div class=\"elementor-widget-container\">\n\t\t\t\t\t\t\t<div class=\"elementor-icon-wrapper\">\n\t\t\t<div class=\"elementor-icon\">\n\t\t\t<svg aria-hidden=\"true\" class=\"e-font-icon-svg e-fas-wind\" viewbox=\"0 0 512 512\" xmlns=\"http:\/\/www.w3.org\/2000\/svg\"><path d=\"M156.7 256H16c-8.8 0-16 7.2-16 16v32c0 8.8 7.2 16 16 16h142.2c15.9 0 30.8 10.9 33.4 26.6 3.3 20-12.1 37.4-31.6 37.4-14.1 0-26.1-9.2-30.4-21.9-2.1-6.3-8.6-10.1-15.2-10.1H81.6c-9.8 0-17.7 8.8-15.9 18.4 8.6 44.1 47.6 77.6 94.2 77.6 57.1 0 102.7-50.1 95.2-108.6C249 291 205.4 256 156.7 256zM16 224h336c59.7 0 106.8-54.8 93.8-116.7-7.6-36.2-36.9-65.5-73.1-73.1-55.4-11.6-105.1 24.9-114.9 75.5-1.9 9.6 6.1 18.3 15.8 18.3h32.8c6.7 0 13.1-3.8 15.2-10.1C325.9 105.2 337.9 96 352 96c19.4 0 34.9 17.4 31.6 37.4-2.6 15.7-17.4 26.6-33.4 26.6H16c-8.8 0-16 7.2-16 16v32c0 8.8 7.2 16 16 16zm384 32H243.7c19.3 16.6 33.2 38.8 39.8 64H400c26.5 0 48 21.5 48 48s-21.5 48-48 48c-17.9 0-33.3-9.9-41.6-24.4-2.9-5-8.7-7.6-14.5-7.6h-33.8c-10.9 0-19 10.8-15.3 21.1 17.8 50.6 70.5 84.8 129.4 72.3 41.2-8.7 75.1-41.6 84.7-82.7C526 321.5 470.5 256 400 256z\"><\/path><\/svg>\t\t\t<\/div>\n\t\t<\/div>\n\t\t\t\t\t\t<\/div>\n\t\t\t\t<\/div>\n\t\t\t\t<div class=\"elementor-element elementor-element-a77fd35 elementor-widget__width-inherit elementor-widget elementor-widget-heading\" data-id=\"a77fd35\" data-element_type=\"widget\" data-e-type=\"widget\" data-widget_type=\"heading.default\">\n\t\t\t\t<div class=\"elementor-widget-container\">\n\t\t\t\t\t<h3 class=\"elementor-heading-title elementor-size-default\">Da\u00f1os por tormenta<\/h3>\t\t\t\t<\/div>\n\t\t\t\t<\/div>\n\t\t\t\t<\/div>\n\t\t\t\t<div class=\"elementor-element elementor-element-3be0eed9 elementor-widget__width-inherit elementor-widget elementor-widget-heading\" data-id=\"3be0eed9\" data-element_type=\"widget\" data-e-type=\"widget\" data-widget_type=\"heading.default\">\n\t\t\t\t<div class=\"elementor-widget-container\">\n\t\t\t\t\t<p class=\"elementor-heading-title elementor-size-default\">Para todo tipo de da\u00f1os por tormenta en su caravana o autocaravana.<\/p>\t\t\t\t<\/div>\n\t\t\t\t<\/div>\n\t\t\t\t<div class=\"elementor-element elementor-element-39e7fed3 elementor-widget__width-inherit elementor-align-justify elementor-widget elementor-widget-button\" data-id=\"39e7fed3\" data-element_type=\"widget\" data-e-type=\"widget\" data-widget_type=\"button.default\">\n\t\t\t\t<div class=\"elementor-widget-container\">\n\t\t\t\t\t\t\t\t\t<div class=\"elementor-button-wrapper\">\n\t\t\t\t\t<a class=\"elementor-button elementor-button-link elementor-size-sm\" href=\"https:\/\/caravanrepair.eu\/es\/danos-por-tormenta-caravana-autocaravana\/\">\n\t\t\t\t\t\t<span class=\"elementor-button-content-wrapper\">\n\t\t\t\t\t\t\t\t\t<span class=\"elementor-button-text\">M\u00e1s sobre los da\u00f1os de la tormenta<\/span>\n\t\t\t\t\t<\/span>\n\t\t\t\t\t<\/a>\n\t\t\t\t<\/div>\n\t\t\t\t\t\t\t\t<\/div>\n\t\t\t\t<\/div>\n\t\t\t\t<\/div>\n\t\t\t\t<\/div>\n\t\t\t\t<\/div>\n\t\t<\/div>\n\t\t\t\t\t\t<\/div>\n\t\t\t\t<\/div>\n\t\t\t\t<\/div>\n\t\t\t\t<div class=\"elementor-element elementor-element-81442a3 elementor-widget elementor-widget-shortcode\" data-id=\"81442a3\" data-element_type=\"widget\" data-e-type=\"widget\" data-widget_type=\"shortcode.default\">\n\t\t\t\t<div class=\"elementor-widget-container\">\n\t\t\t\t\t\t\t<div class=\"elementor-shortcode\">\t\t<div data-elementor-type=\"container\" data-elementor-id=\"25021\" class=\"elementor elementor-25021\" data-elementor-post-type=\"elementor_library\">\n\t\t\t\t<div class=\"elementor-element elementor-element-899d707 e-con-full e-flex e-con e-child\" data-id=\"899d707\" data-element_type=\"container\" data-e-type=\"container\" data-settings=\"{&quot;background_background&quot;:&quot;classic&quot;}\">\n\t\t<div class=\"elementor-element elementor-element-67a59104 e-con-full e-flex e-con e-child\" data-id=\"67a59104\" data-element_type=\"container\" data-e-type=\"container\">\n\t\t\t\t<div class=\"elementor-element elementor-element-151d8a0d elementor-widget__width-inherit elementor-widget elementor-widget-heading\" data-id=\"151d8a0d\" data-element_type=\"widget\" data-e-type=\"widget\" data-widget_type=\"heading.default\">\n\t\t\t\t<div class=\"elementor-widget-container\">\n\t\t\t\t\t<h3 class=\"elementor-heading-title elementor-size-default\">\u00bfQuiere informar directamente sobre los da\u00f1os en su caravana o autocaravana?<\/h3>\t\t\t\t<\/div>\n\t\t\t\t<\/div>\n\t\t\t\t<div class=\"elementor-element elementor-element-739314fc elementor-widget__width-inherit elementor-widget elementor-widget-heading\" data-id=\"739314fc\" data-element_type=\"widget\" data-e-type=\"widget\" data-widget_type=\"heading.default\">\n\t\t\t\t<div class=\"elementor-widget-container\">\n\t\t\t\t\t<p class=\"elementor-heading-title elementor-size-default\">Presente su reclamaci\u00f3n f\u00e1cil en l\u00ednea (arriba en esta p\u00e1gina) y adjunte fotos directamente para una tramitaci\u00f3n m\u00e1s r\u00e1pida.<\/p>\t\t\t\t<\/div>\n\t\t\t\t<\/div>\n\t\t\t\t<\/div>\n\t\t<div class=\"elementor-element elementor-element-36511623 e-con-full e-flex e-con e-child\" data-id=\"36511623\" data-element_type=\"container\" data-e-type=\"container\">\n\t\t\t\t<div class=\"elementor-element elementor-element-4528118b elementor-tablet-align-justify elementor-mobile-align-justify elementor-widget elementor-widget-button\" data-id=\"4528118b\" data-element_type=\"widget\" data-e-type=\"widget\" data-widget_type=\"button.default\">\n\t\t\t\t<div class=\"elementor-widget-container\">\n\t\t\t\t\t\t\t\t\t<div class=\"elementor-button-wrapper\">\n\t\t\t\t\t<a class=\"elementor-button elementor-button-link elementor-size-sm\" href=\"#\">\n\t\t\t\t\t\t<span class=\"elementor-button-content-wrapper\">\n\t\t\t\t\t\t\t\t\t<span class=\"elementor-button-text\">Reportar da\u00f1o<\/span>\n\t\t\t\t\t<\/span>\n\t\t\t\t\t<\/a>\n\t\t\t\t<\/div>\n\t\t\t\t\t\t\t\t<\/div>\n\t\t\t\t<\/div>\n\t\t\t\t<div class=\"elementor-element elementor-element-2cacdb20 elementor-tablet-align-justify elementor-mobile-align-justify elementor-widget elementor-widget-button\" data-id=\"2cacdb20\" data-element_type=\"widget\" data-e-type=\"widget\" data-widget_type=\"button.default\">\n\t\t\t\t<div class=\"elementor-widget-container\">\n\t\t\t\t\t\t\t\t\t<div class=\"elementor-button-wrapper\">\n\t\t\t\t\t<a class=\"elementor-button elementor-button-link elementor-size-sm\" href=\"https:\/\/caravanrepair.eu\/es\/distribuidores\/\">\n\t\t\t\t\t\t<span class=\"elementor-button-content-wrapper\">\n\t\t\t\t\t\t\t\t\t<span class=\"elementor-button-text\">Encontrar concesionario<\/span>\n\t\t\t\t\t<\/span>\n\t\t\t\t\t<\/a>\n\t\t\t\t<\/div>\n\t\t\t\t\t\t\t\t<\/div>\n\t\t\t\t<\/div>\n\t\t\t\t<\/div>\n\t\t\t\t<\/div>\n\t\t\t\t<\/div>\n\t\t<\/div>\n\t\t\t\t\t\t<\/div>\n\t\t\t\t<\/div>\n\t\t\t\t<\/div>\n\t\t\t\t<\/div>\n\t\t\t\t<\/section>\n\t\t\t\t\t<\/div>\n\t\t\t\t<\/section>\n\t\t\t\t<\/div>","protected":false},"excerpt":{"rendered":"","protected":false},"author":5,"featured_media":0,"parent":0,"menu_order":0,"comment_status":"closed","ping_status":"closed","template":"","meta":{"footnotes":""},"locatiegroep":[1830],"class_list":["post-27485","page","type-page","status-publish","hentry","locatiegroep-nederland-noord"],"yoast_head":"<!-- This site is optimized with the Yoast SEO Premium plugin v28.4 (Yoast SEO v28.4) - https:\/\/yoast.com\/product\/yoast-seo-premium-wordpress\/ -->\n<title>Caravan- en camperschade Emmen | CaravanRepair<\/title>\n<meta name=\"description\" content=\"Caravan- of camperschade in Emmen? Vul het schadeformulier in met foto\u2019s. CaravanRepair koppelt uw melding aan een aangesloten dealer in de omgeving.\" \/>\n<meta name=\"robots\" content=\"index, follow, max-snippet:-1, max-image-preview:large, max-video-preview:-1\" \/>\n<link rel=\"canonical\" href=\"https:\/\/caravanrepair.eu\/es\/caravana-camper-danos-emmen\/\" \/>\n<meta property=\"og:locale\" content=\"es_ES\" \/>\n<meta property=\"og:type\" content=\"article\" \/>\n<meta property=\"og:title\" content=\"Caravan- en camperschade in Emmen laten beoordelen\" \/>\n<meta property=\"og:description\" content=\"Caravan- of camperschade in Emmen? Vul het schadeformulier in met foto\u2019s. CaravanRepair koppelt uw melding aan een aangesloten dealer in de omgeving.\" \/>\n<meta property=\"og:url\" content=\"https:\/\/caravanrepair.eu\/es\/caravana-camper-danos-emmen\/\" \/>\n<meta property=\"og:site_name\" content=\"CaravanRepair&reg;\" \/>\n<meta property=\"article:modified_time\" content=\"2026-06-29T12:34:48+00:00\" \/>\n<meta property=\"og:image\" content=\"https:\/\/caravanrepair.eu\/wp-content\/uploads\/2019\/01\/logo-caravanrepair.png\" \/>\n\t<meta property=\"og:image:width\" content=\"353\" \/>\n\t<meta property=\"og:image:height\" content=\"150\" \/>\n\t<meta property=\"og:image:type\" content=\"image\/png\" \/>\n<meta name=\"twitter:card\" content=\"summary_large_image\" \/>\n<script type=\"application\/ld+json\" class=\"yoast-schema-graph\">{\"@context\":\"https:\\\/\\\/schema.org\",\"@graph\":[{\"@type\":\"WebPage\",\"@id\":\"https:\\\/\\\/caravanrepair.eu\\\/caravan-camper-schade-emmen\\\/\",\"url\":\"https:\\\/\\\/caravanrepair.eu\\\/caravan-camper-schade-emmen\\\/\",\"name\":\"Caravan- en camperschade Emmen | CaravanRepair\",\"isPartOf\":{\"@id\":\"https:\\\/\\\/caravanrepair.eu\\\/#website\"},\"datePublished\":\"2026-06-26T17:14:07+00:00\",\"dateModified\":\"2026-06-29T12:34:48+00:00\",\"description\":\"Caravan- of camperschade in Emmen? Vul het schadeformulier in met foto\u2019s. CaravanRepair koppelt uw melding aan een aangesloten dealer in de omgeving.\",\"breadcrumb\":{\"@id\":\"https:\\\/\\\/caravanrepair.eu\\\/caravan-camper-schade-emmen\\\/#breadcrumb\"},\"inLanguage\":\"es\",\"potentialAction\":[{\"@type\":\"ReadAction\",\"target\":[\"https:\\\/\\\/caravanrepair.eu\\\/caravan-camper-schade-emmen\\\/\"]}]},{\"@type\":\"BreadcrumbList\",\"@id\":\"https:\\\/\\\/caravanrepair.eu\\\/caravan-camper-schade-emmen\\\/#breadcrumb\",\"itemListElement\":[{\"@type\":\"ListItem\",\"position\":1,\"name\":\"Home\",\"item\":\"https:\\\/\\\/caravanrepair.eu\\\/\"},{\"@type\":\"ListItem\",\"position\":2,\"name\":\"Caravan- en camperschade in Emmen laten beoordelen\"}]},{\"@type\":\"WebSite\",\"@id\":\"https:\\\/\\\/caravanrepair.eu\\\/#website\",\"url\":\"https:\\\/\\\/caravanrepair.eu\\\/\",\"name\":\"CaravanRepair\u00ae\",\"description\":\"Professioneel schadeherstel voor caravan en camper\",\"publisher\":{\"@id\":\"https:\\\/\\\/caravanrepair.eu\\\/#organization\"},\"potentialAction\":[{\"@type\":\"SearchAction\",\"target\":{\"@type\":\"EntryPoint\",\"urlTemplate\":\"https:\\\/\\\/caravanrepair.eu\\\/?s={search_term_string}\"},\"query-input\":{\"@type\":\"PropertyValueSpecification\",\"valueRequired\":true,\"valueName\":\"search_term_string\"}}],\"inLanguage\":\"es\"},{\"@type\":\"Organization\",\"@id\":\"https:\\\/\\\/caravanrepair.eu\\\/#organization\",\"name\":\"CaravanRepair\u00ae\",\"url\":\"https:\\\/\\\/caravanrepair.eu\\\/\",\"logo\":{\"@type\":\"ImageObject\",\"inLanguage\":\"es\",\"@id\":\"https:\\\/\\\/caravanrepair.eu\\\/#\\\/schema\\\/logo\\\/image\\\/\",\"url\":\"https:\\\/\\\/caravanrepair.eu\\\/wp-content\\\/uploads\\\/2019\\\/01\\\/logo-caravanrepair.png\",\"contentUrl\":\"https:\\\/\\\/caravanrepair.eu\\\/wp-content\\\/uploads\\\/2019\\\/01\\\/logo-caravanrepair.png\",\"width\":353,\"height\":150,\"caption\":\"CaravanRepair\u00ae\"},\"image\":{\"@id\":\"https:\\\/\\\/caravanrepair.eu\\\/#\\\/schema\\\/logo\\\/image\\\/\"}}]}<\/script>\n<!-- \/ Yoast SEO Premium plugin. -->","yoast_head_json":{"title":"Da\u00f1os en caravanas y autocaravanas Emmen | CaravanRepair","description":"\u00bfDa\u00f1os en caravana o autocaravana en Emmen? Rellene el formulario de da\u00f1os con fotos. CaravanRepair vincula su notificaci\u00f3n con un concesionario asociado de la zona.","robots":{"index":"index","follow":"follow","max-snippet":"max-snippet:-1","max-image-preview":"max-image-preview:large","max-video-preview":"max-video-preview:-1"},"canonical":"https:\/\/caravanrepair.eu\/es\/caravana-camper-danos-emmen\/","og_locale":"es_ES","og_type":"article","og_title":"Caravan- en camperschade in Emmen laten beoordelen","og_description":"Caravan- of camperschade in Emmen? Vul het schadeformulier in met foto\u2019s. CaravanRepair koppelt uw melding aan een aangesloten dealer in de omgeving.","og_url":"https:\/\/caravanrepair.eu\/es\/caravana-camper-danos-emmen\/","og_site_name":"CaravanRepair&reg;","article_modified_time":"2026-06-29T12:34:48+00:00","og_image":[{"width":353,"height":150,"url":"https:\/\/caravanrepair.eu\/wp-content\/uploads\/2019\/01\/logo-caravanrepair.png","type":"image\/png"}],"twitter_card":"summary_large_image","schema":{"@context":"https:\/\/schema.org","@graph":[{"@type":"WebPage","@id":"https:\/\/caravanrepair.eu\/caravan-camper-schade-emmen\/","url":"https:\/\/caravanrepair.eu\/caravan-camper-schade-emmen\/","name":"Da\u00f1os en caravanas y autocaravanas Emmen | CaravanRepair","isPartOf":{"@id":"https:\/\/caravanrepair.eu\/#website"},"datePublished":"2026-06-26T17:14:07+00:00","dateModified":"2026-06-29T12:34:48+00:00","description":"\u00bfDa\u00f1os en caravana o autocaravana en Emmen? Rellene el formulario de da\u00f1os con fotos. CaravanRepair vincula su notificaci\u00f3n con un concesionario asociado de la zona.","breadcrumb":{"@id":"https:\/\/caravanrepair.eu\/caravan-camper-schade-emmen\/#breadcrumb"},"inLanguage":"es","potentialAction":[{"@type":"ReadAction","target":["https:\/\/caravanrepair.eu\/caravan-camper-schade-emmen\/"]}]},{"@type":"BreadcrumbList","@id":"https:\/\/caravanrepair.eu\/caravan-camper-schade-emmen\/#breadcrumb","itemListElement":[{"@type":"ListItem","position":1,"name":"Home","item":"https:\/\/caravanrepair.eu\/"},{"@type":"ListItem","position":2,"name":"Caravan- en camperschade in Emmen laten beoordelen"}]},{"@type":"WebSite","@id":"https:\/\/caravanrepair.eu\/#website","url":"https:\/\/caravanrepair.eu\/","name":"CaravanRepair\u00ae","description":"Reparaci\u00f3n profesional de da\u00f1os para caravanas y autocaravanas","publisher":{"@id":"https:\/\/caravanrepair.eu\/#organization"},"potentialAction":[{"@type":"SearchAction","target":{"@type":"EntryPoint","urlTemplate":"https:\/\/caravanrepair.eu\/?s={search_term_string}"},"query-input":{"@type":"PropertyValueSpecification","valueRequired":true,"valueName":"search_term_string"}}],"inLanguage":"es"},{"@type":"Organization","@id":"https:\/\/caravanrepair.eu\/#organization","name":"CaravanRepair\u00ae","url":"https:\/\/caravanrepair.eu\/","logo":{"@type":"ImageObject","inLanguage":"es","@id":"https:\/\/caravanrepair.eu\/#\/schema\/logo\/image\/","url":"https:\/\/caravanrepair.eu\/wp-content\/uploads\/2019\/01\/logo-caravanrepair.png","contentUrl":"https:\/\/caravanrepair.eu\/wp-content\/uploads\/2019\/01\/logo-caravanrepair.png","width":353,"height":150,"caption":"CaravanRepair\u00ae"},"image":{"@id":"https:\/\/caravanrepair.eu\/#\/schema\/logo\/image\/"}}]}},"_links":{"self":[{"href":"https:\/\/caravanrepair.eu\/es\/wp-json\/wp\/v2\/pages\/27485","targetHints":{"allow":["GET"]}}],"collection":[{"href":"https:\/\/caravanrepair.eu\/es\/wp-json\/wp\/v2\/pages"}],"about":[{"href":"https:\/\/caravanrepair.eu\/es\/wp-json\/wp\/v2\/types\/page"}],"author":[{"embeddable":true,"href":"https:\/\/caravanrepair.eu\/es\/wp-json\/wp\/v2\/users\/5"}],"replies":[{"embeddable":true,"href":"https:\/\/caravanrepair.eu\/es\/wp-json\/wp\/v2\/comments?post=27485"}],"version-history":[{"count":2,"href":"https:\/\/caravanrepair.eu\/es\/wp-json\/wp\/v2\/pages\/27485\/revisions"}],"predecessor-version":[{"id":27960,"href":"https:\/\/caravanrepair.eu\/es\/wp-json\/wp\/v2\/pages\/27485\/revisions\/27960"}],"wp:attachment":[{"href":"https:\/\/caravanrepair.eu\/es\/wp-json\/wp\/v2\/media?parent=27485"}],"wp:term":[{"taxonomy":"locatiegroep","embeddable":true,"href":"https:\/\/caravanrepair.eu\/es\/wp-json\/wp\/v2\/locatiegroep?post=27485"}],"curies":[{"name":"wp","href":"https:\/\/api.w.org\/{rel}","templated":true}]}}