{"id":26729,"date":"2026-06-03T14:17:52","date_gmt":"2026-06-03T12:17:52","guid":{"rendered":"https:\/\/caravanrepair.eu\/caravan-camper-schade-breda\/"},"modified":"2026-06-29T14:14:52","modified_gmt":"2026-06-29T12:14:52","slug":"naprawa-szkod-przyczep-kempingowych-i-kamperow-breda","status":"publish","type":"page","link":"https:\/\/caravanrepair.eu\/pl\/caravan-camper-schade-breda\/","title":{"rendered":"Ocena uszkodze\u0144 przyczepy lub kampera w regionie Breda"},"content":{"rendered":"<div data-elementor-type=\"wp-page\" data-elementor-id=\"26729\" class=\"elementor elementor-26729\" data-elementor-post-type=\"page\">\n\t\t\t\t<div class=\"elementor-element elementor-element-6df53e23 e-flex e-con-boxed e-con e-parent\" data-id=\"6df53e23\" data-element_type=\"container\" data-e-type=\"container\" data-settings=\"{&quot;background_background&quot;:&quot;classic&quot;,&quot;shape_divider_bottom&quot;:&quot;waves&quot;}\">\n\t\t\t\t\t<div class=\"e-con-inner\">\n\t\t\t\t<div class=\"elementor-shape elementor-shape-bottom\" aria-hidden=\"true\" data-negative=\"false\">\n\t\t\t<svg xmlns=\"http:\/\/www.w3.org\/2000\/svg\" viewbox=\"0 0 1000 100\" preserveaspectratio=\"none\">\n\t<path class=\"elementor-shape-fill\" d=\"M421.9,6.5c22.6-2.5,51.5,0.4,75.5,5.3c23.6,4.9,70.9,23.5,100.5,35.7c75.8,32.2,133.7,44.5,192.6,49.7\tc23.6,2.1,48.7,3.5,103.4-2.5c54.7-6,106.2-25.6,106.2-25.6V0H0v30.3c0,0,72,32.6,158.4,30.5c39.2-0.7,92.8-6.7,134-22.4\tc21.2-8.1,52.2-18.2,79.7-24.2C399.3,7.9,411.6,7.5,421.9,6.5z\"\/>\n<\/svg>\t\t<\/div>\n\t\t<div class=\"elementor-element elementor-element-50b6d74e e-con-full e-flex e-con e-child\" data-id=\"50b6d74e\" data-element_type=\"container\" data-e-type=\"container\">\n\t\t\t\t<div class=\"elementor-element elementor-element-72bd201d elementor-widget__width-auto backdrop-blur elementor-icon-list--layout-traditional elementor-list-item-link-full_width elementor-widget elementor-widget-icon-list\" data-id=\"72bd201d\" data-element_type=\"widget\" data-e-type=\"widget\" data-widget_type=\"icon-list.default\">\n\t\t\t\t<div class=\"elementor-widget-container\">\n\t\t\t\t\t\t\t<ul class=\"elementor-icon-list-items\">\n\t\t\t\t\t\t\t<li class=\"elementor-icon-list-item\">\n\t\t\t\t\t\t\t\t\t\t\t<span class=\"elementor-icon-list-icon\">\n\t\t\t\t\t\t\t<svg aria-hidden=\"true\" class=\"e-font-icon-svg e-fas-check-circle\" viewbox=\"0 0 512 512\" xmlns=\"http:\/\/www.w3.org\/2000\/svg\"><path d=\"M504 256c0 136.967-111.033 248-248 248S8 392.967 8 256 119.033 8 256 8s248 111.033 248 248zM227.314 387.314l184-184c6.248-6.248 6.248-16.379 0-22.627l-22.627-22.627c-6.248-6.249-16.379-6.249-22.628 0L216 308.118l-70.059-70.059c-6.248-6.248-16.379-6.248-22.628 0l-22.627 22.627c-6.248 6.248-6.248 16.379 0 22.627l104 104c6.249 6.249 16.379 6.249 22.628.001z\"><\/path><\/svg>\t\t\t\t\t\t<\/span>\n\t\t\t\t\t\t\t\t\t\t<span class=\"elementor-icon-list-text\">Breda i West-Brabancja<\/span>\n\t\t\t\t\t\t\t\t\t<\/li>\n\t\t\t\t\t\t<\/ul>\n\t\t\t\t\t\t<\/div>\n\t\t\t\t<\/div>\n\t\t\t\t<div class=\"elementor-element elementor-element-6789fef1 elementor-widget elementor-widget-heading\" data-id=\"6789fef1\" data-element_type=\"widget\" data-e-type=\"widget\" data-widget_type=\"heading.default\">\n\t\t\t\t<div class=\"elementor-widget-container\">\n\t\t\t\t\t<h1 class=\"elementor-heading-title elementor-size-default\">Ocena uszkodze\u0144 przyczepy lub kampera w regionie Breda<\/h1>\t\t\t\t<\/div>\n\t\t\t\t<\/div>\n\t\t\t\t<div class=\"elementor-element elementor-element-7ebe2232 elementor-widget__width-initial elementor-widget elementor-widget-text-editor\" data-id=\"7ebe2232\" data-element_type=\"widget\" data-e-type=\"widget\" data-widget_type=\"text-editor.default\">\n\t\t\t\t<div class=\"elementor-widget-container\">\n\t\t\t\t\t\t\t\t\tCzy Pa\u0144stwa kamper lub przyczepa kampingowa uleg\u0142a uszkodzeniu w Breda lub okolicy? Wype\u0142nij formularz zg\u0142oszenia szkody i do\u0142\u0105cz zdj\u0119cia og\u00f3lnego widoku, szczeg\u00f3\u0142\u00f3w oraz wn\u0119trza. CaravanRepair\u00ae oceni zg\u0142oszenie i przypisze je do autoryzowanego dealera w regionie. Dealer oceni, jakie dalsze kroki s\u0105 odpowiednie: inspekcja, wst\u0119pne szacowanie koszt\u00f3w, oferta lub naprawa zgodnie z metod\u0105 CaravanRepair\u00ae.\t\t\t\t\t\t\t\t<\/div>\n\t\t\t\t<\/div>\n\t\t<div class=\"elementor-element elementor-element-56f25313 e-con-full e-flex e-con e-child\" data-id=\"56f25313\" data-element_type=\"container\" data-e-type=\"container\">\n\t\t\t\t<\/div>\n\t\t\t\t<\/div>\n\t\t<div class=\"elementor-element elementor-element-49f4682e e-con-full e-flex e-con e-child\" data-id=\"49f4682e\" data-element_type=\"container\" data-e-type=\"container\">\n\t\t\t\t<div class=\"elementor-element elementor-element-387052d1 elementor-widget elementor-widget-shortcode\" data-id=\"387052d1\" data-element_type=\"widget\" data-e-type=\"widget\" id=\"schade-melden\" data-widget_type=\"shortcode.default\">\n\t\t\t\t<div class=\"elementor-widget-container\">\n\t\t\t\t\t\t\t<div class=\"elementor-shortcode\">\t\t<div data-elementor-type=\"container\" data-elementor-id=\"25032\" class=\"elementor elementor-25032\" data-elementor-post-type=\"elementor_library\">\n\t\t\t\t<div class=\"elementor-element elementor-element-1a854c38 e-con-full e-flex e-con e-child\" data-id=\"1a854c38\" data-element_type=\"container\" data-e-type=\"container\">\n\t\t<div class=\"elementor-element elementor-element-2cd1ed88 e-con-full overflow_hidden animated-fast e-flex e-con e-child\" data-id=\"2cd1ed88\" data-element_type=\"container\" data-e-type=\"container\" data-settings=\"{&quot;background_background&quot;:&quot;classic&quot;,&quot;animation&quot;:&quot;none&quot;}\">\n\t\t\t\t<div class=\"elementor-element elementor-element-3d939271 elementor-widget-divider--view-line elementor-widget elementor-widget-divider\" data-id=\"3d939271\" data-element_type=\"widget\" data-e-type=\"widget\" data-widget_type=\"divider.default\">\n\t\t\t\t<div class=\"elementor-widget-container\">\n\t\t\t\t\t\t\t<div class=\"elementor-divider\">\n\t\t\t<span class=\"elementor-divider-separator\">\n\t\t\t\t\t\t<\/span>\n\t\t<\/div>\n\t\t\t\t\t\t<\/div>\n\t\t\t\t<\/div>\n\t\t\t\t<div class=\"elementor-element elementor-element-23abe5fb elementor-widget elementor-widget-shortcode\" data-id=\"23abe5fb\" data-element_type=\"widget\" data-e-type=\"widget\" data-widget_type=\"shortcode.default\">\n\t\t\t\t<div class=\"elementor-widget-container\">\n\t\t\t\t\t\t\t<div class=\"elementor-shortcode\"><h6 class=\"elementor-heading-title elementor-size-default\" data-no-translation>ZG\u0141O\u015a SZKOD\u0118 BEZ ZOBOWI\u0104ZA\u0143<\/h6><\/div>\n\t\t\t\t\t\t<\/div>\n\t\t\t\t<\/div>\n\t\t\t\t<div class=\"elementor-element elementor-element-655f6d37 elementor-widget elementor-widget-shortcode\" data-id=\"655f6d37\" data-element_type=\"widget\" data-e-type=\"widget\" data-widget_type=\"shortcode.default\">\n\t\t\t\t<div class=\"elementor-widget-container\">\n\t\t\t\t\t\t\t<div class=\"elementor-shortcode\"><div class=\"elementor-heading-title elementor-size-default\" data-no-translation>Wype\u0142nij ten formularz zg\u0142oszenia szkody <strong>bez zobowi\u0105za\u0144<\/strong><br>(skorzystaj z niego r\u00f3wnie\u017c w przypadku szkody ju\u017c zg\u0142oszonej)<\/div><\/div>\n\t\t\t\t\t\t<\/div>\n\t\t\t\t<\/div>\n\t\t\t\t<div class=\"elementor-element elementor-element-cr08b8286 elementor-widget elementor-widget-shortcode\" data-id=\"cr08b8286\" data-element_type=\"widget\" data-e-type=\"widget\" data-widget_type=\"shortcode.default\">\n\t\t\t\t<div class=\"elementor-widget-container\">\n\t\t\t\t\t\t\t<div class=\"elementor-shortcode\">    <form class=\"cr-damage-form cr-damage-form--compact\" data-no-translation novalidate action=\"\">\n        <input type=\"text\" name=\"website\" class=\"cr-damage-form__honeypot\" tabindex=\"-1\" autocomplete=\"off\">\n        <input type=\"hidden\" name=\"source_page\" value=\"https:\/\/caravanrepair.eu\/pl\/pl\/wp-json\/wp\/v2\/pages\/26729\">\n        <input type=\"hidden\" name=\"crdfm_language\" value=\"pl\">\n\n        <div class=\"cr-damage-form__panel is-active\" data-step-panel=\"1\">\n            <div class=\"cr-damage-form__grid\">\n                    <label class=\"cr-damage-form__field cr-damage-form__field--full\">\n        <span>imi\u0119 i nazwisko *<\/span>\n        <input type=\"text\" name=\"name\" required autocomplete=\"name\" placeholder=\"Imi\u0119 i nazwisko\">\n    <\/label>\n                        <label class=\"cr-damage-form__field\">\n        <span>kod pocztowy *<\/span>\n        <input type=\"text\" name=\"postcode\" required autocomplete=\"postal-code\" placeholder=\"kod pocztowy\">\n    <\/label>\n                        <label class=\"cr-damage-form__field\">\n        <span>miejscowo\u015b\u0107 *<\/span>\n        <input type=\"text\" name=\"place\" required autocomplete=\"address-level2\" placeholder=\"miejscowo\u015b\u0107\">\n    <\/label>\n                        <label class=\"cr-damage-form__field\">\n        <span>numer telefonu *<\/span>\n        <input type=\"tel\" name=\"phone\" required autocomplete=\"tel\" placeholder=\"numer telefonu\">\n    <\/label>\n                        <label class=\"cr-damage-form__field\">\n        <span>adres e-mail *<\/span>\n        <input type=\"email\" name=\"email\" required autocomplete=\"email\" placeholder=\"adres e-mail\">\n    <\/label>\n                <\/div>\n        <\/div>\n\n        <div class=\"cr-damage-form__panel\" data-step-panel=\"2\">\n            <div class=\"cr-damage-form__grid\">\n                <label class=\"cr-damage-form__field\">\n                    <span>przyczepa kempingowa lub kamper *<\/span>\n                    <select name=\"vehicle_type\" required>\n                        <option value=\"\">Wybierz opcj\u0119<\/option>\n                        <option value=\"Caravan\">Przyczepa kempingowa<\/option>\n                        <option value=\"Camper\">Kamper<\/option>\n                    <\/select>\n                <\/label>\n                    <label class=\"cr-damage-form__field\">\n        <span>marka *<\/span>\n        <input type=\"text\" name=\"brand\" required placeholder=\"marka\">\n    <\/label>\n                        <label class=\"cr-damage-form__field\">\n        <span>model \/ typ *<\/span>\n        <input type=\"text\" name=\"model_type\" required placeholder=\"model \/ typ\">\n    <\/label>\n                        <label class=\"cr-damage-form__field\">\n        <span>rok produkcji *<\/span>\n        <input type=\"number\" name=\"build_year\" required placeholder=\"rok produkcji\" min=\"2002\" max=\"2027\" inputmode=\"numeric\" data-minimum-build-year=\"2002\">\n    <\/label>\n                    <p class=\"cr-damage-form__build-year-note cr-damage-form__field--full\" data-build-year-message>Pojazd\u00f3w maj\u0105cych 25 lat lub wi\u0119cej nie mo\u017cna zg\u0142asza\u0107 za pomoc\u0105 tego formularza.<\/p>\n                <label class=\"cr-damage-form__field cr-damage-form__field--full\">\n                    <span>opis szkody *<\/span>\n                    <textarea name=\"damage_description\" rows=\"5\" required placeholder=\"Opisz szkod\u0119 mo\u017cliwie jak najdok\u0142adniej\"><\/textarea>\n                <\/label>\n            <\/div>\n        <\/div>\n\n        <div class=\"cr-damage-form__panel\" data-step-panel=\"3\">\n            <div class=\"cr-damage-form__upload\">\n                <label class=\"cr-damage-form__field cr-damage-form__field--full\">\n                    <span>Dodaj zdj\u0119cia<\/span>\n                    <input type=\"file\" name=\"photos\" accept=\"image\/*\" multiple>\n                <\/label>\n                <p class=\"cr-damage-form__help\">Zdj\u0119cia s\u0105 potrzebne do oceny szkody. Mo\u017cna je pomin\u0105\u0107 tylko w przypadku pytania lub szkody, kt\u00f3ra zosta\u0142a ju\u017c zg\u0142oszona.<\/p>\n                <p class=\"cr-damage-form__files\" data-file-summary>Nie wybrano jeszcze zdj\u0119\u0107<\/p>\n                <div class=\"cr-damage-form__preview\" data-preview><\/div>\n                <label class=\"cr-damage-form__photo-skip\">\n                    <input type=\"checkbox\" name=\"photos_waived\" value=\"1\" data-photo-waiver>\n                    <span>Nie dodaj\u0119 zdj\u0119\u0107 i rozumiem, \u017ce s\u0105 one potrzebne do oceny szkody.<\/span>\n                <\/label>\n            <\/div>\n        <\/div>\n\n        <div class=\"cr-damage-form__steps\" aria-label=\"Etapy formularza\">\n            <div class=\"cr-damage-form__step is-active\" data-step-indicator=\"1\"><span>1<\/span><strong>Dane<\/strong><\/div>\n            <div class=\"cr-damage-form__step\" data-step-indicator=\"2\"><span>2<\/span><strong>Pojazd<\/strong><\/div>\n            <div class=\"cr-damage-form__step\" data-step-indicator=\"3\"><span>3<\/span><strong>Zdj\u0119cia<\/strong><\/div>\n        <\/div>\n\n        <div class=\"cr-damage-form__status\" data-status aria-live=\"polite\"><\/div>\n\n        <div class=\"cr-damage-form__actions cr-damage-form__actions--single\" data-actions>\n            <button type=\"button\" class=\"cr-damage-form__button cr-damage-form__button--ghost\" data-prev-step hidden>Wstecz<\/button>\n            <button type=\"button\" class=\"cr-damage-form__button cr-damage-form__button--primary\" data-next-step>Dalej<\/button>\n            <button type=\"submit\" class=\"cr-damage-form__button cr-damage-form__button--primary\" data-submit-button hidden>Wy\u015blij<\/button>\n        <\/div>\n    <input type=\"hidden\" name=\"trp-form-language\" value=\"pl\"\/><\/form>\n    <\/div>\n\t\t\t\t\t\t<\/div>\n\t\t\t\t<\/div>\n\t\t\t\t<div class=\"elementor-element elementor-element-130121d8 elementor-icon-list--layout-inline elementor-align-center elementor-list-item-link-full_width elementor-widget elementor-widget-icon-list\" data-id=\"130121d8\" data-element_type=\"widget\" data-e-type=\"widget\" data-widget_type=\"icon-list.default\">\n\t\t\t\t<div class=\"elementor-widget-container\">\n\t\t\t\t\t\t\t<ul class=\"elementor-icon-list-items elementor-inline-items\">\n\t\t\t\t\t\t\t<li class=\"elementor-icon-list-item elementor-inline-item\">\n\t\t\t\t\t\t\t\t\t\t\t<span class=\"elementor-icon-list-icon\">\n\t\t\t\t\t\t\t<svg aria-hidden=\"true\" class=\"e-font-icon-svg e-fas-check-circle\" viewbox=\"0 0 512 512\" xmlns=\"http:\/\/www.w3.org\/2000\/svg\"><path d=\"M504 256c0 136.967-111.033 248-248 248S8 392.967 8 256 119.033 8 256 8s248 111.033 248 248zM227.314 387.314l184-184c6.248-6.248 6.248-16.379 0-22.627l-22.627-22.627c-6.248-6.249-16.379-6.249-22.628 0L216 308.118l-70.059-70.059c-6.248-6.248-16.379-6.248-22.628 0l-22.627 22.627c-6.248 6.248-6.248 16.379 0 22.627l104 104c6.249 6.249 16.379 6.249 22.628.001z\"><\/path><\/svg>\t\t\t\t\t\t<\/span>\n\t\t\t\t\t\t\t\t\t\t<span class=\"elementor-icon-list-text\">Certyfikowana sie\u0107 dealerska<\/span>\n\t\t\t\t\t\t\t\t\t<\/li>\n\t\t\t\t\t\t\t\t<li class=\"elementor-icon-list-item elementor-inline-item\">\n\t\t\t\t\t\t\t\t\t\t\t<span class=\"elementor-icon-list-icon\">\n\t\t\t\t\t\t\t<svg aria-hidden=\"true\" class=\"e-font-icon-svg e-fas-check-circle\" viewbox=\"0 0 512 512\" xmlns=\"http:\/\/www.w3.org\/2000\/svg\"><path d=\"M504 256c0 136.967-111.033 248-248 248S8 392.967 8 256 119.033 8 256 8s248 111.033 248 248zM227.314 387.314l184-184c6.248-6.248 6.248-16.379 0-22.627l-22.627-22.627c-6.248-6.249-16.379-6.249-22.628 0L216 308.118l-70.059-70.059c-6.248-6.248-16.379-6.248-22.628 0l-22.627 22.627c-6.248 6.248-6.248 16.379 0 22.627l104 104c6.249 6.249 16.379 6.249 22.628.001z\"><\/path><\/svg>\t\t\t\t\t\t<\/span>\n\t\t\t\t\t\t\t\t\t\t<span class=\"elementor-icon-list-text\">ponad 25 lat do\u015bwiadczenia<\/span>\n\t\t\t\t\t\t\t\t\t<\/li>\n\t\t\t\t\t\t<\/ul>\n\t\t\t\t\t\t<\/div>\n\t\t\t\t<\/div>\n\t\t\t\t<\/div>\n\t\t\t\t<\/div>\n\t\t\t\t<\/div>\n\t\t<\/div>\n\t\t\t\t\t\t<\/div>\n\t\t\t\t<\/div>\n\t\t\t\t<\/div>\n\t\t\t\t\t<\/div>\n\t\t\t\t<\/div>\n\t\t<section class=\"elementor-element elementor-element-624e645 e-con-full e-flex e-con e-parent\" data-id=\"624e645\" data-element_type=\"container\" data-e-type=\"container\" data-settings=\"{&quot;background_background&quot;:&quot;classic&quot;}\">\n\t\t\t\t<div class=\"elementor-element elementor-element-e284688 elementor-widget elementor-widget-shortcode\" data-id=\"e284688\" data-element_type=\"widget\" data-e-type=\"widget\" data-widget_type=\"shortcode.default\">\n\t\t\t\t<div class=\"elementor-widget-container\">\n\t\t\t\t\t\t\t<div class=\"elementor-shortcode\">\t\t<div data-elementor-type=\"section\" data-elementor-id=\"25766\" class=\"elementor elementor-25766\" data-elementor-post-type=\"elementor_library\">\n\t\t\t<section class=\"elementor-element elementor-element-c11f18f e-con-full e-flex e-con e-parent\" data-id=\"c11f18f\" data-element_type=\"container\" data-e-type=\"container\" data-settings=\"{&quot;background_background&quot;:&quot;classic&quot;}\">\n\t\t<div class=\"elementor-element elementor-element-225d429c e-flex e-con-boxed e-con e-child\" data-id=\"225d429c\" data-element_type=\"container\" data-e-type=\"container\">\n\t\t\t\t\t<div class=\"e-con-inner\">\n\t\t<div class=\"elementor-element elementor-element-39ea0620 e-con-full e-flex e-con e-child\" data-id=\"39ea0620\" data-element_type=\"container\" data-e-type=\"container\">\n\t\t\t\t<div class=\"elementor-element elementor-element-7f34d566 elementor-nav-menu__align-center elementor-nav-menu--dropdown-none elementor-widget elementor-widget-nav-menu\" data-id=\"7f34d566\" data-element_type=\"widget\" data-e-type=\"widget\" data-settings=\"{&quot;layout&quot;:&quot;horizontal&quot;,&quot;submenu_icon&quot;:{&quot;value&quot;:&quot;&lt;svg aria-hidden=\\&quot;true\\&quot; class=\\&quot;e-font-icon-svg e-fas-caret-down\\&quot; viewBox=\\&quot;0 0 320 512\\&quot; xmlns=\\&quot;http:\\\/\\\/www.w3.org\\\/2000\\\/svg\\&quot;&gt;&lt;path d=\\&quot;M31.3 192h257.3c17.8 0 26.7 21.5 14.1 34.1L174.1 354.8c-7.8 7.8-20.5 7.8-28.3 0L17.2 226.1C4.6 213.5 13.5 192 31.3 192z\\&quot;&gt;&lt;\\\/path&gt;&lt;\\\/svg&gt;&quot;,&quot;library&quot;:&quot;fa-solid&quot;}}\" data-widget_type=\"nav-menu.default\">\n\t\t\t\t<div class=\"elementor-widget-container\">\n\t\t\t\t\t\t\t\t<nav aria-label=\"Menu\" class=\"elementor-nav-menu--main elementor-nav-menu__container elementor-nav-menu--layout-horizontal e--pointer-none\">\n\t\t\t\t<ul id=\"menu-1-7f34d566\" class=\"elementor-nav-menu\"><li class=\"menu-item menu-item-type-post_type menu-item-object-page menu-item-25761\"><a href=\"https:\/\/caravanrepair.eu\/pl\/caravan-schade\/\" class=\"elementor-item\">Uszkodzenia przyczepy kempingowej<\/a><\/li>\n<li class=\"menu-item menu-item-type-post_type menu-item-object-page menu-item-25760\"><a href=\"https:\/\/caravanrepair.eu\/pl\/camper-schade\/\" class=\"elementor-item\">Uszkodzenia kampera<\/a><\/li>\n<li class=\"menu-item menu-item-type-post_type menu-item-object-page menu-item-25725\"><a href=\"https:\/\/caravanrepair.eu\/pl\/raamschade\/\" class=\"elementor-item\">Uszkodzenia okien<\/a><\/li>\n<li class=\"menu-item menu-item-type-post_type menu-item-object-page menu-item-25726\"><a href=\"https:\/\/caravanrepair.eu\/pl\/schade-dak-dakluik\/\" class=\"elementor-item\">Uszkodzenia dachu<\/a><\/li>\n<li class=\"menu-item menu-item-type-post_type menu-item-object-page menu-item-25728\"><a href=\"https:\/\/caravanrepair.eu\/pl\/schade-deuken-hagel\/\" class=\"elementor-item\">uszkodzenie przez grad<\/a><\/li>\n<li class=\"menu-item menu-item-type-post_type menu-item-object-page menu-item-25759\"><a href=\"https:\/\/caravanrepair.eu\/pl\/schade-vloer\/\" class=\"elementor-item\">Uszkodzenia pod\u0142ogi<\/a><\/li>\n<li class=\"menu-item menu-item-type-post_type menu-item-object-page menu-item-26568\"><a href=\"https:\/\/caravanrepair.eu\/pl\/stormschade-caravan-camper\/\" class=\"elementor-item\">Szkody spowodowane burz\u0105<\/a><\/li>\n<li class=\"menu-item menu-item-type-post_type menu-item-object-page menu-item-26569\"><a href=\"https:\/\/caravanrepair.eu\/pl\/schade-lekkage-vocht\/\" class=\"elementor-item\">Szkody spowodowane wilgoci\u0105<\/a><\/li>\n<\/ul>\t\t\t<\/nav>\n\t\t\t\t\t\t<nav class=\"elementor-nav-menu--dropdown elementor-nav-menu__container\" aria-hidden=\"true\">\n\t\t\t\t<ul id=\"menu-2-7f34d566\" class=\"elementor-nav-menu\"><li class=\"menu-item menu-item-type-post_type menu-item-object-page menu-item-25761\"><a href=\"https:\/\/caravanrepair.eu\/pl\/caravan-schade\/\" class=\"elementor-item\" tabindex=\"-1\">Uszkodzenia przyczepy kempingowej<\/a><\/li>\n<li class=\"menu-item menu-item-type-post_type menu-item-object-page menu-item-25760\"><a href=\"https:\/\/caravanrepair.eu\/pl\/camper-schade\/\" class=\"elementor-item\" tabindex=\"-1\">Uszkodzenia kampera<\/a><\/li>\n<li class=\"menu-item menu-item-type-post_type menu-item-object-page menu-item-25725\"><a href=\"https:\/\/caravanrepair.eu\/pl\/raamschade\/\" class=\"elementor-item\" tabindex=\"-1\">Uszkodzenia okien<\/a><\/li>\n<li class=\"menu-item menu-item-type-post_type menu-item-object-page menu-item-25726\"><a href=\"https:\/\/caravanrepair.eu\/pl\/schade-dak-dakluik\/\" class=\"elementor-item\" tabindex=\"-1\">Uszkodzenia dachu<\/a><\/li>\n<li class=\"menu-item menu-item-type-post_type menu-item-object-page menu-item-25728\"><a href=\"https:\/\/caravanrepair.eu\/pl\/schade-deuken-hagel\/\" class=\"elementor-item\" tabindex=\"-1\">uszkodzenie przez grad<\/a><\/li>\n<li class=\"menu-item menu-item-type-post_type menu-item-object-page menu-item-25759\"><a href=\"https:\/\/caravanrepair.eu\/pl\/schade-vloer\/\" class=\"elementor-item\" tabindex=\"-1\">Uszkodzenia pod\u0142ogi<\/a><\/li>\n<li class=\"menu-item menu-item-type-post_type menu-item-object-page menu-item-26568\"><a href=\"https:\/\/caravanrepair.eu\/pl\/stormschade-caravan-camper\/\" class=\"elementor-item\" tabindex=\"-1\">Szkody spowodowane burz\u0105<\/a><\/li>\n<li class=\"menu-item menu-item-type-post_type menu-item-object-page menu-item-26569\"><a href=\"https:\/\/caravanrepair.eu\/pl\/schade-lekkage-vocht\/\" class=\"elementor-item\" tabindex=\"-1\">Szkody spowodowane wilgoci\u0105<\/a><\/li>\n<\/ul>\t\t\t<\/nav>\n\t\t\t\t\t\t<\/div>\n\t\t\t\t<\/div>\n\t\t\t\t<\/div>\n\t\t\t\t\t<\/div>\n\t\t\t\t<\/div>\n\t\t\t\t<\/section>\n\t\t\t\t<\/div>\n\t\t<\/div>\n\t\t\t\t\t\t<\/div>\n\t\t\t\t<\/div>\n\t\t\t\t<\/section>\n\t\t<div class=\"elementor-element elementor-element-0dc37a17 e-con-full e-flex e-con e-parent\" data-id=\"0dc37a17\" data-element_type=\"container\" data-e-type=\"container\">\n\t\t\t\t<div class=\"elementor-element elementor-element-ea2d4868 elementor-widget elementor-widget-shortcode\" data-id=\"ea2d4868\" data-element_type=\"widget\" data-e-type=\"widget\" data-widget_type=\"shortcode.default\">\n\t\t\t\t<div class=\"elementor-widget-container\">\n\t\t\t\t\t\t\t<div class=\"elementor-shortcode\"><\/div>\n\t\t\t\t\t\t<\/div>\n\t\t\t\t<\/div>\n\t\t\t\t<\/div>\n\t\t<section class=\"elementor-element elementor-element-78d239f5 e-flex e-con-boxed e-con e-parent\" data-id=\"78d239f5\" data-element_type=\"container\" data-e-type=\"container\" data-settings=\"{&quot;background_background&quot;:&quot;classic&quot;}\">\n\t\t\t\t\t<div class=\"e-con-inner\">\n\t\t<div class=\"elementor-element elementor-element-4b23057f e-grid e-con-full e-con e-child\" data-id=\"4b23057f\" data-element_type=\"container\" data-e-type=\"container\">\n\t\t<div class=\"elementor-element elementor-element-135beaf8 e-con-full e-flex e-con e-child\" data-id=\"135beaf8\" data-element_type=\"container\" data-e-type=\"container\" data-settings=\"{&quot;background_background&quot;:&quot;classic&quot;}\">\n\t\t<div class=\"elementor-element elementor-element-1320ea51 e-con-full e-flex e-con e-child\" data-id=\"1320ea51\" data-element_type=\"container\" data-e-type=\"container\">\n\t\t\t\t<div class=\"elementor-element elementor-element-1f9cef78 elementor-widget__width-inherit elementor-widget elementor-widget-heading\" data-id=\"1f9cef78\" data-element_type=\"widget\" data-e-type=\"widget\" data-widget_type=\"heading.default\">\n\t\t\t\t<div class=\"elementor-widget-container\">\n\t\t\t\t\t<h2 class=\"elementor-heading-title elementor-size-default\">Dlaczego CaravanRepair\u00ae przy uszkodzeniach przyczep i kamper\u00f3w w Breda?<\/h2>\t\t\t\t<\/div>\n\t\t\t\t<\/div>\n\t\t\t\t<div class=\"elementor-element elementor-element-42ba5831 elementor-widget__width-inherit elementor-widget elementor-widget-heading\" data-id=\"42ba5831\" data-element_type=\"widget\" data-e-type=\"widget\" data-widget_type=\"heading.default\">\n\t\t\t\t<div class=\"elementor-widget-container\">\n\t\t\t\t\t<p class=\"elementor-heading-title elementor-size-default\">Uszkodzenia dachu, \u015bciany lub okien wok\u00f3\u0142 Breda? Niech Tw\u00f3j przyczep\u0119 kampow\u0105 lub kamper oceni autoryzowany dealer CaravanRepair\u00ae.<\/p>\t\t\t\t<\/div>\n\t\t\t\t<\/div>\n\t\t\t\t<\/div>\n\t\t\t\t<div class=\"elementor-element elementor-element-e696bfa elementor-widget__width-inherit elementor-widget elementor-widget-heading\" data-id=\"e696bfa\" data-element_type=\"widget\" data-e-type=\"widget\" data-widget_type=\"heading.default\">\n\t\t\t\t<div class=\"elementor-widget-container\">\n\t\t\t\t\t<p class=\"elementor-heading-title elementor-size-default\">Wok\u00f3\u0142 Breda szkody mog\u0105 powsta\u0107 na kempingu, w drodze lub po postoju. Rysa lub uszkodzenie poszycia karawany przez nisko zwisaj\u0105ce ga\u0142\u0119zie czasem wygl\u0105da na niewielkie, ale naprawa dachu wymaga wiedzy specjalistycznej, poniewa\u017c nieszczelno\u015b\u0107 i problemy z wilgoci\u0105 p\u00f3\u017aniej mog\u0105 spowodowa\u0107 wi\u0119ksze straty. Zg\u0142o\u015b szkod\u0119, do\u0142\u0105czaj\u0105c zdj\u0119cia z zewn\u0105trz, z wn\u0119trza oraz uj\u0119cia miejsc szczeg\u00f3\u0142owych. CaravanRepair\u00ae \u0142\u0105czy Twoje zg\u0142oszenie z pod\u0142\u0105czonym dealerem w okolicy Breda, aby by\u0142o jasne, czy potrzebna jest inspekcja, wst\u0119pna wycena, oferta lub naprawa.<\/p>\t\t\t\t<\/div>\n\t\t\t\t<\/div>\n\t\t<div class=\"elementor-element elementor-element-390079f0 e-con-full e-flex e-con e-child\" data-id=\"390079f0\" data-element_type=\"container\" data-e-type=\"container\">\n\t\t\t\t<div class=\"elementor-element elementor-element-3f57d20 elementor-icon-list--layout-traditional elementor-list-item-link-full_width elementor-widget elementor-widget-icon-list\" data-id=\"3f57d20\" data-element_type=\"widget\" data-e-type=\"widget\" data-widget_type=\"icon-list.default\">\n\t\t\t\t<div class=\"elementor-widget-container\">\n\t\t\t\t\t\t\t<ul class=\"elementor-icon-list-items\">\n\t\t\t\t\t\t\t<li class=\"elementor-icon-list-item\">\n\t\t\t\t\t\t\t\t\t\t\t<span class=\"elementor-icon-list-icon\">\n\t\t\t\t\t\t\t<svg aria-hidden=\"true\" class=\"e-font-icon-svg e-fas-long-arrow-alt-right\" viewbox=\"0 0 448 512\" xmlns=\"http:\/\/www.w3.org\/2000\/svg\"><path d=\"M313.941 216H12c-6.627 0-12 5.373-12 12v56c0 6.627 5.373 12 12 12h301.941v46.059c0 21.382 25.851 32.09 40.971 16.971l86.059-86.059c9.373-9.373 9.373-24.569 0-33.941l-86.059-86.059c-15.119-15.119-40.971-4.411-40.971 16.971V216z\"><\/path><\/svg>\t\t\t\t\t\t<\/span>\n\t\t\t\t\t\t\t\t\t\t<span class=\"elementor-icon-list-text\">Szkoda przyczepy lub kampera w Breda lub okolicy? Wy\u015blij wyra\u017ane zdj\u0119cia do oceny.<\/span>\n\t\t\t\t\t\t\t\t\t<\/li>\n\t\t\t\t\t\t\t\t<li class=\"elementor-icon-list-item\">\n\t\t\t\t\t\t\t\t\t\t\t<span class=\"elementor-icon-list-icon\">\n\t\t\t\t\t\t\t<svg aria-hidden=\"true\" class=\"e-font-icon-svg e-fas-long-arrow-alt-right\" viewbox=\"0 0 448 512\" xmlns=\"http:\/\/www.w3.org\/2000\/svg\"><path d=\"M313.941 216H12c-6.627 0-12 5.373-12 12v56c0 6.627 5.373 12 12 12h301.941v46.059c0 21.382 25.851 32.09 40.971 16.971l86.059-86.059c9.373-9.373 9.373-24.569 0-33.941l-86.059-86.059c-15.119-15.119-40.971-4.411-40.971 16.971V216z\"><\/path><\/svg>\t\t\t\t\t\t<\/span>\n\t\t\t\t\t\t\t\t\t\t<span class=\"elementor-icon-list-text\">Do\u0142\u0105cz zdj\u0119cia og\u00f3lnego widoku, uj\u0119cia szczeg\u00f3\u0142owego, wn\u0119trza oraz podejrzanych \u0142\u0105cze\u0144.<\/span>\n\t\t\t\t\t\t\t\t\t<\/li>\n\t\t\t\t\t\t\t\t<li class=\"elementor-icon-list-item\">\n\t\t\t\t\t\t\t\t\t\t\t<span class=\"elementor-icon-list-icon\">\n\t\t\t\t\t\t\t<svg aria-hidden=\"true\" class=\"e-font-icon-svg e-fas-long-arrow-alt-right\" viewbox=\"0 0 448 512\" xmlns=\"http:\/\/www.w3.org\/2000\/svg\"><path d=\"M313.941 216H12c-6.627 0-12 5.373-12 12v56c0 6.627 5.373 12 12 12h301.941v46.059c0 21.382 25.851 32.09 40.971 16.971l86.059-86.059c9.373-9.373 9.373-24.569 0-33.941l-86.059-86.059c-15.119-15.119-40.971-4.411-40.971 16.971V216z\"><\/path><\/svg>\t\t\t\t\t\t<\/span>\n\t\t\t\t\t\t\t\t\t\t<span class=\"elementor-icon-list-text\">Ocena dealera z uwzgl\u0119dnieniem uszkodze\u0144 spowodowanych gradem, uszkodze\u0144 szyb i wyciek\u00f3w.<\/span>\n\t\t\t\t\t\t\t\t\t<\/li>\n\t\t\t\t\t\t<\/ul>\n\t\t\t\t\t\t<\/div>\n\t\t\t\t<\/div>\n\t\t\t\t<\/div>\n\t\t<div class=\"elementor-element elementor-element-586e612a e-grid e-con-full e-con e-child\" data-id=\"586e612a\" data-element_type=\"container\" data-e-type=\"container\">\n\t\t<div class=\"elementor-element elementor-element-4528776e e-con-full e-flex e-con e-child\" data-id=\"4528776e\" data-element_type=\"container\" data-e-type=\"container\" data-settings=\"{&quot;background_background&quot;:&quot;classic&quot;}\">\n\t\t\t\t<div class=\"elementor-element elementor-element-4372e02d elementor-widget elementor-widget-html\" data-id=\"4372e02d\" data-element_type=\"widget\" data-e-type=\"widget\" data-widget_type=\"html.default\">\n\t\t\t\t<div class=\"elementor-widget-container\">\n\t\t\t\t\t<strong class=\"strong-u6duo1\">Wyciek<\/strong>\t\t\t\t<\/div>\n\t\t\t\t<\/div>\n\t\t\t\t<div class=\"elementor-element elementor-element-2df49f2b elementor-widget elementor-widget-heading\" data-id=\"2df49f2b\" data-element_type=\"widget\" data-e-type=\"widget\" data-widget_type=\"heading.default\">\n\t\t\t\t<div class=\"elementor-widget-container\">\n\t\t\t\t\t<span class=\"elementor-heading-title elementor-size-default\">Wa\u017cne dla oceny, ceny i \u015bcie\u017cki naprawy.<\/span>\t\t\t\t<\/div>\n\t\t\t\t<\/div>\n\t\t\t\t<\/div>\n\t\t<div class=\"elementor-element elementor-element-22ac85ca e-con-full e-flex e-con e-child\" data-id=\"22ac85ca\" data-element_type=\"container\" data-e-type=\"container\" data-settings=\"{&quot;background_background&quot;:&quot;classic&quot;}\">\n\t\t\t\t<div class=\"elementor-element elementor-element-4e6aefa elementor-widget elementor-widget-html\" data-id=\"4e6aefa\" data-element_type=\"widget\" data-e-type=\"widget\" data-widget_type=\"html.default\">\n\t\t\t\t<div class=\"elementor-widget-container\">\n\t\t\t\t\t<strong class=\"strong-uz5stn\">uszkodzenie przez grad<\/strong>\t\t\t\t<\/div>\n\t\t\t\t<\/div>\n\t\t\t\t<div class=\"elementor-element elementor-element-2d6c58b0 elementor-widget elementor-widget-heading\" data-id=\"2d6c58b0\" data-element_type=\"widget\" data-e-type=\"widget\" data-widget_type=\"heading.default\">\n\t\t\t\t<div class=\"elementor-widget-container\">\n\t\t\t\t\t<span class=\"elementor-heading-title elementor-size-default\">Wa\u017cna uwaga dotycz\u0105ca zg\u0142osze\u0144 z Breda.<\/span>\t\t\t\t<\/div>\n\t\t\t\t<\/div>\n\t\t\t\t<\/div>\n\t\t<div class=\"elementor-element elementor-element-44161bc8 e-con-full e-flex e-con e-child\" data-id=\"44161bc8\" data-element_type=\"container\" data-e-type=\"container\" data-settings=\"{&quot;background_background&quot;:&quot;classic&quot;}\">\n\t\t\t\t<div class=\"elementor-element elementor-element-5884019e elementor-widget elementor-widget-html\" data-id=\"5884019e\" data-element_type=\"widget\" data-e-type=\"widget\" data-widget_type=\"html.default\">\n\t\t\t\t<div class=\"elementor-widget-container\">\n\t\t\t\t\t<strong class=\"strong-tozl4r\">Uszkodzenia okien<\/strong>\t\t\t\t<\/div>\n\t\t\t\t<\/div>\n\t\t\t\t<div class=\"elementor-element elementor-element-41664ecf elementor-widget elementor-widget-heading\" data-id=\"41664ecf\" data-element_type=\"widget\" data-e-type=\"widget\" data-widget_type=\"heading.default\">\n\t\t\t\t<div class=\"elementor-widget-container\">\n\t\t\t\t\t<span class=\"elementor-heading-title elementor-size-default\">Sprawd\u017a tak\u017ce s\u0105siednie z\u0142\u0105cza i wn\u0119trze.<\/span>\t\t\t\t<\/div>\n\t\t\t\t<\/div>\n\t\t\t\t<\/div>\n\t\t\t\t<\/div>\n\t\t\t\t<\/div>\n\t\t<div class=\"elementor-element elementor-element-59c7831a e-con-full e-flex e-con e-child\" data-id=\"59c7831a\" data-element_type=\"container\" data-e-type=\"container\" data-settings=\"{&quot;background_background&quot;:&quot;classic&quot;}\">\n\t\t\t\t<div class=\"elementor-element elementor-element-412255f6 elementor-widget__width-inherit elementor-widget elementor-widget-image\" data-id=\"412255f6\" data-element_type=\"widget\" data-e-type=\"widget\" data-widget_type=\"image.default\">\n\t\t\t\t<div class=\"elementor-widget-container\">\n\t\t\t\t\t\t\t\t\t\t\t\t\t\t\t<img fetchpriority=\"high\" decoding=\"async\" width=\"1920\" height=\"1434\" src=\"https:\/\/caravanrepair.eu\/wp-content\/uploads\/2026\/03\/raamschade-reparatie.webp\" class=\"attachment-full size-full wp-image-26045\" alt=\"Naprawa uszkodze\u0144 szyb w przyczepie kempingowej lub kamperze\" srcset=\"https:\/\/caravanrepair.eu\/wp-content\/uploads\/2026\/03\/raamschade-reparatie.webp 1920w, https:\/\/caravanrepair.eu\/wp-content\/uploads\/2026\/03\/raamschade-reparatie-300x224.webp 300w, https:\/\/caravanrepair.eu\/wp-content\/uploads\/2026\/03\/raamschade-reparatie-1024x765.webp 1024w, https:\/\/caravanrepair.eu\/wp-content\/uploads\/2026\/03\/raamschade-reparatie-768x574.webp 768w, https:\/\/caravanrepair.eu\/wp-content\/uploads\/2026\/03\/raamschade-reparatie-1536x1147.webp 1536w\" sizes=\"(max-width: 1920px) 100vw, 1920px\" \/>\t\t\t\t\t\t\t\t\t\t\t\t\t\t\t<\/div>\n\t\t\t\t<\/div>\n\t\t<div class=\"elementor-element elementor-element-659bd652 e-con-full e-flex e-con e-child\" data-id=\"659bd652\" data-element_type=\"container\" data-e-type=\"container\">\n\t\t\t\t<div class=\"elementor-element elementor-element-468e78c0 elementor-widget__width-inherit elementor-widget elementor-widget-heading\" data-id=\"468e78c0\" data-element_type=\"widget\" data-e-type=\"widget\" data-widget_type=\"heading.default\">\n\t\t\t\t<div class=\"elementor-widget-container\">\n\t\t\t\t\t<h3 class=\"elementor-heading-title elementor-size-default\">Od zg\u0142oszenia szkody do oceny dealera w okolicy Breda<\/h3>\t\t\t\t<\/div>\n\t\t\t\t<\/div>\n\t\t\t\t<div class=\"elementor-element elementor-element-208179ec elementor-widget__width-inherit elementor-widget elementor-widget-heading\" data-id=\"208179ec\" data-element_type=\"widget\" data-e-type=\"widget\" data-widget_type=\"heading.default\">\n\t\t\t\t<div class=\"elementor-widget-container\">\n\t\t\t\t\t<p class=\"elementor-heading-title elementor-size-default\">Pe\u0142ne zg\u0142oszenie z Breda lub okolic pomaga dealerowi w dobrej ocenie szk\u00f3d dachu, \u015bciany, pod\u0142ogi i uszczelnienia. Wy\u015blij zdj\u0119cia og\u00f3lne, szczeg\u00f3\u0142owe oraz zdj\u0119cia wn\u0119trza, zw\u0142aszcza w przypadku rys na dachu, okien dachowych, n\u00f3g kitu, uszczelniek okien, pod\u0142ogi, konstrukcji \u015bcian i \u015blad\u00f3w wilgoci. Po\u0142\u0105czony dealer mo\u017ce wtedy wskaza\u0107, czy najpierw potrzebna jest inspekcja, czy mo\u017cna od razu przej\u015b\u0107 do wst\u0119pnej wyceny, oferty lub um\u00f3wienia terminu naprawy.<\/p>\t\t\t\t<\/div>\n\t\t\t\t<\/div>\n\t\t\t\t<\/div>\n\t\t\t\t<\/div>\n\t\t\t\t<\/div>\n\t\t\t\t\t<\/div>\n\t\t\t\t<\/section>\n\t\t<div class=\"elementor-element elementor-element-7e73a8a e-flex e-con-boxed e-con e-parent\" data-id=\"7e73a8a\" data-element_type=\"container\" data-e-type=\"container\">\n\t\t\t\t\t<div class=\"e-con-inner\">\n\t\t\t\t<div class=\"elementor-element elementor-element-53db459 elementor-widget elementor-widget-image-gallery\" data-id=\"53db459\" data-element_type=\"widget\" data-e-type=\"widget\" data-widget_type=\"image-gallery.default\">\n\t\t\t\t<div class=\"elementor-widget-container\">\n\t\t\t\t\t\t\t<div class=\"elementor-image-gallery\">\n\t\t\t<div id='gallery-1' class='gallery galleryid-26729 gallery-columns-5 gallery-size-medium'><figure class='gallery-item'>\n\t\t\t<div class='gallery-icon landscape'>\n\t\t\t\t<a data-elementor-open-lightbox=\"yes\" data-elementor-lightbox-slideshow=\"53db459\" data-elementor-lightbox-title=\"CaravanRepair-camper-caravan-schade-herstel (10)\" data-e-action-hash=\"#elementor-action%3Aaction%3Dlightbox%26settings%3DeyJpZCI6MjYzNjcsInVybCI6Imh0dHBzOlwvXC9jYXJhdmFucmVwYWlyLmV1XC93cC1jb250ZW50XC91cGxvYWRzXC8yMDI2XC8wNFwvQ2FyYXZhblJlcGFpci1jYW1wZXItY2FyYXZhbi1zY2hhZGUtaGVyc3RlbC0xMC53ZWJwIiwic2xpZGVzaG93IjoiNTNkYjQ1OSJ9\" href='https:\/\/caravanrepair.eu\/wp-content\/uploads\/2026\/04\/CaravanRepair-camper-caravan-schade-herstel-10.webp'><img decoding=\"async\" width=\"300\" height=\"164\" src=\"https:\/\/caravanrepair.eu\/wp-content\/uploads\/2026\/04\/CaravanRepair-camper-caravan-schade-herstel-10-300x164.webp\" class=\"attachment-medium size-medium\" alt=\"Naprawa szk\u00f3d w przyczepach kempingowych i kamperach zgodnie z metod\u0105 CaravanRepair\u00ae\" srcset=\"https:\/\/caravanrepair.eu\/wp-content\/uploads\/2026\/04\/CaravanRepair-camper-caravan-schade-herstel-10-300x164.webp 300w, https:\/\/caravanrepair.eu\/wp-content\/uploads\/2026\/04\/CaravanRepair-camper-caravan-schade-herstel-10-768x419.webp 768w, https:\/\/caravanrepair.eu\/wp-content\/uploads\/2026\/04\/CaravanRepair-camper-caravan-schade-herstel-10.webp 1000w\" sizes=\"(max-width: 300px) 100vw, 300px\" \/><\/a>\n\t\t\t<\/div><\/figure><figure class='gallery-item'>\n\t\t\t<div class='gallery-icon landscape'>\n\t\t\t\t<a data-elementor-open-lightbox=\"yes\" data-elementor-lightbox-slideshow=\"53db459\" data-elementor-lightbox-title=\"caravan-camper-wandschade-voor-na\" data-e-action-hash=\"#elementor-action%3Aaction%3Dlightbox%26settings%3DeyJpZCI6MjU2NjYsInVybCI6Imh0dHBzOlwvXC9jYXJhdmFucmVwYWlyLmV1XC93cC1jb250ZW50XC91cGxvYWRzXC8yMDI2XC8wM1wvY2FyYXZhbi1jYW1wZXItd2FuZHNjaGFkZS12b29yLW5hLndlYnAiLCJzbGlkZXNob3ciOiI1M2RiNDU5In0%3D\" href='https:\/\/caravanrepair.eu\/wp-content\/uploads\/2026\/03\/caravan-camper-wandschade-voor-na.webp'><img decoding=\"async\" width=\"300\" height=\"300\" src=\"https:\/\/caravanrepair.eu\/wp-content\/uploads\/2026\/03\/caravan-camper-wandschade-voor-na-300x300.webp\" class=\"attachment-medium size-medium\" alt=\"Przed i po naprawie uszkodze\u0144 \u015bcian przyczepy kempingowej lub kampera\" srcset=\"https:\/\/caravanrepair.eu\/wp-content\/uploads\/2026\/03\/caravan-camper-wandschade-voor-na-300x300.webp 300w, https:\/\/caravanrepair.eu\/wp-content\/uploads\/2026\/03\/caravan-camper-wandschade-voor-na-1024x1024.webp 1024w, https:\/\/caravanrepair.eu\/wp-content\/uploads\/2026\/03\/caravan-camper-wandschade-voor-na-150x150.webp 150w, https:\/\/caravanrepair.eu\/wp-content\/uploads\/2026\/03\/caravan-camper-wandschade-voor-na-768x768.webp 768w, https:\/\/caravanrepair.eu\/wp-content\/uploads\/2026\/03\/caravan-camper-wandschade-voor-na.webp 1200w\" sizes=\"(max-width: 300px) 100vw, 300px\" \/><\/a>\n\t\t\t<\/div><\/figure><figure class='gallery-item'>\n\t\t\t<div class='gallery-icon landscape'>\n\t\t\t\t<a data-elementor-open-lightbox=\"yes\" data-elementor-lightbox-slideshow=\"53db459\" data-elementor-lightbox-title=\"caravan-camper-wandschade-voor-na-(wide_image)\" data-e-action-hash=\"#elementor-action%3Aaction%3Dlightbox%26settings%3DeyJpZCI6MjU2NjgsInVybCI6Imh0dHBzOlwvXC9jYXJhdmFucmVwYWlyLmV1XC93cC1jb250ZW50XC91cGxvYWRzXC8yMDI2XC8wM1wvY2FyYXZhbi1jYW1wZXItd2FuZHNjaGFkZS12b29yLW5hLXdpZGVfaW1hZ2Utc2NhbGVkLndlYnAiLCJzbGlkZXNob3ciOiI1M2RiNDU5In0%3D\" href='https:\/\/caravanrepair.eu\/wp-content\/uploads\/2026\/03\/caravan-camper-wandschade-voor-na-wide_image-scaled.webp'><img loading=\"lazy\" decoding=\"async\" width=\"300\" height=\"167\" src=\"https:\/\/caravanrepair.eu\/wp-content\/uploads\/2026\/03\/caravan-camper-wandschade-voor-na-wide_image-300x167.webp\" class=\"attachment-medium size-medium\" alt=\"Szeroki przyk\u0142ad uszkodze\u0144 \u015bcian w przyczepie kempingowej lub kamperze przed i po naprawie\" srcset=\"https:\/\/caravanrepair.eu\/wp-content\/uploads\/2026\/03\/caravan-camper-wandschade-voor-na-wide_image-300x167.webp 300w, https:\/\/caravanrepair.eu\/wp-content\/uploads\/2026\/03\/caravan-camper-wandschade-voor-na-wide_image-1024x572.webp 1024w, https:\/\/caravanrepair.eu\/wp-content\/uploads\/2026\/03\/caravan-camper-wandschade-voor-na-wide_image-768x429.webp 768w, https:\/\/caravanrepair.eu\/wp-content\/uploads\/2026\/03\/caravan-camper-wandschade-voor-na-wide_image-1536x857.webp 1536w, https:\/\/caravanrepair.eu\/wp-content\/uploads\/2026\/03\/caravan-camper-wandschade-voor-na-wide_image-2048x1143.webp 2048w\" sizes=\"(max-width: 300px) 100vw, 300px\" \/><\/a>\n\t\t\t<\/div><\/figure><figure class='gallery-item'>\n\t\t\t<div class='gallery-icon landscape'>\n\t\t\t\t<a data-elementor-open-lightbox=\"yes\" data-elementor-lightbox-slideshow=\"53db459\" data-elementor-lightbox-title=\"wandreparatie\" data-e-action-hash=\"#elementor-action%3Aaction%3Dlightbox%26settings%3DeyJpZCI6MjUzMTgsInVybCI6Imh0dHBzOlwvXC9jYXJhdmFucmVwYWlyLmV1XC93cC1jb250ZW50XC91cGxvYWRzXC8yMDI2XC8wM1wvd2FuZHJlcGFyYXRpZS53ZWJwIiwic2xpZGVzaG93IjoiNTNkYjQ1OSJ9\" href='https:\/\/caravanrepair.eu\/wp-content\/uploads\/2026\/03\/wandreparatie.webp'><img loading=\"lazy\" decoding=\"async\" width=\"300\" height=\"224\" src=\"https:\/\/caravanrepair.eu\/wp-content\/uploads\/2026\/03\/wandreparatie-300x224.webp\" class=\"attachment-medium size-medium\" alt=\"Naprawa \u015bcian przyczepy lub kampera\" srcset=\"https:\/\/caravanrepair.eu\/wp-content\/uploads\/2026\/03\/wandreparatie-300x224.webp 300w, https:\/\/caravanrepair.eu\/wp-content\/uploads\/2026\/03\/wandreparatie-768x574.webp 768w, https:\/\/caravanrepair.eu\/wp-content\/uploads\/2026\/03\/wandreparatie.webp 1000w\" sizes=\"(max-width: 300px) 100vw, 300px\" \/><\/a>\n\t\t\t<\/div><\/figure><figure class='gallery-item'>\n\t\t\t<div class='gallery-icon landscape'>\n\t\t\t\t<a data-elementor-open-lightbox=\"yes\" data-elementor-lightbox-slideshow=\"53db459\" data-elementor-lightbox-title=\"raamschade-reparatie\" data-e-action-hash=\"#elementor-action%3Aaction%3Dlightbox%26settings%3DeyJpZCI6MjYwNDUsInVybCI6Imh0dHBzOlwvXC9jYXJhdmFucmVwYWlyLmV1XC93cC1jb250ZW50XC91cGxvYWRzXC8yMDI2XC8wM1wvcmFhbXNjaGFkZS1yZXBhcmF0aWUud2VicCIsInNsaWRlc2hvdyI6IjUzZGI0NTkifQ%3D%3D\" href='https:\/\/caravanrepair.eu\/wp-content\/uploads\/2026\/03\/raamschade-reparatie.webp'><img loading=\"lazy\" decoding=\"async\" width=\"300\" height=\"224\" src=\"https:\/\/caravanrepair.eu\/wp-content\/uploads\/2026\/03\/raamschade-reparatie-300x224.webp\" class=\"attachment-medium size-medium\" alt=\"Naprawa uszkodze\u0144 szyb w przyczepie kempingowej lub kamperze\" srcset=\"https:\/\/caravanrepair.eu\/wp-content\/uploads\/2026\/03\/raamschade-reparatie-300x224.webp 300w, https:\/\/caravanrepair.eu\/wp-content\/uploads\/2026\/03\/raamschade-reparatie-1024x765.webp 1024w, https:\/\/caravanrepair.eu\/wp-content\/uploads\/2026\/03\/raamschade-reparatie-768x574.webp 768w, https:\/\/caravanrepair.eu\/wp-content\/uploads\/2026\/03\/raamschade-reparatie-1536x1147.webp 1536w, https:\/\/caravanrepair.eu\/wp-content\/uploads\/2026\/03\/raamschade-reparatie.webp 1920w\" sizes=\"(max-width: 300px) 100vw, 300px\" \/><\/a>\n\t\t\t<\/div><\/figure>\n\t\t<\/div>\n\t\t<\/div>\n\t\t\t\t\t\t<\/div>\n\t\t\t\t<\/div>\n\t\t\t\t\t<\/div>\n\t\t\t\t<\/div>\n\t\t<section class=\"elementor-element elementor-element-6c4ec75a e-flex e-con-boxed e-con e-parent\" data-id=\"6c4ec75a\" data-element_type=\"container\" data-e-type=\"container\">\n\t\t\t\t\t<div class=\"e-con-inner\">\n\t\t<section class=\"elementor-element elementor-element-33652ecd e-con-full e-flex e-con e-child\" data-id=\"33652ecd\" data-element_type=\"container\" data-e-type=\"container\">\n\t\t<div class=\"elementor-element elementor-element-2a8de5bb e-con-full e-flex e-con e-child\" data-id=\"2a8de5bb\" data-element_type=\"container\" data-e-type=\"container\">\n\t\t<div class=\"elementor-element elementor-element-68087a4c e-con-full e-flex e-con e-child\" data-id=\"68087a4c\" data-element_type=\"container\" data-e-type=\"container\">\n\t\t\t\t<div class=\"elementor-element elementor-element-18f48901 elementor-widget__width-inherit elementor-widget elementor-widget-heading\" data-id=\"18f48901\" data-element_type=\"widget\" data-e-type=\"widget\" data-widget_type=\"heading.default\">\n\t\t\t\t<div class=\"elementor-widget-container\">\n\t\t\t\t\t<h2 class=\"elementor-heading-title elementor-size-default\">Jakie uszkodzenia mo\u017cecie Pa\u0144stwo zg\u0142osi\u0107 do oceny w okolicach Breda?<\/h2>\t\t\t\t<\/div>\n\t\t\t\t<\/div>\n\t\t\t\t<div class=\"elementor-element elementor-element-5305f20b elementor-widget__width-inherit elementor-widget elementor-widget-heading\" data-id=\"5305f20b\" data-element_type=\"widget\" data-e-type=\"widget\" data-widget_type=\"heading.default\">\n\t\t\t\t<div class=\"elementor-widget-container\">\n\t\t\t\t\t<p class=\"elementor-heading-title elementor-size-default\">Mo\u017cecie zg\u0142osi\u0107 m.in. uszkodzenia dachu, rysy, wgniecenia, wycieki, uszkodzenia wilgoci, uszkodzenia \u015bciany, okna dachowe, okna, pod\u0142ogi i szw\u00f3w uszczelniaj\u0105cych. R\u00f3wnie\u017c uszkodzenia po gradobiciu, burzy, na kempingu lub parkingowie oraz uszkodzenia \u015bciany przyczepy lub kampingu mo\u017cna zg\u0142osi\u0107 przez formularz. Do\u0142\u0105czcie zdj\u0119cia og\u00f3lnego widoku, szczeg\u00f3\u0142\u00f3w oraz wn\u0119trza. Nast\u0119pnie autoryzowany dealer CaravanRepair\u00ae w okolicy Breda oceni, jakie dalsze kroki s\u0105 odpowiednie.<\/p>\t\t\t\t<\/div>\n\t\t\t\t<\/div>\n\t\t\t\t<\/div>\n\t\t<div class=\"elementor-element elementor-element-422bc05 e-con-full e-flex e-con e-child\" data-id=\"422bc05\" data-element_type=\"container\" data-e-type=\"container\">\n\t\t<div class=\"elementor-element elementor-element-5a78281 e-con-full e-flex e-con e-child\" data-id=\"5a78281\" data-element_type=\"container\" data-e-type=\"container\">\n\t\t\t\t<div class=\"elementor-element elementor-element-9e07f13 elementor-widget elementor-widget-shortcode\" data-id=\"9e07f13\" data-element_type=\"widget\" data-e-type=\"widget\" data-widget_type=\"shortcode.default\">\n\t\t\t\t<div class=\"elementor-widget-container\">\n\t\t\t\t\t\t\t<div class=\"elementor-shortcode\">\t\t<div data-elementor-type=\"section\" data-elementor-id=\"25097\" class=\"elementor elementor-25097\" data-elementor-post-type=\"elementor_library\">\n\t\t\t<div class=\"elementor-element elementor-element-73b2a6d1 e-grid e-con-full e-con e-child\" data-id=\"73b2a6d1\" data-element_type=\"container\" data-e-type=\"container\">\n\t\t<div class=\"elementor-element elementor-element-370932ad e-con-full e-flex e-con e-child\" data-id=\"370932ad\" data-element_type=\"container\" data-e-type=\"container\" data-settings=\"{&quot;background_background&quot;:&quot;classic&quot;}\">\n\t\t<div class=\"elementor-element elementor-element-4b949cb e-con-full e-flex e-con e-child\" data-id=\"4b949cb\" data-element_type=\"container\" data-e-type=\"container\">\n\t\t\t\t<div class=\"elementor-element elementor-element-35611cf6 elementor-view-stacked elementor-widget__width-auto elementor-shape-circle elementor-widget elementor-widget-icon\" data-id=\"35611cf6\" data-element_type=\"widget\" data-e-type=\"widget\" data-widget_type=\"icon.default\">\n\t\t\t\t<div class=\"elementor-widget-container\">\n\t\t\t\t\t\t\t<div class=\"elementor-icon-wrapper\">\n\t\t\t<div class=\"elementor-icon\">\n\t\t\t<svg aria-hidden=\"true\" class=\"e-font-icon-svg e-fas-window-maximize\" viewbox=\"0 0 512 512\" xmlns=\"http:\/\/www.w3.org\/2000\/svg\"><path d=\"M464 32H48C21.5 32 0 53.5 0 80v352c0 26.5 21.5 48 48 48h416c26.5 0 48-21.5 48-48V80c0-26.5-21.5-48-48-48zm-16 160H64v-84c0-6.6 5.4-12 12-12h360c6.6 0 12 5.4 12 12v84z\"><\/path><\/svg>\t\t\t<\/div>\n\t\t<\/div>\n\t\t\t\t\t\t<\/div>\n\t\t\t\t<\/div>\n\t\t\t\t<div class=\"elementor-element elementor-element-3244e86f elementor-widget__width-inherit elementor-widget elementor-widget-heading\" data-id=\"3244e86f\" data-element_type=\"widget\" data-e-type=\"widget\" data-widget_type=\"heading.default\">\n\t\t\t\t<div class=\"elementor-widget-container\">\n\t\t\t\t\t<h3 class=\"elementor-heading-title elementor-size-default\">Okna i szyby<\/h3>\t\t\t\t<\/div>\n\t\t\t\t<\/div>\n\t\t\t\t<\/div>\n\t\t\t\t<div class=\"elementor-element elementor-element-75f87ff5 elementor-widget__width-inherit elementor-widget elementor-widget-heading\" data-id=\"75f87ff5\" data-element_type=\"widget\" data-e-type=\"widget\" data-widget_type=\"heading.default\">\n\t\t\t\t<div class=\"elementor-widget-container\">\n\t\t\t\t\t<p class=\"elementor-heading-title elementor-size-default\">Na uszkodzenia okien, konstrukcji okiennych i profili okiennych przyczep kempingowych lub kamper\u00f3w.<\/p>\t\t\t\t<\/div>\n\t\t\t\t<\/div>\n\t\t\t\t<div class=\"elementor-element elementor-element-22b22892 elementor-widget__width-inherit elementor-align-justify elementor-widget elementor-widget-button\" data-id=\"22b22892\" data-element_type=\"widget\" data-e-type=\"widget\" data-widget_type=\"button.default\">\n\t\t\t\t<div class=\"elementor-widget-container\">\n\t\t\t\t\t\t\t\t\t<div class=\"elementor-button-wrapper\">\n\t\t\t\t\t<a class=\"elementor-button elementor-button-link elementor-size-sm\" href=\"https:\/\/caravanrepair.eu\/pl\/uszkodzenie-ramy\/\">\n\t\t\t\t\t\t<span class=\"elementor-button-content-wrapper\">\n\t\t\t\t\t\t\t\t\t<span class=\"elementor-button-text\">Wi\u0119cej o uszkodzeniach okien<\/span>\n\t\t\t\t\t<\/span>\n\t\t\t\t\t<\/a>\n\t\t\t\t<\/div>\n\t\t\t\t\t\t\t\t<\/div>\n\t\t\t\t<\/div>\n\t\t\t\t<\/div>\n\t\t<div class=\"elementor-element elementor-element-6f554ff5 e-con-full e-flex e-con e-child\" data-id=\"6f554ff5\" data-element_type=\"container\" data-e-type=\"container\" data-settings=\"{&quot;background_background&quot;:&quot;classic&quot;}\">\n\t\t<div class=\"elementor-element elementor-element-f7c9130 e-con-full e-flex e-con e-child\" data-id=\"f7c9130\" data-element_type=\"container\" data-e-type=\"container\">\n\t\t\t\t<div class=\"elementor-element elementor-element-96a7af6 elementor-view-stacked elementor-widget__width-auto elementor-shape-circle elementor-widget elementor-widget-icon\" data-id=\"96a7af6\" data-element_type=\"widget\" data-e-type=\"widget\" data-widget_type=\"icon.default\">\n\t\t\t\t<div class=\"elementor-widget-container\">\n\t\t\t\t\t\t\t<div class=\"elementor-icon-wrapper\">\n\t\t\t<div class=\"elementor-icon\">\n\t\t\t<svg aria-hidden=\"true\" class=\"e-font-icon-svg e-fas-caravan\" viewbox=\"0 0 640 512\" xmlns=\"http:\/\/www.w3.org\/2000\/svg\"><path d=\"M416,208a16,16,0,1,0,16,16A16,16,0,0,0,416,208ZM624,320H576V160A160,160,0,0,0,416,0H64A64,64,0,0,0,0,64V320a64,64,0,0,0,64,64H96a96,96,0,0,0,192,0H624a16,16,0,0,0,16-16V336A16,16,0,0,0,624,320ZM192,432a48,48,0,1,1,48-48A48.05,48.05,0,0,1,192,432Zm64-240a32,32,0,0,1-32,32H96a32,32,0,0,1-32-32V128A32,32,0,0,1,96,96H224a32,32,0,0,1,32,32ZM448,320H320V128a32,32,0,0,1,32-32h64a32,32,0,0,1,32,32Z\"><\/path><\/svg>\t\t\t<\/div>\n\t\t<\/div>\n\t\t\t\t\t\t<\/div>\n\t\t\t\t<\/div>\n\t\t\t\t<div class=\"elementor-element elementor-element-3da0854 elementor-widget__width-inherit elementor-widget elementor-widget-heading\" data-id=\"3da0854\" data-element_type=\"widget\" data-e-type=\"widget\" data-widget_type=\"heading.default\">\n\t\t\t\t<div class=\"elementor-widget-container\">\n\t\t\t\t\t<h3 class=\"elementor-heading-title elementor-size-default\">Dach i szyberdach<\/h3>\t\t\t\t<\/div>\n\t\t\t\t<\/div>\n\t\t\t\t<\/div>\n\t\t\t\t<div class=\"elementor-element elementor-element-1da9f4c7 elementor-widget__width-inherit elementor-widget elementor-widget-heading\" data-id=\"1da9f4c7\" data-element_type=\"widget\" data-e-type=\"widget\" data-widget_type=\"heading.default\">\n\t\t\t\t<div class=\"elementor-widget-container\">\n\t\t\t\t\t<p class=\"elementor-heading-title elementor-size-default\">W przypadku uszkodze\u0144 dachu, uszkodze\u0144 wok\u00f3\u0142 okien dachowych i przeciek\u00f3w z dachu.<\/p>\t\t\t\t<\/div>\n\t\t\t\t<\/div>\n\t\t\t\t<div class=\"elementor-element elementor-element-3d3f4cf1 elementor-widget__width-inherit elementor-align-justify elementor-widget elementor-widget-button\" data-id=\"3d3f4cf1\" data-element_type=\"widget\" data-e-type=\"widget\" data-widget_type=\"button.default\">\n\t\t\t\t<div class=\"elementor-widget-container\">\n\t\t\t\t\t\t\t\t\t<div class=\"elementor-button-wrapper\">\n\t\t\t\t\t<a class=\"elementor-button elementor-button-link elementor-size-sm\" href=\"https:\/\/caravanrepair.eu\/pl\/szkoda-dachu-szyberdach\/\">\n\t\t\t\t\t\t<span class=\"elementor-button-content-wrapper\">\n\t\t\t\t\t\t\t\t\t<span class=\"elementor-button-text\">Wi\u0119cej o uszkodzeniach dachu<\/span>\n\t\t\t\t\t<\/span>\n\t\t\t\t\t<\/a>\n\t\t\t\t<\/div>\n\t\t\t\t\t\t\t\t<\/div>\n\t\t\t\t<\/div>\n\t\t\t\t<\/div>\n\t\t<div class=\"elementor-element elementor-element-223518b2 e-con-full e-flex e-con e-child\" data-id=\"223518b2\" data-element_type=\"container\" data-e-type=\"container\" data-settings=\"{&quot;background_background&quot;:&quot;classic&quot;}\">\n\t\t<div class=\"elementor-element elementor-element-a21f790 e-con-full e-flex e-con e-child\" data-id=\"a21f790\" data-element_type=\"container\" data-e-type=\"container\">\n\t\t\t\t<div class=\"elementor-element elementor-element-013ef7b elementor-view-stacked elementor-widget__width-auto elementor-shape-circle elementor-widget elementor-widget-icon\" data-id=\"013ef7b\" data-element_type=\"widget\" data-e-type=\"widget\" data-widget_type=\"icon.default\">\n\t\t\t\t<div class=\"elementor-widget-container\">\n\t\t\t\t\t\t\t<div class=\"elementor-icon-wrapper\">\n\t\t\t<div class=\"elementor-icon\">\n\t\t\t<svg aria-hidden=\"true\" class=\"e-font-icon-svg e-fas-water\" viewbox=\"0 0 576 512\" xmlns=\"http:\/\/www.w3.org\/2000\/svg\"><path d=\"M562.1 383.9c-21.5-2.4-42.1-10.5-57.9-22.9-14.1-11.1-34.2-11.3-48.2 0-37.9 30.4-107.2 30.4-145.7-1.5-13.5-11.2-33-9.1-46.7 1.8-38 30.1-106.9 30-145.2-1.7-13.5-11.2-33.3-8.9-47.1 2-15.5 12.2-36 20.1-57.7 22.4-7.9.8-13.6 7.8-13.6 15.7v32.2c0 9.1 7.6 16.8 16.7 16 28.8-2.5 56.1-11.4 79.4-25.9 56.5 34.6 137 34.1 192 0 56.5 34.6 137 34.1 192 0 23.3 14.2 50.9 23.3 79.1 25.8 9.1.8 16.7-6.9 16.7-16v-31.6c.1-8-5.7-15.4-13.8-16.3zm0-144c-21.5-2.4-42.1-10.5-57.9-22.9-14.1-11.1-34.2-11.3-48.2 0-37.9 30.4-107.2 30.4-145.7-1.5-13.5-11.2-33-9.1-46.7 1.8-38 30.1-106.9 30-145.2-1.7-13.5-11.2-33.3-8.9-47.1 2-15.5 12.2-36 20.1-57.7 22.4-7.9.8-13.6 7.8-13.6 15.7v32.2c0 9.1 7.6 16.8 16.7 16 28.8-2.5 56.1-11.4 79.4-25.9 56.5 34.6 137 34.1 192 0 56.5 34.6 137 34.1 192 0 23.3 14.2 50.9 23.3 79.1 25.8 9.1.8 16.7-6.9 16.7-16v-31.6c.1-8-5.7-15.4-13.8-16.3zm0-144C540.6 93.4 520 85.4 504.2 73 490.1 61.9 470 61.7 456 73c-37.9 30.4-107.2 30.4-145.7-1.5-13.5-11.2-33-9.1-46.7 1.8-38 30.1-106.9 30-145.2-1.7-13.5-11.2-33.3-8.9-47.1 2-15.5 12.2-36 20.1-57.7 22.4-7.9.8-13.6 7.8-13.6 15.7v32.2c0 9.1 7.6 16.8 16.7 16 28.8-2.5 56.1-11.4 79.4-25.9 56.5 34.6 137 34.1 192 0 56.5 34.6 137 34.1 192 0 23.3 14.2 50.9 23.3 79.1 25.8 9.1.8 16.7-6.9 16.7-16v-31.6c.1-8-5.7-15.4-13.8-16.3z\"><\/path><\/svg>\t\t\t<\/div>\n\t\t<\/div>\n\t\t\t\t\t\t<\/div>\n\t\t\t\t<\/div>\n\t\t\t\t<div class=\"elementor-element elementor-element-f79272c elementor-widget__width-inherit elementor-widget elementor-widget-heading\" data-id=\"f79272c\" data-element_type=\"widget\" data-e-type=\"widget\" data-widget_type=\"heading.default\">\n\t\t\t\t<div class=\"elementor-widget-container\">\n\t\t\t\t\t<h3 class=\"elementor-heading-title elementor-size-default\">Przecieki i wilgo\u0107<\/h3>\t\t\t\t<\/div>\n\t\t\t\t<\/div>\n\t\t\t\t<\/div>\n\t\t\t\t<div class=\"elementor-element elementor-element-574fd0c8 elementor-widget__width-inherit elementor-widget elementor-widget-heading\" data-id=\"574fd0c8\" data-element_type=\"widget\" data-e-type=\"widget\" data-widget_type=\"heading.default\">\n\t\t\t\t<div class=\"elementor-widget-container\">\n\t\t\t\t\t<p class=\"elementor-heading-title elementor-size-default\">Na wycieki, problemy z wilgoci\u0105 i szkody wt\u00f3rne w przyczepie kempingowej lub kamperze.<\/p>\t\t\t\t<\/div>\n\t\t\t\t<\/div>\n\t\t\t\t<div class=\"elementor-element elementor-element-79815a1d elementor-widget__width-inherit elementor-align-justify elementor-widget elementor-widget-button\" data-id=\"79815a1d\" data-element_type=\"widget\" data-e-type=\"widget\" data-widget_type=\"button.default\">\n\t\t\t\t<div class=\"elementor-widget-container\">\n\t\t\t\t\t\t\t\t\t<div class=\"elementor-button-wrapper\">\n\t\t\t\t\t<a class=\"elementor-button elementor-button-link elementor-size-sm\" href=\"https:\/\/caravanrepair.eu\/pl\/szkoda-wyciek-wilgoc\/\">\n\t\t\t\t\t\t<span class=\"elementor-button-content-wrapper\">\n\t\t\t\t\t\t\t\t\t<span class=\"elementor-button-text\">Wi\u0119cej o wycieku<\/span>\n\t\t\t\t\t<\/span>\n\t\t\t\t\t<\/a>\n\t\t\t\t<\/div>\n\t\t\t\t\t\t\t\t<\/div>\n\t\t\t\t<\/div>\n\t\t\t\t<\/div>\n\t\t<div class=\"elementor-element elementor-element-3ced7eac e-con-full e-flex e-con e-child\" data-id=\"3ced7eac\" data-element_type=\"container\" data-e-type=\"container\" data-settings=\"{&quot;background_background&quot;:&quot;classic&quot;}\">\n\t\t<div class=\"elementor-element elementor-element-460d7c2 e-con-full e-flex e-con e-child\" data-id=\"460d7c2\" data-element_type=\"container\" data-e-type=\"container\">\n\t\t\t\t<div class=\"elementor-element elementor-element-8c8e22d elementor-view-stacked elementor-widget__width-auto elementor-shape-circle elementor-widget elementor-widget-icon\" data-id=\"8c8e22d\" data-element_type=\"widget\" data-e-type=\"widget\" data-widget_type=\"icon.default\">\n\t\t\t\t<div class=\"elementor-widget-container\">\n\t\t\t\t\t\t\t<div class=\"elementor-icon-wrapper\">\n\t\t\t<div class=\"elementor-icon\">\n\t\t\t<svg aria-hidden=\"true\" class=\"e-font-icon-svg e-fas-poo-storm\" viewbox=\"0 0 448 512\" xmlns=\"http:\/\/www.w3.org\/2000\/svg\"><path d=\"M308 336h-57.7l17.3-64.9c2-7.6-3.7-15.1-11.6-15.1h-68c-6 0-11.1 4.5-11.9 10.4l-16 120c-1 7.2 4.6 13.6 11.9 13.6h59.3l-23 97.2c-1.8 7.6 4 14.8 11.7 14.8 4.2 0 8.2-2.2 10.4-6l88-152c4.6-8-1.2-18-10.4-18zm66.4-111.3c5.9-9.6 9.6-20.6 9.6-32.7 0-35.3-28.7-64-64-64h-5.9c3.6-10.1 5.9-20.7 5.9-32 0-53-43-96-96-96-5.2 0-10.2.7-15.1 1.5C218.3 14.6 224 30.6 224 48c0 44.2-35.8 80-80 80h-16c-35.3 0-64 28.7-64 64 0 12.1 3.7 23.1 9.6 32.7C32.6 228 0 262.2 0 304c0 44 36 80 80 80h48.3c.1-.6 0-1.2 0-1.8l16-120c3-21.8 21.7-38.2 43.7-38.2h68c13.8 0 26.5 6.3 34.9 17.2s11.2 24.8 7.6 38.1l-6.6 24.7h16c15.7 0 30.3 8.4 38.1 22 7.8 13.6 7.8 30.5 0 44l-8.1 14h30c44 0 80-36 80-80 .1-41.8-32.5-76-73.5-79.3z\"><\/path><\/svg>\t\t\t<\/div>\n\t\t<\/div>\n\t\t\t\t\t\t<\/div>\n\t\t\t\t<\/div>\n\t\t\t\t<div class=\"elementor-element elementor-element-534ed41 elementor-widget__width-inherit elementor-widget elementor-widget-heading\" data-id=\"534ed41\" data-element_type=\"widget\" data-e-type=\"widget\" data-widget_type=\"heading.default\">\n\t\t\t\t<div class=\"elementor-widget-container\">\n\t\t\t\t\t<h3 class=\"elementor-heading-title elementor-size-default\">Wgniecenia i szkody gradowe<\/h3>\t\t\t\t<\/div>\n\t\t\t\t<\/div>\n\t\t\t\t<\/div>\n\t\t\t\t<div class=\"elementor-element elementor-element-1bbfc922 elementor-widget__width-inherit elementor-widget elementor-widget-heading\" data-id=\"1bbfc922\" data-element_type=\"widget\" data-e-type=\"widget\" data-widget_type=\"heading.default\">\n\t\t\t\t<div class=\"elementor-widget-container\">\n\t\t\t\t\t<p class=\"elementor-heading-title elementor-size-default\">Do widocznych uszkodze\u0144 zewn\u0119trznej cz\u0119\u015bci przyczepy kempingowej lub kampera.<\/p>\t\t\t\t<\/div>\n\t\t\t\t<\/div>\n\t\t\t\t<div class=\"elementor-element elementor-element-120af36b elementor-widget__width-inherit elementor-align-justify elementor-widget elementor-widget-button\" data-id=\"120af36b\" data-element_type=\"widget\" data-e-type=\"widget\" data-widget_type=\"button.default\">\n\t\t\t\t<div class=\"elementor-widget-container\">\n\t\t\t\t\t\t\t\t\t<div class=\"elementor-button-wrapper\">\n\t\t\t\t\t<a class=\"elementor-button elementor-button-link elementor-size-sm\" href=\"https:\/\/caravanrepair.eu\/pl\/szkoda-wgniecenia-grad\/\">\n\t\t\t\t\t\t<span class=\"elementor-button-content-wrapper\">\n\t\t\t\t\t\t\t\t\t<span class=\"elementor-button-text\">Zobacz uszkodzenia gradu<\/span>\n\t\t\t\t\t<\/span>\n\t\t\t\t\t<\/a>\n\t\t\t\t<\/div>\n\t\t\t\t\t\t\t\t<\/div>\n\t\t\t\t<\/div>\n\t\t\t\t<\/div>\n\t\t<div class=\"elementor-element elementor-element-a366435 e-con-full e-flex e-con e-child\" data-id=\"a366435\" data-element_type=\"container\" data-e-type=\"container\" data-settings=\"{&quot;background_background&quot;:&quot;classic&quot;}\">\n\t\t<div class=\"elementor-element elementor-element-4690fe8 e-con-full e-flex e-con e-child\" data-id=\"4690fe8\" data-element_type=\"container\" data-e-type=\"container\">\n\t\t\t\t<div class=\"elementor-element elementor-element-20f710c elementor-view-stacked elementor-widget__width-auto elementor-shape-circle elementor-widget elementor-widget-icon\" data-id=\"20f710c\" data-element_type=\"widget\" data-e-type=\"widget\" data-widget_type=\"icon.default\">\n\t\t\t\t<div class=\"elementor-widget-container\">\n\t\t\t\t\t\t\t<div class=\"elementor-icon-wrapper\">\n\t\t\t<div class=\"elementor-icon\">\n\t\t\t<svg aria-hidden=\"true\" class=\"e-font-icon-svg e-fas-grip-lines\" viewbox=\"0 0 512 512\" xmlns=\"http:\/\/www.w3.org\/2000\/svg\"><path d=\"M496 288H16c-8.8 0-16 7.2-16 16v32c0 8.8 7.2 16 16 16h480c8.8 0 16-7.2 16-16v-32c0-8.8-7.2-16-16-16zm0-128H16c-8.8 0-16 7.2-16 16v32c0 8.8 7.2 16 16 16h480c8.8 0 16-7.2 16-16v-32c0-8.8-7.2-16-16-16z\"><\/path><\/svg>\t\t\t<\/div>\n\t\t<\/div>\n\t\t\t\t\t\t<\/div>\n\t\t\t\t<\/div>\n\t\t\t\t<div class=\"elementor-element elementor-element-3c9a6ab elementor-widget__width-inherit elementor-widget elementor-widget-heading\" data-id=\"3c9a6ab\" data-element_type=\"widget\" data-e-type=\"widget\" data-widget_type=\"heading.default\">\n\t\t\t\t<div class=\"elementor-widget-container\">\n\t\t\t\t\t<h3 class=\"elementor-heading-title elementor-size-default\">Pod\u0142oga i sp\u00f3d pojazdu<\/h3>\t\t\t\t<\/div>\n\t\t\t\t<\/div>\n\t\t\t\t<\/div>\n\t\t\t\t<div class=\"elementor-element elementor-element-1b969121 elementor-widget__width-inherit elementor-widget elementor-widget-heading\" data-id=\"1b969121\" data-element_type=\"widget\" data-e-type=\"widget\" data-widget_type=\"heading.default\">\n\t\t\t\t<div class=\"elementor-widget-container\">\n\t\t\t\t\t<p class=\"elementor-heading-title elementor-size-default\">Do problem\u00f3w z pod\u0142og\u0105, podwoziem i wilgoci\u0105 w przyczepie kempingowej lub kamperze.<\/p>\t\t\t\t<\/div>\n\t\t\t\t<\/div>\n\t\t\t\t<div class=\"elementor-element elementor-element-31dd9c5e elementor-widget__width-inherit elementor-align-justify elementor-widget elementor-widget-button\" data-id=\"31dd9c5e\" data-element_type=\"widget\" data-e-type=\"widget\" data-widget_type=\"button.default\">\n\t\t\t\t<div class=\"elementor-widget-container\">\n\t\t\t\t\t\t\t\t\t<div class=\"elementor-button-wrapper\">\n\t\t\t\t\t<a class=\"elementor-button elementor-button-link elementor-size-sm\" href=\"https:\/\/caravanrepair.eu\/pl\/uszkodzona-podloga\/\">\n\t\t\t\t\t\t<span class=\"elementor-button-content-wrapper\">\n\t\t\t\t\t\t\t\t\t<span class=\"elementor-button-text\">Zobacz uszkodzenia pod\u0142ogi<\/span>\n\t\t\t\t\t<\/span>\n\t\t\t\t\t<\/a>\n\t\t\t\t<\/div>\n\t\t\t\t\t\t\t\t<\/div>\n\t\t\t\t<\/div>\n\t\t\t\t<\/div>\n\t\t<div class=\"elementor-element elementor-element-5120dcd5 e-con-full e-flex e-con e-child\" data-id=\"5120dcd5\" data-element_type=\"container\" data-e-type=\"container\" data-settings=\"{&quot;background_background&quot;:&quot;classic&quot;}\">\n\t\t<div class=\"elementor-element elementor-element-36073f8 e-con-full e-flex e-con e-child\" data-id=\"36073f8\" data-element_type=\"container\" data-e-type=\"container\">\n\t\t\t\t<div class=\"elementor-element elementor-element-328c51e elementor-view-stacked elementor-widget__width-auto elementor-shape-circle elementor-widget elementor-widget-icon\" data-id=\"328c51e\" data-element_type=\"widget\" data-e-type=\"widget\" data-widget_type=\"icon.default\">\n\t\t\t\t<div class=\"elementor-widget-container\">\n\t\t\t\t\t\t\t<div class=\"elementor-icon-wrapper\">\n\t\t\t<div class=\"elementor-icon\">\n\t\t\t<svg aria-hidden=\"true\" class=\"e-font-icon-svg e-fas-wind\" viewbox=\"0 0 512 512\" xmlns=\"http:\/\/www.w3.org\/2000\/svg\"><path d=\"M156.7 256H16c-8.8 0-16 7.2-16 16v32c0 8.8 7.2 16 16 16h142.2c15.9 0 30.8 10.9 33.4 26.6 3.3 20-12.1 37.4-31.6 37.4-14.1 0-26.1-9.2-30.4-21.9-2.1-6.3-8.6-10.1-15.2-10.1H81.6c-9.8 0-17.7 8.8-15.9 18.4 8.6 44.1 47.6 77.6 94.2 77.6 57.1 0 102.7-50.1 95.2-108.6C249 291 205.4 256 156.7 256zM16 224h336c59.7 0 106.8-54.8 93.8-116.7-7.6-36.2-36.9-65.5-73.1-73.1-55.4-11.6-105.1 24.9-114.9 75.5-1.9 9.6 6.1 18.3 15.8 18.3h32.8c6.7 0 13.1-3.8 15.2-10.1C325.9 105.2 337.9 96 352 96c19.4 0 34.9 17.4 31.6 37.4-2.6 15.7-17.4 26.6-33.4 26.6H16c-8.8 0-16 7.2-16 16v32c0 8.8 7.2 16 16 16zm384 32H243.7c19.3 16.6 33.2 38.8 39.8 64H400c26.5 0 48 21.5 48 48s-21.5 48-48 48c-17.9 0-33.3-9.9-41.6-24.4-2.9-5-8.7-7.6-14.5-7.6h-33.8c-10.9 0-19 10.8-15.3 21.1 17.8 50.6 70.5 84.8 129.4 72.3 41.2-8.7 75.1-41.6 84.7-82.7C526 321.5 470.5 256 400 256z\"><\/path><\/svg>\t\t\t<\/div>\n\t\t<\/div>\n\t\t\t\t\t\t<\/div>\n\t\t\t\t<\/div>\n\t\t\t\t<div class=\"elementor-element elementor-element-a77fd35 elementor-widget__width-inherit elementor-widget elementor-widget-heading\" data-id=\"a77fd35\" data-element_type=\"widget\" data-e-type=\"widget\" data-widget_type=\"heading.default\">\n\t\t\t\t<div class=\"elementor-widget-container\">\n\t\t\t\t\t<h3 class=\"elementor-heading-title elementor-size-default\">Szkody spowodowane burz\u0105<\/h3>\t\t\t\t<\/div>\n\t\t\t\t<\/div>\n\t\t\t\t<\/div>\n\t\t\t\t<div class=\"elementor-element elementor-element-3be0eed9 elementor-widget__width-inherit elementor-widget elementor-widget-heading\" data-id=\"3be0eed9\" data-element_type=\"widget\" data-e-type=\"widget\" data-widget_type=\"heading.default\">\n\t\t\t\t<div class=\"elementor-widget-container\">\n\t\t\t\t\t<p class=\"elementor-heading-title elementor-size-default\">W przypadku wszelkich uszkodze\u0144 sztormowych przyczepy kempingowej lub kampera.<\/p>\t\t\t\t<\/div>\n\t\t\t\t<\/div>\n\t\t\t\t<div class=\"elementor-element elementor-element-39e7fed3 elementor-widget__width-inherit elementor-align-justify elementor-widget elementor-widget-button\" data-id=\"39e7fed3\" data-element_type=\"widget\" data-e-type=\"widget\" data-widget_type=\"button.default\">\n\t\t\t\t<div class=\"elementor-widget-container\">\n\t\t\t\t\t\t\t\t\t<div class=\"elementor-button-wrapper\">\n\t\t\t\t\t<a class=\"elementor-button elementor-button-link elementor-size-sm\" href=\"https:\/\/caravanrepair.eu\/pl\/szkody-po-burzy-caravan-kamper\/\">\n\t\t\t\t\t\t<span class=\"elementor-button-content-wrapper\">\n\t\t\t\t\t\t\t\t\t<span class=\"elementor-button-text\">Wi\u0119cej o szkodach spowodowanych przez burz\u0119<\/span>\n\t\t\t\t\t<\/span>\n\t\t\t\t\t<\/a>\n\t\t\t\t<\/div>\n\t\t\t\t\t\t\t\t<\/div>\n\t\t\t\t<\/div>\n\t\t\t\t<\/div>\n\t\t\t\t<\/div>\n\t\t\t\t<\/div>\n\t\t<\/div>\n\t\t\t\t\t\t<\/div>\n\t\t\t\t<\/div>\n\t\t\t\t<\/div>\n\t\t\t\t<div class=\"elementor-element elementor-element-81442a3 elementor-widget elementor-widget-shortcode\" data-id=\"81442a3\" data-element_type=\"widget\" data-e-type=\"widget\" data-widget_type=\"shortcode.default\">\n\t\t\t\t<div class=\"elementor-widget-container\">\n\t\t\t\t\t\t\t<div class=\"elementor-shortcode\">\t\t<div data-elementor-type=\"container\" data-elementor-id=\"25021\" class=\"elementor elementor-25021\" data-elementor-post-type=\"elementor_library\">\n\t\t\t\t<div class=\"elementor-element elementor-element-899d707 e-con-full e-flex e-con e-child\" data-id=\"899d707\" data-element_type=\"container\" data-e-type=\"container\" data-settings=\"{&quot;background_background&quot;:&quot;classic&quot;}\">\n\t\t<div class=\"elementor-element elementor-element-67a59104 e-con-full e-flex e-con e-child\" data-id=\"67a59104\" data-element_type=\"container\" data-e-type=\"container\">\n\t\t\t\t<div class=\"elementor-element elementor-element-151d8a0d elementor-widget__width-inherit elementor-widget elementor-widget-heading\" data-id=\"151d8a0d\" data-element_type=\"widget\" data-e-type=\"widget\" data-widget_type=\"heading.default\">\n\t\t\t\t<div class=\"elementor-widget-container\">\n\t\t\t\t\t<h3 class=\"elementor-heading-title elementor-size-default\">Czy chcesz od razu zg\u0142osi\u0107 szkod\u0119 w swoim caravaning\/kamperze?<\/h3>\t\t\t\t<\/div>\n\t\t\t\t<\/div>\n\t\t\t\t<div class=\"elementor-element elementor-element-739314fc elementor-widget__width-inherit elementor-widget elementor-widget-heading\" data-id=\"739314fc\" data-element_type=\"widget\" data-e-type=\"widget\" data-widget_type=\"heading.default\">\n\t\t\t\t<div class=\"elementor-widget-container\">\n\t\t\t\t\t<p class=\"elementor-heading-title elementor-size-default\">Zg\u0142o\u015b swoj\u0105 szkod\u0119 \u0142atwo online (na g\u00f3rze tej strony) i dodaj zdj\u0119cia, aby przyspieszy\u0107 proces.<\/p>\t\t\t\t<\/div>\n\t\t\t\t<\/div>\n\t\t\t\t<\/div>\n\t\t<div class=\"elementor-element elementor-element-36511623 e-con-full e-flex e-con e-child\" data-id=\"36511623\" data-element_type=\"container\" data-e-type=\"container\">\n\t\t\t\t<div class=\"elementor-element elementor-element-4528118b elementor-tablet-align-justify elementor-mobile-align-justify elementor-widget elementor-widget-button\" data-id=\"4528118b\" data-element_type=\"widget\" data-e-type=\"widget\" data-widget_type=\"button.default\">\n\t\t\t\t<div class=\"elementor-widget-container\">\n\t\t\t\t\t\t\t\t\t<div class=\"elementor-button-wrapper\">\n\t\t\t\t\t<a class=\"elementor-button elementor-button-link elementor-size-sm\" href=\"#\">\n\t\t\t\t\t\t<span class=\"elementor-button-content-wrapper\">\n\t\t\t\t\t\t\t\t\t<span class=\"elementor-button-text\">Zg\u0142o\u015b uszkodzenie<\/span>\n\t\t\t\t\t<\/span>\n\t\t\t\t\t<\/a>\n\t\t\t\t<\/div>\n\t\t\t\t\t\t\t\t<\/div>\n\t\t\t\t<\/div>\n\t\t\t\t<div class=\"elementor-element elementor-element-2cacdb20 elementor-tablet-align-justify elementor-mobile-align-justify elementor-widget elementor-widget-button\" data-id=\"2cacdb20\" data-element_type=\"widget\" data-e-type=\"widget\" data-widget_type=\"button.default\">\n\t\t\t\t<div class=\"elementor-widget-container\">\n\t\t\t\t\t\t\t\t\t<div class=\"elementor-button-wrapper\">\n\t\t\t\t\t<a class=\"elementor-button elementor-button-link elementor-size-sm\" href=\"https:\/\/caravanrepair.eu\/pl\/dealerzy\/\">\n\t\t\t\t\t\t<span class=\"elementor-button-content-wrapper\">\n\t\t\t\t\t\t\t\t\t<span class=\"elementor-button-text\">Znajd\u017a dealera<\/span>\n\t\t\t\t\t<\/span>\n\t\t\t\t\t<\/a>\n\t\t\t\t<\/div>\n\t\t\t\t\t\t\t\t<\/div>\n\t\t\t\t<\/div>\n\t\t\t\t<\/div>\n\t\t\t\t<\/div>\n\t\t\t\t<\/div>\n\t\t<\/div>\n\t\t\t\t\t\t<\/div>\n\t\t\t\t<\/div>\n\t\t\t\t<\/div>\n\t\t\t\t<\/div>\n\t\t\t\t<\/section>\n\t\t\t\t\t<\/div>\n\t\t\t\t<\/section>\n\t\t\t\t<\/div>","protected":false},"excerpt":{"rendered":"<p>Caravan- en camperschade Breda Caravan- en camperschade herstellen in Breda Caravan- of camperschade in Breda? Meld de schade direct via het formulier. Beschrijf wat er is gebeurd, voeg duidelijke foto\u2019s toe en geef aan waar de schade zichtbaar is. CaravanRepair\u00ae gebruikt die informatie om de melding zorgvuldig te beoordelen en de juiste vervolgstap voor herstel, [&hellip;]<\/p>\n","protected":false},"author":0,"featured_media":0,"parent":0,"menu_order":0,"comment_status":"closed","ping_status":"closed","template":"","meta":{"footnotes":""},"locatiegroep":[1833],"class_list":["post-26729","page","type-page","status-publish","hentry","locatiegroep-nederland-zuid"],"yoast_head":"<!-- This site is optimized with the Yoast SEO Premium plugin v28.4 (Yoast SEO v28.4) - https:\/\/yoast.com\/product\/yoast-seo-premium-wordpress\/ -->\n<title>Caravan- en camperschade Breda | CaravanRepair<\/title>\n<meta name=\"description\" content=\"Caravan- of camperschade in Breda? Vul het schadeformulier in met foto\u2019s. CaravanRepair koppelt uw melding aan een aangesloten dealer in de omgeving.\" \/>\n<meta name=\"robots\" content=\"index, follow, max-snippet:-1, max-image-preview:large, max-video-preview:-1\" \/>\n<link rel=\"canonical\" href=\"https:\/\/caravanrepair.eu\/pl\/naprawa-szkod-przyczep-kempingowych-i-kamperow-breda\/\" \/>\n<meta property=\"og:locale\" content=\"pl_PL\" \/>\n<meta property=\"og:type\" content=\"article\" \/>\n<meta property=\"og:title\" content=\"Caravan- en camperschade in Breda laten beoordelen\" \/>\n<meta property=\"og:description\" content=\"Caravan- of camperschade in Breda? Vul het schadeformulier in met foto\u2019s. CaravanRepair koppelt uw melding aan een aangesloten dealer in de omgeving.\" \/>\n<meta property=\"og:url\" content=\"https:\/\/caravanrepair.eu\/pl\/naprawa-szkod-przyczep-kempingowych-i-kamperow-breda\/\" \/>\n<meta property=\"og:site_name\" content=\"CaravanRepair&reg;\" \/>\n<meta property=\"article:modified_time\" content=\"2026-06-29T12:14:52+00:00\" \/>\n<meta property=\"og:image\" content=\"https:\/\/caravanrepair.eu\/wp-content\/uploads\/2026\/03\/1773148729578-ea6911231ff6f.webp\" \/>\n<meta name=\"twitter:card\" content=\"summary_large_image\" \/>\n<meta name=\"twitter:label1\" content=\"Szacowany czas czytania\" \/>\n\t<meta name=\"twitter:data1\" content=\"7 minut\" \/>\n<script type=\"application\/ld+json\" class=\"yoast-schema-graph\">{\"@context\":\"https:\\\/\\\/schema.org\",\"@graph\":[{\"@type\":\"WebPage\",\"@id\":\"https:\\\/\\\/caravanrepair.eu\\\/caravan-camper-schade-breda\\\/\",\"url\":\"https:\\\/\\\/caravanrepair.eu\\\/caravan-camper-schade-breda\\\/\",\"name\":\"Caravan- en camperschade Breda | CaravanRepair\",\"isPartOf\":{\"@id\":\"https:\\\/\\\/caravanrepair.eu\\\/#website\"},\"primaryImageOfPage\":{\"@id\":\"https:\\\/\\\/caravanrepair.eu\\\/caravan-camper-schade-breda\\\/#primaryimage\"},\"image\":{\"@id\":\"https:\\\/\\\/caravanrepair.eu\\\/caravan-camper-schade-breda\\\/#primaryimage\"},\"thumbnailUrl\":\"https:\\\/\\\/caravanrepair.eu\\\/wp-content\\\/uploads\\\/2026\\\/03\\\/1773148729578-ea6911231ff6f.webp\",\"datePublished\":\"2026-06-03T12:17:52+00:00\",\"dateModified\":\"2026-06-29T12:14:52+00:00\",\"description\":\"Caravan- of camperschade in Breda? Vul het schadeformulier in met foto\u2019s. CaravanRepair koppelt uw melding aan een aangesloten dealer in de omgeving.\",\"breadcrumb\":{\"@id\":\"https:\\\/\\\/caravanrepair.eu\\\/caravan-camper-schade-breda\\\/#breadcrumb\"},\"inLanguage\":\"pl-PL\",\"potentialAction\":[{\"@type\":\"ReadAction\",\"target\":[\"https:\\\/\\\/caravanrepair.eu\\\/caravan-camper-schade-breda\\\/\"]}]},{\"@type\":\"ImageObject\",\"inLanguage\":\"pl-PL\",\"@id\":\"https:\\\/\\\/caravanrepair.eu\\\/caravan-camper-schade-breda\\\/#primaryimage\",\"url\":\"https:\\\/\\\/caravanrepair.eu\\\/wp-content\\\/uploads\\\/2026\\\/03\\\/1773148729578-ea6911231ff6f.webp\",\"contentUrl\":\"https:\\\/\\\/caravanrepair.eu\\\/wp-content\\\/uploads\\\/2026\\\/03\\\/1773148729578-ea6911231ff6f.webp\"},{\"@type\":\"BreadcrumbList\",\"@id\":\"https:\\\/\\\/caravanrepair.eu\\\/caravan-camper-schade-breda\\\/#breadcrumb\",\"itemListElement\":[{\"@type\":\"ListItem\",\"position\":1,\"name\":\"Home\",\"item\":\"https:\\\/\\\/caravanrepair.eu\\\/\"},{\"@type\":\"ListItem\",\"position\":2,\"name\":\"Caravan- en camperschade in Breda laten beoordelen\"}]},{\"@type\":\"WebSite\",\"@id\":\"https:\\\/\\\/caravanrepair.eu\\\/#website\",\"url\":\"https:\\\/\\\/caravanrepair.eu\\\/\",\"name\":\"CaravanRepair\u00ae\",\"description\":\"Professioneel schadeherstel voor caravan en camper\",\"publisher\":{\"@id\":\"https:\\\/\\\/caravanrepair.eu\\\/#organization\"},\"potentialAction\":[{\"@type\":\"SearchAction\",\"target\":{\"@type\":\"EntryPoint\",\"urlTemplate\":\"https:\\\/\\\/caravanrepair.eu\\\/?s={search_term_string}\"},\"query-input\":{\"@type\":\"PropertyValueSpecification\",\"valueRequired\":true,\"valueName\":\"search_term_string\"}}],\"inLanguage\":\"pl-PL\"},{\"@type\":\"Organization\",\"@id\":\"https:\\\/\\\/caravanrepair.eu\\\/#organization\",\"name\":\"CaravanRepair\u00ae\",\"url\":\"https:\\\/\\\/caravanrepair.eu\\\/\",\"logo\":{\"@type\":\"ImageObject\",\"inLanguage\":\"pl-PL\",\"@id\":\"https:\\\/\\\/caravanrepair.eu\\\/#\\\/schema\\\/logo\\\/image\\\/\",\"url\":\"https:\\\/\\\/caravanrepair.eu\\\/wp-content\\\/uploads\\\/2019\\\/01\\\/logo-caravanrepair.png\",\"contentUrl\":\"https:\\\/\\\/caravanrepair.eu\\\/wp-content\\\/uploads\\\/2019\\\/01\\\/logo-caravanrepair.png\",\"width\":353,\"height\":150,\"caption\":\"CaravanRepair\u00ae\"},\"image\":{\"@id\":\"https:\\\/\\\/caravanrepair.eu\\\/#\\\/schema\\\/logo\\\/image\\\/\"}}]}<\/script>\n<!-- \/ Yoast SEO Premium plugin. -->","yoast_head_json":{"title":"Uszkodzenia przyczep i kamper\u00f3w Breda | CaravanRepair","description":"Uszkodzenie przyczepy lub kampera w Breda? Wype\u0142nij formularz zg\u0142oszenia szkody z zdj\u0119ciami. CaravanRepair po\u0142\u0105czy Twoje zg\u0142oszenie z autoryzowanym dealerem w okolicy.","robots":{"index":"index","follow":"follow","max-snippet":"max-snippet:-1","max-image-preview":"max-image-preview:large","max-video-preview":"max-video-preview:-1"},"canonical":"https:\/\/caravanrepair.eu\/pl\/naprawa-szkod-przyczep-kempingowych-i-kamperow-breda\/","og_locale":"pl_PL","og_type":"article","og_title":"Caravan- en camperschade in Breda laten beoordelen","og_description":"Caravan- of camperschade in Breda? Vul het schadeformulier in met foto\u2019s. CaravanRepair koppelt uw melding aan een aangesloten dealer in de omgeving.","og_url":"https:\/\/caravanrepair.eu\/pl\/naprawa-szkod-przyczep-kempingowych-i-kamperow-breda\/","og_site_name":"CaravanRepair&reg;","article_modified_time":"2026-06-29T12:14:52+00:00","og_image":[{"url":"https:\/\/caravanrepair.eu\/wp-content\/uploads\/2026\/03\/1773148729578-ea6911231ff6f.webp","type":"","width":"","height":""}],"twitter_card":"summary_large_image","twitter_misc":{"Szacowany czas czytania":"7 minut"},"schema":{"@context":"https:\/\/schema.org","@graph":[{"@type":"WebPage","@id":"https:\/\/caravanrepair.eu\/caravan-camper-schade-breda\/","url":"https:\/\/caravanrepair.eu\/caravan-camper-schade-breda\/","name":"Uszkodzenia przyczep i kamper\u00f3w Breda | CaravanRepair","isPartOf":{"@id":"https:\/\/caravanrepair.eu\/#website"},"primaryImageOfPage":{"@id":"https:\/\/caravanrepair.eu\/caravan-camper-schade-breda\/#primaryimage"},"image":{"@id":"https:\/\/caravanrepair.eu\/caravan-camper-schade-breda\/#primaryimage"},"thumbnailUrl":"https:\/\/caravanrepair.eu\/wp-content\/uploads\/2026\/03\/1773148729578-ea6911231ff6f.webp","datePublished":"2026-06-03T12:17:52+00:00","dateModified":"2026-06-29T12:14:52+00:00","description":"Uszkodzenie przyczepy lub kampera w Breda? Wype\u0142nij formularz zg\u0142oszenia szkody z zdj\u0119ciami. CaravanRepair po\u0142\u0105czy Twoje zg\u0142oszenie z autoryzowanym dealerem w okolicy.","breadcrumb":{"@id":"https:\/\/caravanrepair.eu\/caravan-camper-schade-breda\/#breadcrumb"},"inLanguage":"pl-PL","potentialAction":[{"@type":"ReadAction","target":["https:\/\/caravanrepair.eu\/caravan-camper-schade-breda\/"]}]},{"@type":"ImageObject","inLanguage":"pl-PL","@id":"https:\/\/caravanrepair.eu\/caravan-camper-schade-breda\/#primaryimage","url":"https:\/\/caravanrepair.eu\/wp-content\/uploads\/2026\/03\/1773148729578-ea6911231ff6f.webp","contentUrl":"https:\/\/caravanrepair.eu\/wp-content\/uploads\/2026\/03\/1773148729578-ea6911231ff6f.webp"},{"@type":"BreadcrumbList","@id":"https:\/\/caravanrepair.eu\/caravan-camper-schade-breda\/#breadcrumb","itemListElement":[{"@type":"ListItem","position":1,"name":"Home","item":"https:\/\/caravanrepair.eu\/"},{"@type":"ListItem","position":2,"name":"Caravan- en camperschade in Breda laten beoordelen"}]},{"@type":"WebSite","@id":"https:\/\/caravanrepair.eu\/#website","url":"https:\/\/caravanrepair.eu\/","name":"CaravanRepair\u00ae","description":"Profesjonalna naprawa uszkodze\u0144 przyczep kempingowych i kamper\u00f3w","publisher":{"@id":"https:\/\/caravanrepair.eu\/#organization"},"potentialAction":[{"@type":"SearchAction","target":{"@type":"EntryPoint","urlTemplate":"https:\/\/caravanrepair.eu\/?s={search_term_string}"},"query-input":{"@type":"PropertyValueSpecification","valueRequired":true,"valueName":"search_term_string"}}],"inLanguage":"pl-PL"},{"@type":"Organization","@id":"https:\/\/caravanrepair.eu\/#organization","name":"CaravanRepair\u00ae","url":"https:\/\/caravanrepair.eu\/","logo":{"@type":"ImageObject","inLanguage":"pl-PL","@id":"https:\/\/caravanrepair.eu\/#\/schema\/logo\/image\/","url":"https:\/\/caravanrepair.eu\/wp-content\/uploads\/2019\/01\/logo-caravanrepair.png","contentUrl":"https:\/\/caravanrepair.eu\/wp-content\/uploads\/2019\/01\/logo-caravanrepair.png","width":353,"height":150,"caption":"CaravanRepair\u00ae"},"image":{"@id":"https:\/\/caravanrepair.eu\/#\/schema\/logo\/image\/"}}]}},"_links":{"self":[{"href":"https:\/\/caravanrepair.eu\/pl\/wp-json\/wp\/v2\/pages\/26729","targetHints":{"allow":["GET"]}}],"collection":[{"href":"https:\/\/caravanrepair.eu\/pl\/wp-json\/wp\/v2\/pages"}],"about":[{"href":"https:\/\/caravanrepair.eu\/pl\/wp-json\/wp\/v2\/types\/page"}],"replies":[{"embeddable":true,"href":"https:\/\/caravanrepair.eu\/pl\/wp-json\/wp\/v2\/comments?post=26729"}],"version-history":[{"count":6,"href":"https:\/\/caravanrepair.eu\/pl\/wp-json\/wp\/v2\/pages\/26729\/revisions"}],"predecessor-version":[{"id":27941,"href":"https:\/\/caravanrepair.eu\/pl\/wp-json\/wp\/v2\/pages\/26729\/revisions\/27941"}],"wp:attachment":[{"href":"https:\/\/caravanrepair.eu\/pl\/wp-json\/wp\/v2\/media?parent=26729"}],"wp:term":[{"taxonomy":"locatiegroep","embeddable":true,"href":"https:\/\/caravanrepair.eu\/pl\/wp-json\/wp\/v2\/locatiegroep?post=26729"}],"curies":[{"name":"wp","href":"https:\/\/api.w.org\/{rel}","templated":true}]}}